{"id":7718,"date":"2024-04-17T11:35:01","date_gmt":"2024-04-17T09:35:01","guid":{"rendered":"https:\/\/www.sukain.be\/secondaire\/?page_id=7718"},"modified":"2026-02-10T14:35:34","modified_gmt":"2026-02-10T12:35:34","slug":"qualification-a-m-d-p-s-4e-5e-et-6e","status":"publish","type":"page","link":"https:\/\/www.sukain.be\/secondaire\/qualification-a-m-d-p-s-4e-5e-et-6e\/","title":{"rendered":"Qualification A.M.D.P.S. &#8211; 4e, 5e et 6e"},"content":{"rendered":"\t\t<div data-elementor-type=\"wp-page\" data-elementor-id=\"7718\" class=\"elementor elementor-7718\">\n\t\t\t\t\t\t\t\t\t<section class=\"elementor-section elementor-top-section elementor-element elementor-element-3ce62cef elementor-section-boxed elementor-section-height-default elementor-section-height-default\" data-id=\"3ce62cef\" data-element_type=\"section\">\n\t\t\t\t\t\t<div class=\"elementor-container elementor-column-gap-default\">\n\t\t\t\t\t<div class=\"elementor-column elementor-col-100 elementor-top-column elementor-element elementor-element-21064a2e\" data-id=\"21064a2e\" data-element_type=\"column\">\n\t\t\t<div class=\"elementor-widget-wrap elementor-element-populated\">\n\t\t\t\t\t\t\t\t<div class=\"elementor-element elementor-element-4d9a394b elementor-widget elementor-widget-text-editor\" data-id=\"4d9a394b\" data-element_type=\"widget\" data-widget_type=\"text-editor.default\">\n\t\t\t\t<div class=\"elementor-widget-container\">\n\t\t\t\t\t\t\t<!-- wp:verse -->\n<pre class=\"wp-block-verse\">A.M.D.P.S. : Aspirants aux M\u00e9tiers de la D\u00e9fense, de la Pr\u00e9vention et de la S\u00e9curit\u00e9<\/pre>\n<!-- \/wp:verse -->\n\n<!-- wp:paragraph -->\n<p><strong>Notre organisme de formation est agr\u00e9\u00e9 et autoris\u00e9 par Arr\u00eat\u00e9 Royal du 16 avril 2024.<\/strong><\/p>\n<!-- \/wp:paragraph -->\n\n<!-- wp:heading -->\n<h2 class=\"wp-block-heading\"><strong>Description<\/strong><\/h2>\n<!-- \/wp:heading -->\n\n<!-- wp:paragraph -->\n<p>Compte tenu des de\u0301bouche\u0301s, les 3 anne\u0301es du parcours AMDPS proposent aux \u00e9l\u00e8ves une solide formation institutionnelle et juridique d\u2019un point de vue the\u0301orique mais e\u0301galement une pre\u0301paration physique pousse\u0301e.<\/p>\n<!-- \/wp:paragraph -->\n\n<!-- wp:paragraph -->\n<p><br>Plusieurs sorties extra-scolaires seront pr\u00e9vues : visites d\u2019institution, rencontres professionnelles, camps de formation\u2026 Les apprentissages et excursions permettront \u00e0 l\u2019\u00e9l\u00e8ve une d\u00e9couverte du monde de la s\u00e9curit\u00e9 et sa future place dans celui-ci. Cette formation exigeante montre de meilleurs taux de r\u00e9ussite dans les diff\u00e9rentes \u00e9preuves r\u00e9alis\u00e9es dans les institutions de la s\u00e9curit\u00e9.<\/p>\n<!-- \/wp:paragraph -->\n\n<!-- wp:heading -->\n<h2 class=\"wp-block-heading\">Conditions l\u00e9gales &amp; cumulatives<\/h2>\n<!-- \/wp:heading -->\n\n<!-- wp:paragraph -->\n<p>\u2666 Casier judiciaire vierge<br>\u2666 \u00catre belge ou ressortissant Espace \u00c9conomique europ\u00e9en ou Suisse<br>\u2666 Pr\u00e9senter un certificat m\u00e9dical d\u2019aptitudes<\/p>\n<!-- \/wp:paragraph -->\n\n<!-- wp:paragraph -->\n<p><\/p>\n<!-- \/wp:paragraph -->\n\n<!-- wp:heading -->\n<h2 class=\"wp-block-heading\"><strong>Profil<\/strong><\/h2>\n<!-- \/wp:heading -->\n\n<!-- wp:media-text {\"align\":\"wide\",\"mediaPosition\":\"right\",\"mediaId\":7721,\"mediaLink\":\"https:\/\/www.sukain.be\/secondaire\/bodyworn-794099\/\",\"mediaType\":\"image\",\"mediaWidth\":51} -->\n<div class=\"wp-block-media-text alignwide has-media-on-the-right is-stacked-on-mobile\" style=\"grid-template-columns:auto 51%\"><div class=\"wp-block-media-text__content\"><!-- wp:list -->\n<ul id=\"block-00db966c-176a-4f5a-834e-0b2eb3b7fbf8\"><!-- wp:list-item -->\n<li>Respect, politesse et rigueur<\/li>\n<!-- \/wp:list-item -->\n\n<!-- wp:list-item -->\n<li>Int\u00e9grit\u00e9<\/li>\n<!-- \/wp:list-item -->\n\n<!-- wp:list-item -->\n<li>Loyaut\u00e9<\/li>\n<!-- \/wp:list-item -->\n\n<!-- wp:list-item -->\n<li>Exemplarit\u00e9<\/li>\n<!-- \/wp:list-item -->\n\n<!-- wp:list-item -->\n<li>Aptitudes physiques<\/li>\n<!-- \/wp:list-item -->\n\n<!-- wp:list-item -->\n<li>Gestion du stress<\/li>\n<!-- \/wp:list-item --><\/ul>\n<!-- \/wp:list -->\n\n<!-- wp:paragraph -->\n<p><\/p>\n<!-- \/wp:paragraph --><\/div><figure class=\"wp-block-media-text__media\"><img loading=\"lazy\" decoding=\"async\" width=\"1024\" height=\"683\" src=\"https:\/\/www.sukain.be\/secondaire\/wp-content\/uploads\/2024\/04\/bodyworn-794099-1024x683.jpg\" alt=\"\" class=\"wp-image-7721 size-full\" srcset=\"https:\/\/www.sukain.be\/secondaire\/wp-content\/uploads\/2024\/04\/bodyworn-794099-1024x683.jpg 1024w, https:\/\/www.sukain.be\/secondaire\/wp-content\/uploads\/2024\/04\/bodyworn-794099-300x200.jpg 300w, https:\/\/www.sukain.be\/secondaire\/wp-content\/uploads\/2024\/04\/bodyworn-794099-768x512.jpg 768w, https:\/\/www.sukain.be\/secondaire\/wp-content\/uploads\/2024\/04\/bodyworn-794099-1536x1024.jpg 1536w, https:\/\/www.sukain.be\/secondaire\/wp-content\/uploads\/2024\/04\/bodyworn-794099-2048x1365.jpg 2048w\" sizes=\"(max-width: 1024px) 100vw, 1024px\" \/><\/figure><\/div>\n<!-- \/wp:media-text -->\n\n<!-- wp:heading -->\n<h2 class=\"wp-block-heading\">La grille de l&rsquo;option<\/h2>\n<!-- \/wp:heading -->\n\n<!-- wp:table {\"className\":\"is-style-stripes\"} -->\n<figure class=\"wp-block-table is-style-stripes\"><table><tbody><tr><td><\/td><td class=\"has-text-align-center\" data-align=\"center\"><strong>4e<\/strong><\/td><td class=\"has-text-align-center\" data-align=\"center\"><strong>5e<\/strong><\/td><\/tr><tr><td><strong>Formation Commune<\/strong><\/td><td class=\"has-text-align-center\" data-align=\"center\"><\/td><td class=\"has-text-align-center\" data-align=\"center\"><\/td><\/tr><tr><td>Education physique<\/td><td class=\"has-text-align-center\" data-align=\"center\">2<\/td><td class=\"has-text-align-center\" data-align=\"center\">2<\/td><\/tr><tr><td>Formation historique et g\u00e9ographique<\/td><td class=\"has-text-align-center\" data-align=\"center\">2<\/td><td class=\"has-text-align-center\" data-align=\"center\">2<\/td><\/tr><tr><td>Formation Sociale et \u00c9conomique<\/td><td class=\"has-text-align-center\" data-align=\"center\">2<\/td><td class=\"has-text-align-center\" data-align=\"center\">2<\/td><\/tr><tr><td>Religion catholique<\/td><td class=\"has-text-align-center\" data-align=\"center\">2<\/td><td class=\"has-text-align-center\" data-align=\"center\">2<\/td><\/tr><tr><td>Fran\u00e7ais<\/td><td class=\"has-text-align-center\" data-align=\"center\">4<\/td><td class=\"has-text-align-center\" data-align=\"center\">4<\/td><\/tr><tr><td>Formation scientifique<\/td><td class=\"has-text-align-center\" data-align=\"center\">2<\/td><td class=\"has-text-align-center\" data-align=\"center\">2<\/td><\/tr><tr><td>Langue moderne 1 (anglais)<\/td><td class=\"has-text-align-center\" data-align=\"center\">3<\/td><td class=\"has-text-align-center\" data-align=\"center\">2<\/td><\/tr><tr><td>Math\u00e9matiques<\/td><td class=\"has-text-align-center\" data-align=\"center\">2<\/td><td class=\"has-text-align-center\" data-align=\"center\">2<\/td><\/tr><tr><td><strong>Cours de l&rsquo;option<\/strong><\/td><td class=\"has-text-align-center\" data-align=\"center\"><\/td><td class=\"has-text-align-center\" data-align=\"center\"><\/td><\/tr><tr><td>Technologie des m\u00e9tiers<\/td><td class=\"has-text-align-center\" data-align=\"center\">4<\/td><td class=\"has-text-align-center\" data-align=\"center\">7<\/td><\/tr><tr><td>Institutions, histoire de Belgique<\/td><td class=\"has-text-align-center\" data-align=\"center\">2<\/td><td class=\"has-text-align-center\" data-align=\"center\">2<\/td><\/tr><tr><td>Psychologie<\/td><td class=\"has-text-align-center\" data-align=\"center\">2<\/td><td class=\"has-text-align-center\" data-align=\"center\">1<\/td><\/tr><tr><td>Langue (n\u00e9erlandais)<\/td><td class=\"has-text-align-center\" data-align=\"center\">2<\/td><td class=\"has-text-align-center\" data-align=\"center\">2<\/td><\/tr><tr><td>\u00c9ducation physique appliqu\u00e9e<\/td><td class=\"has-text-align-center\" data-align=\"center\">4<\/td><td class=\"has-text-align-center\" data-align=\"center\">3<\/td><\/tr><tr><td>Technologie de l\u2019informatique<\/td><td class=\"has-text-align-center\" data-align=\"center\">2<\/td><td class=\"has-text-align-center\" data-align=\"center\">1<\/td><\/tr><tr><td>Communication<\/td><td class=\"has-text-align-center\" data-align=\"center\"><\/td><td class=\"has-text-align-center\" data-align=\"center\">2<\/td><\/tr><tr><td><\/td><td class=\"has-text-align-center\" data-align=\"center\"><strong>33<\/strong><\/td><td class=\"has-text-align-center\" data-align=\"center\"><strong>36<\/strong><\/td><\/tr><\/tbody><\/table><\/figure>\n<!-- \/wp:table -->\n\n<div style=\"text-align: center;\"><a class=\"like-elementor-bt\" href=\"https:\/\/www.sukain.be\/secondaire\/nos-formations\/\">Retourner vers les offres d&rsquo;enseignement<\/a><\/div>\t\t\t\t\t\t<\/div>\n\t\t\t\t<\/div>\n\t\t\t\t\t<\/div>\n\t\t<\/div>\n\t\t\t\t\t\t\t<\/div>\n\t\t<\/section>\n\t\t\t\t<section class=\"elementor-section elementor-top-section elementor-element elementor-element-fb53226 elementor-section-boxed elementor-section-height-default elementor-section-height-default\" data-id=\"fb53226\" data-element_type=\"section\">\n\t\t\t\t\t\t<div class=\"elementor-container elementor-column-gap-default\">\n\t\t\t\t\t<div class=\"elementor-column elementor-col-100 elementor-top-column elementor-element elementor-element-8204ddf\" data-id=\"8204ddf\" data-element_type=\"column\">\n\t\t\t<div class=\"elementor-widget-wrap elementor-element-populated\">\n\t\t\t\t\t\t\t\t<div class=\"elementor-element elementor-element-c79d8d4 elementor-align-center elementor-widget elementor-widget-button\" data-id=\"c79d8d4\" data-element_type=\"widget\" data-widget_type=\"button.default\">\n\t\t\t\t<div class=\"elementor-widget-container\">\n\t\t\t\t\t<div class=\"elementor-button-wrapper\">\n\t\t\t<a href=\"https:\/\/drive.google.com\/file\/d\/1fgGbMy2nTL09TkgN-yhfMDr0Ngp3QUw7\/view?usp=drive_link\" target=\"_blank\" class=\"elementor-button-link elementor-button elementor-size-sm\" role=\"button\">\n\t\t\t\t\t\t<span class=\"elementor-button-content-wrapper\">\n\t\t\t\t\t\t\t<span class=\"elementor-button-icon elementor-align-icon-left\">\n\t\t\t\t<i aria-hidden=\"true\" class=\"fas fa-file-pdf\"><\/i>\t\t\t<\/span>\n\t\t\t\t\t\t<span class=\"elementor-button-text\">T\u00e9l\u00e9charger le fascicule de pr\u00e9sentation<\/span>\n\t\t<\/span>\n\t\t\t\t\t<\/a>\n\t\t<\/div>\n\t\t\t\t<\/div>\n\t\t\t\t<\/div>\n\t\t\t\t\t<\/div>\n\t\t<\/div>\n\t\t\t\t\t\t\t<\/div>\n\t\t<\/section>\n\t\t\t\t\t\t\t<\/div>\n\t\t","protected":false},"excerpt":{"rendered":"<p>A.M.D.P.S. : Aspirants aux M\u00e9tiers de la D\u00e9fense, de la Pr\u00e9vention et de la S\u00e9curit\u00e9 Notre organisme de formation est agr\u00e9\u00e9 et autoris\u00e9 par Arr\u00eat\u00e9 Royal du 16 avril 2024. Description Compte tenu des de\u0301bouche\u0301s, les 3 anne\u0301es du parcours<\/p>\n","protected":false},"author":93,"featured_media":0,"parent":0,"menu_order":0,"comment_status":"closed","ping_status":"closed","template":"","meta":{"footnotes":""},"folder":[],"yoast_head":"<!-- This site is optimized with the Yoast SEO plugin v20.0 - https:\/\/yoast.com\/wordpress\/plugins\/seo\/ -->\n<title>Qualification A.M.D.P.S. - 4e, 5e et 6e - \u00c9cole secondaire de la Sainte-Union de Kain (Tournai)<\/title>\n<meta name=\"robots\" content=\"index, follow, max-snippet:-1, max-image-preview:large, max-video-preview:-1\" \/>\n<link rel=\"canonical\" href=\"https:\/\/www.sukain.be\/secondaire\/qualification-a-m-d-p-s-4e-5e-et-6e\/\" \/>\n<meta property=\"og:locale\" content=\"fr_FR\" \/>\n<meta property=\"og:type\" content=\"article\" \/>\n<meta property=\"og:title\" content=\"Qualification A.M.D.P.S. - 4e, 5e et 6e - \u00c9cole secondaire de la Sainte-Union de Kain (Tournai)\" \/>\n<meta property=\"og:description\" content=\"A.M.D.P.S. : Aspirants aux M\u00e9tiers de la D\u00e9fense, de la Pr\u00e9vention et de la S\u00e9curit\u00e9 Notre organisme de formation est agr\u00e9\u00e9 et autoris\u00e9 par Arr\u00eat\u00e9 Royal du 16 avril 2024. Description Compte tenu des de\u0301bouche\u0301s, les 3 anne\u0301es du parcours\" \/>\n<meta property=\"og:url\" content=\"https:\/\/www.sukain.be\/secondaire\/qualification-a-m-d-p-s-4e-5e-et-6e\/\" \/>\n<meta property=\"og:site_name\" content=\"\u00c9cole secondaire de la Sainte-Union de Kain (Tournai)\" \/>\n<meta property=\"article:modified_time\" content=\"2026-02-10T12:35:34+00:00\" \/>\n<meta property=\"og:image\" content=\"https:\/\/www.sukain.be\/secondaire\/wp-content\/uploads\/2024\/04\/bodyworn-794099-1024x683.jpg\" \/>\n<meta name=\"twitter:label1\" content=\"Dur\u00e9e de lecture estim\u00e9e\" \/>\n\t<meta name=\"twitter:data1\" content=\"7 minutes\" \/>\n<script type=\"application\/ld+json\" class=\"yoast-schema-graph\">{\"@context\":\"https:\/\/schema.org\",\"@graph\":[{\"@type\":\"WebPage\",\"@id\":\"https:\/\/www.sukain.be\/secondaire\/qualification-a-m-d-p-s-4e-5e-et-6e\/\",\"url\":\"https:\/\/www.sukain.be\/secondaire\/qualification-a-m-d-p-s-4e-5e-et-6e\/\",\"name\":\"Qualification A.M.D.P.S. - 4e, 5e et 6e - \u00c9cole secondaire de la Sainte-Union de Kain (Tournai)\",\"isPartOf\":{\"@id\":\"https:\/\/www.sukain.be\/secondaire\/#website\"},\"datePublished\":\"2024-04-17T09:35:01+00:00\",\"dateModified\":\"2026-02-10T12:35:34+00:00\",\"breadcrumb\":{\"@id\":\"https:\/\/www.sukain.be\/secondaire\/qualification-a-m-d-p-s-4e-5e-et-6e\/#breadcrumb\"},\"inLanguage\":\"fr-FR\",\"potentialAction\":[{\"@type\":\"ReadAction\",\"target\":[\"https:\/\/www.sukain.be\/secondaire\/qualification-a-m-d-p-s-4e-5e-et-6e\/\"]}]},{\"@type\":\"BreadcrumbList\",\"@id\":\"https:\/\/www.sukain.be\/secondaire\/qualification-a-m-d-p-s-4e-5e-et-6e\/#breadcrumb\",\"itemListElement\":[{\"@type\":\"ListItem\",\"position\":1,\"name\":\"Accueil\",\"item\":\"https:\/\/www.sukain.be\/secondaire\/\"},{\"@type\":\"ListItem\",\"position\":2,\"name\":\"Qualification A.M.D.P.S. &#8211; 4e, 5e et 6e\"}]},{\"@type\":\"WebSite\",\"@id\":\"https:\/\/www.sukain.be\/secondaire\/#website\",\"url\":\"https:\/\/www.sukain.be\/secondaire\/\",\"name\":\"\u00c9cole secondaire de la Sainte-Union de Kain (Tournai)\",\"description\":\"Ton avenir entre tes mains\",\"potentialAction\":[{\"@type\":\"SearchAction\",\"target\":{\"@type\":\"EntryPoint\",\"urlTemplate\":\"https:\/\/www.sukain.be\/secondaire\/?s={search_term_string}\"},\"query-input\":\"required name=search_term_string\"}],\"inLanguage\":\"fr-FR\"}]}<\/script>\n<!-- \/ Yoast SEO plugin. -->","yoast_head_json":{"title":"Qualification A.M.D.P.S. - 4e, 5e et 6e - \u00c9cole secondaire de la Sainte-Union de Kain (Tournai)","robots":{"index":"index","follow":"follow","max-snippet":"max-snippet:-1","max-image-preview":"max-image-preview:large","max-video-preview":"max-video-preview:-1"},"canonical":"https:\/\/www.sukain.be\/secondaire\/qualification-a-m-d-p-s-4e-5e-et-6e\/","og_locale":"fr_FR","og_type":"article","og_title":"Qualification A.M.D.P.S. - 4e, 5e et 6e - \u00c9cole secondaire de la Sainte-Union de Kain (Tournai)","og_description":"A.M.D.P.S. : Aspirants aux M\u00e9tiers de la D\u00e9fense, de la Pr\u00e9vention et de la S\u00e9curit\u00e9 Notre organisme de formation est agr\u00e9\u00e9 et autoris\u00e9 par Arr\u00eat\u00e9 Royal du 16 avril 2024. Description Compte tenu des de\u0301bouche\u0301s, les 3 anne\u0301es du parcours","og_url":"https:\/\/www.sukain.be\/secondaire\/qualification-a-m-d-p-s-4e-5e-et-6e\/","og_site_name":"\u00c9cole secondaire de la Sainte-Union de Kain (Tournai)","article_modified_time":"2026-02-10T12:35:34+00:00","og_image":[{"url":"https:\/\/www.sukain.be\/secondaire\/wp-content\/uploads\/2024\/04\/bodyworn-794099-1024x683.jpg"}],"twitter_misc":{"Dur\u00e9e de lecture estim\u00e9e":"7 minutes"},"schema":{"@context":"https:\/\/schema.org","@graph":[{"@type":"WebPage","@id":"https:\/\/www.sukain.be\/secondaire\/qualification-a-m-d-p-s-4e-5e-et-6e\/","url":"https:\/\/www.sukain.be\/secondaire\/qualification-a-m-d-p-s-4e-5e-et-6e\/","name":"Qualification A.M.D.P.S. - 4e, 5e et 6e - \u00c9cole secondaire de la Sainte-Union de Kain (Tournai)","isPartOf":{"@id":"https:\/\/www.sukain.be\/secondaire\/#website"},"datePublished":"2024-04-17T09:35:01+00:00","dateModified":"2026-02-10T12:35:34+00:00","breadcrumb":{"@id":"https:\/\/www.sukain.be\/secondaire\/qualification-a-m-d-p-s-4e-5e-et-6e\/#breadcrumb"},"inLanguage":"fr-FR","potentialAction":[{"@type":"ReadAction","target":["https:\/\/www.sukain.be\/secondaire\/qualification-a-m-d-p-s-4e-5e-et-6e\/"]}]},{"@type":"BreadcrumbList","@id":"https:\/\/www.sukain.be\/secondaire\/qualification-a-m-d-p-s-4e-5e-et-6e\/#breadcrumb","itemListElement":[{"@type":"ListItem","position":1,"name":"Accueil","item":"https:\/\/www.sukain.be\/secondaire\/"},{"@type":"ListItem","position":2,"name":"Qualification A.M.D.P.S. &#8211; 4e, 5e et 6e"}]},{"@type":"WebSite","@id":"https:\/\/www.sukain.be\/secondaire\/#website","url":"https:\/\/www.sukain.be\/secondaire\/","name":"\u00c9cole secondaire de la Sainte-Union de Kain (Tournai)","description":"Ton avenir entre tes mains","potentialAction":[{"@type":"SearchAction","target":{"@type":"EntryPoint","urlTemplate":"https:\/\/www.sukain.be\/secondaire\/?s={search_term_string}"},"query-input":"required name=search_term_string"}],"inLanguage":"fr-FR"}]}},"_links":{"self":[{"href":"https:\/\/www.sukain.be\/secondaire\/wp-json\/wp\/v2\/pages\/7718"}],"collection":[{"href":"https:\/\/www.sukain.be\/secondaire\/wp-json\/wp\/v2\/pages"}],"about":[{"href":"https:\/\/www.sukain.be\/secondaire\/wp-json\/wp\/v2\/types\/page"}],"author":[{"embeddable":true,"href":"https:\/\/www.sukain.be\/secondaire\/wp-json\/wp\/v2\/users\/93"}],"replies":[{"embeddable":true,"href":"https:\/\/www.sukain.be\/secondaire\/wp-json\/wp\/v2\/comments?post=7718"}],"version-history":[{"count":16,"href":"https:\/\/www.sukain.be\/secondaire\/wp-json\/wp\/v2\/pages\/7718\/revisions"}],"predecessor-version":[{"id":8690,"href":"https:\/\/www.sukain.be\/secondaire\/wp-json\/wp\/v2\/pages\/7718\/revisions\/8690"}],"wp:attachment":[{"href":"https:\/\/www.sukain.be\/secondaire\/wp-json\/wp\/v2\/media?parent=7718"}],"wp:term":[{"taxonomy":"folder","embeddable":true,"href":"https:\/\/www.sukain.be\/secondaire\/wp-json\/wp\/v2\/folder?post=7718"}],"curies":[{"name":"wp","href":"https:\/\/api.w.org\/{rel}","templated":true}]}}