{"id":7256,"date":"2022-06-23T10:25:07","date_gmt":"2022-06-23T08:25:07","guid":{"rendered":"https:\/\/www.sukain.be\/secondaire\/?page_id=7256"},"modified":"2026-02-10T14:31:41","modified_gmt":"2026-02-10T12:31:41","slug":"transition-option-audiovisuel-5e-et-6e","status":"publish","type":"page","link":"https:\/\/www.sukain.be\/secondaire\/transition-option-audiovisuel-5e-et-6e\/","title":{"rendered":"Transition option audiovisuel &#8211; 5e et 6e"},"content":{"rendered":"\t\t<div data-elementor-type=\"wp-page\" data-elementor-id=\"7256\" class=\"elementor elementor-7256\">\n\t\t\t\t\t\t\t\t\t<section class=\"elementor-section elementor-top-section elementor-element elementor-element-39f7df32 elementor-section-boxed elementor-section-height-default elementor-section-height-default\" data-id=\"39f7df32\" data-element_type=\"section\">\n\t\t\t\t\t\t<div class=\"elementor-container elementor-column-gap-default\">\n\t\t\t\t\t<div class=\"elementor-column elementor-col-100 elementor-top-column elementor-element elementor-element-870062f\" data-id=\"870062f\" data-element_type=\"column\">\n\t\t\t<div class=\"elementor-widget-wrap elementor-element-populated\">\n\t\t\t\t\t\t\t\t<div class=\"elementor-element elementor-element-38040610 elementor-widget elementor-widget-text-editor\" data-id=\"38040610\" data-element_type=\"widget\" data-widget_type=\"text-editor.default\">\n\t\t\t\t<div class=\"elementor-widget-container\">\n\t\t\t\t\t\t\t<!-- wp:verse -->\n<pre class=\"wp-block-verse\">Tu r\u00eaves d\u2019un m\u00e9tier branch\u00e9 aux techniques num\u00e9riques et \u00e0 la communication?\nL'option audiovisuel te pr\u00e9pare au monde de la photographie, la radio, la presse, la t\u00e9l\u00e9vision, le cin\u00e9ma, l\u2019Internet et aux autres domaines li\u00e9s \u00e0 la communication.<\/pre>\n<!-- \/wp:verse -->\n\n<!-- wp:image {\"align\":\"center\",\"id\":7259,\"width\":214,\"height\":212,\"sizeSlug\":\"full\",\"linkDestination\":\"media\"} -->\n<figure class=\"wp-block-image aligncenter size-full is-resized\"><a href=\"https:\/\/www.sukain.be\/secondaire\/wp-content\/uploads\/2022\/06\/Image12-1.jpg\"><img loading=\"lazy\" decoding=\"async\" src=\"https:\/\/www.sukain.be\/secondaire\/wp-content\/uploads\/2022\/06\/Image12-1.jpg\" alt=\"\" class=\"wp-image-7259\" width=\"214\" height=\"212\" srcset=\"https:\/\/www.sukain.be\/secondaire\/wp-content\/uploads\/2022\/06\/Image12-1.jpg 464w, https:\/\/www.sukain.be\/secondaire\/wp-content\/uploads\/2022\/06\/Image12-1-300x297.jpg 300w\" sizes=\"(max-width: 214px) 100vw, 214px\" \/><\/a><\/figure>\n<!-- \/wp:image -->\n\n<!-- wp:heading -->\n<h2>Une option qui mettra en valeur&#8230;<\/h2>\n<!-- \/wp:heading -->\n\n<!-- wp:media-text {\"mediaId\":7257,\"mediaLink\":\"https:\/\/www.sukain.be\/secondaire\/?attachment_id=7257\",\"mediaType\":\"image\",\"mediaWidth\":17} -->\n<div class=\"wp-block-media-text alignwide is-stacked-on-mobile\" style=\"grid-template-columns:17% auto\"><figure class=\"wp-block-media-text__media\"><img loading=\"lazy\" decoding=\"async\" width=\"394\" height=\"395\" src=\"https:\/\/www.sukain.be\/secondaire\/wp-content\/uploads\/2022\/06\/Image11.jpg\" alt=\"\" class=\"wp-image-7257 size-full\" srcset=\"https:\/\/www.sukain.be\/secondaire\/wp-content\/uploads\/2022\/06\/Image11.jpg 394w, https:\/\/www.sukain.be\/secondaire\/wp-content\/uploads\/2022\/06\/Image11-300x300.jpg 300w, https:\/\/www.sukain.be\/secondaire\/wp-content\/uploads\/2022\/06\/Image11-290x290.jpg 290w, https:\/\/www.sukain.be\/secondaire\/wp-content\/uploads\/2022\/06\/Image11-230x230.jpg 230w, https:\/\/www.sukain.be\/secondaire\/wp-content\/uploads\/2022\/06\/Image11-365x365.jpg 365w\" sizes=\"(max-width: 394px) 100vw, 394px\" \/><\/figure><div class=\"wp-block-media-text__content\"><!-- wp:list -->\n<ul id=\"block-86472594-4405-45bd-8b56-87f0ced9ec40\"><li>Ta cr\u00e9ativit\u00e9 et ton imagination<\/li><li>Ton sens de l\u2019esth\u00e9tique<\/li><li>Ton esprit critique et d\u2019analyse<\/li><li>Ton habilet\u00e9 manuelle<\/li><li>Ta capacit\u00e9 d\u2019observation et de communication<\/li><li>Ta curiosit\u00e9<\/li><li>Ta rigueur dans le travail<\/li><li>Ton int\u00e9r\u00eat pour le domaine de l&rsquo;audiovisuel<\/li><\/ul>\n<!-- \/wp:list --><\/div><\/div>\n<!-- \/wp:media-text -->\n\n<!-- wp:heading -->\n<h2>L&rsquo;option audiovisuel concr\u00e8tement&#8230;<\/h2>\n<!-- \/wp:heading -->\n\n<!-- wp:paragraph -->\n<p>Cette formation poursuit un double <strong>objectif<\/strong> : <\/p>\n<!-- \/wp:paragraph -->\n\n<!-- wp:list -->\n<ul><li>l\u2019apprentissage de diff\u00e9rentes techniques de cr\u00e9ation artistique<\/li><li>la ma\u00eetrise des techniques num\u00e9riques.<\/li><\/ul>\n<!-- \/wp:list -->\n\n<!-- wp:paragraph -->\n<p>Le d\u00e9veloppement des connaissances artistiques passe par la&nbsp;conception et la r\u00e9alisation de diff\u00e9rents travaux.&nbsp;Les <strong>cr\u00e9ations <\/strong>et <strong>productions<\/strong> pourront \u00eatre utilis\u00e9es \u00e0 des fins&nbsp;diverses : artistiques, d\u00e9coratives, industrielles, publicitaires et&nbsp;commerciales (messages publicitaires, \u00e9dition, affiches, revues, \u2026).<\/p>\n<!-- \/wp:paragraph -->\n\n<!-- wp:paragraph -->\n<p>Les <strong>cours<\/strong> associent le travail manuel et num\u00e9rique en utilisant les nouvelles technologies de la communication,&nbsp;concr\u00e8tement, tu auras l\u2019opportunit\u00e9<\/p>\n<!-- \/wp:paragraph -->\n\n<!-- wp:list -->\n<ul><li>de <strong>manipuler<\/strong> des outils de cr\u00e9ation audiovisuelle<\/li><li>de <strong>d\u00e9coder <\/strong>le langage artistique<\/li><li>d\u2019<strong>exprimer<\/strong> ton propre point de vue<\/li><li>de <strong>r\u00e9aliser<\/strong> des productions en r\u00e9ajustant ton travail \u00e0 travers les \u00e9valuations et les auto-\u00e9valuations<\/li><li>de <strong>cr\u00e9er <\/strong>des id\u00e9es neuves au contact d\u2019autres partenaires.<\/li><\/ul>\n<!-- \/wp:list -->\n\n<!-- wp:gallery {\"linkTo\":\"file\"} -->\n<figure class=\"wp-block-gallery has-nested-images columns-default is-cropped\"><!-- wp:image {\"id\":7261,\"sizeSlug\":\"large\",\"linkDestination\":\"media\"} -->\n<figure class=\"wp-block-image size-large\"><a href=\"https:\/\/www.sukain.be\/secondaire\/wp-content\/uploads\/2022\/06\/Image15.jpg\"><img loading=\"lazy\" decoding=\"async\" width=\"353\" height=\"236\" src=\"https:\/\/www.sukain.be\/secondaire\/wp-content\/uploads\/2022\/06\/Image15.jpg\" alt=\"\" class=\"wp-image-7261\" srcset=\"https:\/\/www.sukain.be\/secondaire\/wp-content\/uploads\/2022\/06\/Image15.jpg 353w, https:\/\/www.sukain.be\/secondaire\/wp-content\/uploads\/2022\/06\/Image15-300x201.jpg 300w\" sizes=\"(max-width: 353px) 100vw, 353px\" \/><\/a><\/figure>\n<!-- \/wp:image -->\n\n<!-- wp:image {\"id\":7260,\"sizeSlug\":\"large\",\"linkDestination\":\"media\"} -->\n<figure class=\"wp-block-image size-large\"><a href=\"https:\/\/www.sukain.be\/secondaire\/wp-content\/uploads\/2022\/06\/Image16.jpg\"><img loading=\"lazy\" decoding=\"async\" width=\"425\" height=\"294\" src=\"https:\/\/www.sukain.be\/secondaire\/wp-content\/uploads\/2022\/06\/Image16.jpg\" alt=\"\" class=\"wp-image-7260\" srcset=\"https:\/\/www.sukain.be\/secondaire\/wp-content\/uploads\/2022\/06\/Image16.jpg 425w, https:\/\/www.sukain.be\/secondaire\/wp-content\/uploads\/2022\/06\/Image16-300x208.jpg 300w\" sizes=\"(max-width: 425px) 100vw, 425px\" \/><\/a><\/figure>\n<!-- \/wp:image --><\/figure>\n<!-- \/wp:gallery -->\n\n<!-- wp:heading -->\n<h2>Les cours de l&rsquo;option<\/h2>\n<!-- \/wp:heading -->\n\n<!-- wp:heading {\"level\":3} -->\n<h3><strong>Histoire de l\u2019art\u2014analyse esth\u00e9tique<\/strong> (2 p\u00e9riodes\/semaine)<\/h3>\n<!-- \/wp:heading -->\n\n<!-- wp:paragraph -->\n<p>Ce cours offre une vision globale de l\u2019art occidental des origines \u00e0 nos jours et une ouverture sur l\u2019art d\u2019autres civilisations. Il sensibilise \u00e0 l\u2019image et donne des cl\u00e9s pour la d\u00e9coder :<\/p>\n<!-- \/wp:paragraph -->\n\n<!-- wp:list -->\n<ul><li>par une <strong>analyse esth\u00e9tique <\/strong>: observer et identifier&nbsp;diff\u00e9rentes expressions artistiques (architecture, sculpture, peinture, arts d\u00e9coratifs, cin\u00e9ma, photo, infographie,&nbsp;publicit\u00e9, BD, th\u00e9\u00e2tre, \u2026); analyser les proc\u00e9d\u00e9s techniques; situer l\u2019\u0153uvre dans un contexte g\u00e9n\u00e9ral.<\/li><li>par une approche bas\u00e9e sur <strong>l\u2019\u00e9volution chronologique <\/strong>: des constances stylistiques (archa\u00efsme, classicisme, baroque, expressionnisme, figuration, abstraction,\u2026); des grands&nbsp;courants artistiques de la Renaissance \u00e0 nos jours en mettant en exergue les artistes ou les r\u00e9alisations majeures.<\/li><\/ul>\n<!-- \/wp:list -->\n\n<!-- wp:heading {\"level\":3} -->\n<h3><strong>Techniques d\u2019expression et de communication<\/strong> (1 p\u00e9riode\/semaine)<\/h3>\n<!-- \/wp:heading -->\n\n<!-- wp:paragraph -->\n<p>A travers un maximum de pratique et de recherches personnelles, ce cours am\u00e8ne \u00e0 comprendre et \u00e0 percevoir tout le travail de r\u00e9flexion qui se trouve derri\u00e8re une cr\u00e9ation d\u2019art du spectacle ou d\u2019un film. Par le biais de recherches ou d\u2019exercices en classe, tu aborderas:<\/p>\n<!-- \/wp:paragraph -->\n\n<!-- wp:list -->\n<ul><li>en 5\u00e8me : l\u2019image et la direction d\u2019acteurs dans un contexte th\u00e9\u00e2tral<\/li><li>en 6\u00e8me : la r\u00e9flexion sur des techniques de cin\u00e9ma<\/li><\/ul>\n<!-- \/wp:list -->\n\n<!-- wp:heading {\"level\":3} -->\n<h3><strong>Technologie de l\u2019audiovisuel<\/strong> (1 p\u00e9riode\/semaine)<\/h3>\n<!-- \/wp:heading -->\n\n<!-- wp:paragraph -->\n<p>Ce cours a pour objectif une initiation technologique aux diff\u00e9rents outils utilis\u00e9s et aux langages sp\u00e9cifiques de l\u2019univers audiovisuel tant pass\u00e9s que pr\u00e9sents: la lettre, l\u2019image imprim\u00e9e ou&nbsp;photographi\u00e9e, l\u2019image en mouvement, le son, le montage et l\u2019interactivit\u00e9 multim\u00e9dia.<\/p>\n<!-- \/wp:paragraph -->\n\n<!-- wp:heading {\"level\":3} -->\n<h3><strong>Recherches\u2014projets (<\/strong>4 p\u00e9riodes\/semaine)<\/h3>\n<!-- \/wp:heading -->\n\n<!-- wp:paragraph -->\n<p>Ce cours de laboratoire et de recherche te propose des&nbsp;exp\u00e9rimentations techniques et artistiques visant \u00e0 utiliser au mieux l\u2019ad\u00e9quation entre l&rsquo;expression personnelle et les outils mis \u00e0 disposition. Le cours traitera de l\u2019image en partant de l\u2019image fixe (photographique) jusqu\u2019\u00e0 l\u2019image anim\u00e9e associ\u00e9e \u00e0 l\u2019univers sonore (vid\u00e9ographique).<\/p>\n<!-- \/wp:paragraph -->\n\n<!-- wp:paragraph -->\n<p>Pour ponctuer cette formation en fin de parcours, tu seras invit\u00e9 \u00e0 pr\u00e9senter un travail personnel d\u2019une dur\u00e9e de 5 \u00e0 10 minutes&nbsp;devant un jury. Tu devras t\u2019investir dans une d\u00e9marche autonome et responsable pour r\u00e9aliser ce projet qui sera la synth\u00e8se de toutes tes d\u00e9couvertes et exp\u00e9rimentations.<\/p>\n<!-- \/wp:paragraph -->\n\n<!-- wp:heading -->\n<h2>Des infrastructures <\/h2>\n<!-- \/wp:heading -->\n\n<!-- wp:paragraph -->\n<p>L&rsquo;\u00e9cole met \u00e0 disposition tout mat\u00e9riel n\u00e9cessaire pour:<\/p>\n<!-- \/wp:paragraph -->\n\n<!-- wp:list -->\n<ul><li>faire de la photographie studio, <\/li><li>tourner des courts-m\u00e9trages,<\/li><li>cr\u00e9er des bandes sons.<\/li><\/ul>\n<!-- \/wp:list -->\n\n<!-- wp:paragraph -->\n<p>Ainsi que des logiciels informatiques sp\u00e9cifiques afin de r\u00e9aliser la postproduction.<\/p>\n<!-- \/wp:paragraph -->\n\n<!-- wp:paragraph -->\n<p>Dans un p\u00f4le d\u00e9di\u00e9 \u00e0 l\u2019\u00e9ducation technique et technologique et \u00e0&nbsp;l\u2019audiovisuel, l&rsquo;espace de travail se compose de :<\/p>\n<!-- \/wp:paragraph -->\n\n<!-- wp:media-text {\"mediaPosition\":\"right\",\"mediaId\":7262,\"mediaLink\":\"https:\/\/www.sukain.be\/secondaire\/?attachment_id=7262\",\"mediaType\":\"image\",\"mediaWidth\":32} -->\n<div class=\"wp-block-media-text alignwide has-media-on-the-right is-stacked-on-mobile\" style=\"grid-template-columns:auto 32%\"><figure class=\"wp-block-media-text__media\"><img loading=\"lazy\" decoding=\"async\" width=\"346\" height=\"159\" src=\"https:\/\/www.sukain.be\/secondaire\/wp-content\/uploads\/2022\/06\/Image17.jpg\" alt=\"\" class=\"wp-image-7262 size-full\" srcset=\"https:\/\/www.sukain.be\/secondaire\/wp-content\/uploads\/2022\/06\/Image17.jpg 346w, https:\/\/www.sukain.be\/secondaire\/wp-content\/uploads\/2022\/06\/Image17-300x138.jpg 300w\" sizes=\"(max-width: 346px) 100vw, 346px\" \/><\/figure><div class=\"wp-block-media-text__content\"><!-- wp:list -->\n<ul id=\"block-593dffe8-3766-4d6f-994a-a6dc36b37517\"><li>classes \u00e9quip\u00e9es d\u2019ordinateurs<\/li><li>un local de sonorisation<\/li><li>un espace de tournage avec fond vert<\/li><\/ul>\n<!-- \/wp:list --><\/div><\/div>\n<!-- \/wp:media-text -->\n\n<!-- wp:heading -->\n<h2>Les projets de l&rsquo;option<\/h2>\n<!-- \/wp:heading -->\n\n<!-- wp:paragraph -->\n<p>L&rsquo;option audiovisuel offre des opportunit\u00e9s d&rsquo;interactions avec le monde&nbsp;professionnel. La formation sera notamment ponctu\u00e9e par:<\/p>\n<!-- \/wp:paragraph -->\n\n<!-- wp:list -->\n<ul><li>des visites de studio radio, t\u00e9l\u00e9, cin\u00e9ma, &#8230;<\/li><li>des contacts ou rencontres en classe ou \u00e0 l\u2019ext\u00e9rieur avec des personnalit\u00e9s des m\u00e9dias, du th\u00e9\u00e2tre, du cin\u00e9ma; des r\u00e9alisateurs, des assistants de production, des journalistes, &#8230;<\/li><li>des participations \u00e0 des projets internes ou externes, \u00e0 des concours, &#8230;<\/li><li>l\u2019organisation d\u2019\u00e9v\u00e9nements audiovisuels : \u00e9mission radio, d\u00e9monstration de tournages, \u2026<\/li><li>la r\u00e9alisation d\u2019un documentaire sur un th\u00e8me donn\u00e9,<\/li><li>des tournages de courts-m\u00e9trages,<\/li><li>des collaborations avec les m\u00e9dias locaux et belges<\/li><\/ul>\n<!-- \/wp:list -->\n\n<!-- wp:heading -->\n<h2>Les d\u00e9bouch\u00e9s de l&rsquo;option<\/h2>\n<!-- \/wp:heading -->\n\n<!-- wp:paragraph -->\n<p>L&rsquo;option audiovisuel pr\u00e9pare \u00e0 des \u00e9tudes&nbsp;sup\u00e9rieures en hautes \u00e9coles ou universitaires li\u00e9es ou non \u00e0&nbsp;l\u2019audiovisuel. Les d\u00e9bouch\u00e9s sont nombreux dans les domaines de l\u2019\u00e9dition, la publicit\u00e9, la radio, le th\u00e9\u00e2tre, l\u2019imagerie de synth\u00e8se, le multim\u00e9dia, \u2026 bref un large \u00e9ventail de professions telles que :<\/p>\n<!-- \/wp:paragraph -->\n\n<!-- wp:list -->\n<ul><li>cameraman<\/li><li>preneur de son<\/li><li>monteur<\/li><li>r\u00e9alisateur<\/li><li>photographe<\/li><li>\u00e9clairagiste<\/li><li>r\u00e9gisseur<\/li><li>sc\u00e9nariste<\/li><li>infographiste<\/li><li>game designer<\/li><li>professeur d\u2019arts plastiques et appliqu\u00e9s<\/li><li>webdesigner<\/li><li>r\u00e9alisateur multim\u00e9dia<\/li><li>concepteur en packaging<\/li><li>lettreur et illustrateur pour diff\u00e9rents supports<\/li><\/ul>\n<!-- \/wp:list -->\n\n<!-- wp:heading -->\n<h2>La grille horaire<\/h2>\n<!-- \/wp:heading -->\n\n<!-- wp:table {\"className\":\"is-style-stripes\"} -->\n<figure class=\"wp-block-table is-style-stripes\"><table><tbody><tr><td><strong>Cours g\u00e9n\u00e9raux:<\/strong><\/td><td>Heures\/semaine<\/td><\/tr><tr><td>Religion catholique<\/td><td>2<\/td><\/tr><tr><td>Fran\u00e7ais<\/td><td>4<\/td><\/tr><tr><td>Math\u00e9matiques<\/td><td>4<\/td><\/tr><tr><td>Langue moderne (n\u00e9erlandais\/anglais)<\/td><td>4<\/td><\/tr><tr><td>Sciences<\/td><td>3<\/td><\/tr><tr><td>Education physique<\/td><td>2<\/td><\/tr><tr><td>Histoire <\/td><td>2<\/td><\/tr><tr><td>G\u00e9ographie<\/td><td>2<\/td><\/tr><tr><td><strong>Cours de l&rsquo;option:<\/strong><\/td><td><\/td><\/tr><tr><td>Histoire de l\u2019art\u2014analyse esth\u00e9tique&nbsp;<\/td><td>2<\/td><\/tr><tr><td>Techniques d\u2019expression et de communication<\/td><td>1<\/td><\/tr><tr><td>Technologie de l\u2019audiovisuel&nbsp;<\/td><td>1<\/td><\/tr><tr><td>Recherches\u2014projets<\/td><td>4<\/td><\/tr><tr><td><strong>Total<\/strong><\/td><td><strong>31<\/strong><\/td><\/tr><\/tbody><\/table><\/figure>\n<!-- \/wp:table -->\t\t\t\t\t\t<\/div>\n\t\t\t\t<\/div>\n\t\t\t\t\t<\/div>\n\t\t<\/div>\n\t\t\t\t\t\t\t<\/div>\n\t\t<\/section>\n\t\t\t\t<section class=\"elementor-section elementor-top-section elementor-element elementor-element-39f5c3d elementor-section-boxed elementor-section-height-default elementor-section-height-default\" data-id=\"39f5c3d\" data-element_type=\"section\">\n\t\t\t\t\t\t<div class=\"elementor-container elementor-column-gap-default\">\n\t\t\t\t\t<div class=\"elementor-column elementor-col-100 elementor-top-column elementor-element elementor-element-8b8602c\" data-id=\"8b8602c\" data-element_type=\"column\">\n\t\t\t<div class=\"elementor-widget-wrap elementor-element-populated\">\n\t\t\t\t\t\t\t\t<div class=\"elementor-element elementor-element-50acf2c elementor-align-center elementor-widget elementor-widget-button\" data-id=\"50acf2c\" data-element_type=\"widget\" data-widget_type=\"button.default\">\n\t\t\t\t<div class=\"elementor-widget-container\">\n\t\t\t\t\t<div class=\"elementor-button-wrapper\">\n\t\t\t<a href=\"https:\/\/drive.google.com\/file\/d\/1UZ8Jr1_0ZS7bwVlFnlzitdCi3J2JyF2_\/view?usp=drive_link\" target=\"_blank\" class=\"elementor-button-link elementor-button elementor-size-sm\" role=\"button\">\n\t\t\t\t\t\t<span class=\"elementor-button-content-wrapper\">\n\t\t\t\t\t\t\t<span class=\"elementor-button-icon elementor-align-icon-left\">\n\t\t\t\t<i aria-hidden=\"true\" class=\"fas fa-file-pdf\"><\/i>\t\t\t<\/span>\n\t\t\t\t\t\t<span class=\"elementor-button-text\">T\u00e9l\u00e9charger le fascicule de pr\u00e9sentation<\/span>\n\t\t<\/span>\n\t\t\t\t\t<\/a>\n\t\t<\/div>\n\t\t\t\t<\/div>\n\t\t\t\t<\/div>\n\t\t\t\t\t<\/div>\n\t\t<\/div>\n\t\t\t\t\t\t\t<\/div>\n\t\t<\/section>\n\t\t\t\t\t\t\t<\/div>\n\t\t","protected":false},"excerpt":{"rendered":"<p>Tu r\u00eaves d\u2019un m\u00e9tier branch\u00e9 aux techniques num\u00e9riques et \u00e0 la communication? L&rsquo;option audiovisuel te pr\u00e9pare au monde de la photographie, la radio, la presse, la t\u00e9l\u00e9vision, le cin\u00e9ma, l\u2019Internet et aux autres domaines li\u00e9s \u00e0 la communication. Une option<\/p>\n","protected":false},"author":96,"featured_media":0,"parent":0,"menu_order":0,"comment_status":"closed","ping_status":"closed","template":"","meta":{"footnotes":""},"folder":[],"yoast_head":"<!-- This site is optimized with the Yoast SEO plugin v20.0 - https:\/\/yoast.com\/wordpress\/plugins\/seo\/ -->\n<title>Transition option audiovisuel - 5e et 6e - \u00c9cole secondaire de la Sainte-Union de Kain (Tournai)<\/title>\n<meta name=\"description\" content=\"Cette formation poursuit un double objectif : l\u2019apprentissage de diff\u00e9rentes techniques de cr\u00e9ation artistiquela ma\u00eetrise des techniques num\u00e9riques.Le d\u00e9veloppement des connaissances artistiques passe par la\u00a0conception et la r\u00e9alisation de diff\u00e9rents travaux.\u00a0Les cr\u00e9ations et productions pourront \u00eatre utilis\u00e9es \u00e0 des fins\u00a0diverses : artistiques, d\u00e9coratives, industrielles, publicitaires et\u00a0commerciales (messages publicitaires, \u00e9dition, affiches, revues, \u2026).\" \/>\n<meta name=\"robots\" content=\"index, follow, max-snippet:-1, max-image-preview:large, max-video-preview:-1\" \/>\n<link rel=\"canonical\" href=\"https:\/\/www.sukain.be\/secondaire\/transition-option-audiovisuel-5e-et-6e\/\" \/>\n<meta property=\"og:locale\" content=\"fr_FR\" \/>\n<meta property=\"og:type\" content=\"article\" \/>\n<meta property=\"og:title\" content=\"Transition option audiovisuel - 5e et 6e - \u00c9cole secondaire de la Sainte-Union de Kain (Tournai)\" \/>\n<meta property=\"og:description\" content=\"Cette formation poursuit un double objectif : l\u2019apprentissage de diff\u00e9rentes techniques de cr\u00e9ation artistiquela ma\u00eetrise des techniques num\u00e9riques.Le d\u00e9veloppement des connaissances artistiques passe par la\u00a0conception et la r\u00e9alisation de diff\u00e9rents travaux.\u00a0Les cr\u00e9ations et productions pourront \u00eatre utilis\u00e9es \u00e0 des fins\u00a0diverses : artistiques, d\u00e9coratives, industrielles, publicitaires et\u00a0commerciales (messages publicitaires, \u00e9dition, affiches, revues, \u2026).\" \/>\n<meta property=\"og:url\" content=\"https:\/\/www.sukain.be\/secondaire\/transition-option-audiovisuel-5e-et-6e\/\" \/>\n<meta property=\"og:site_name\" content=\"\u00c9cole secondaire de la Sainte-Union de Kain (Tournai)\" \/>\n<meta property=\"article:modified_time\" content=\"2026-02-10T12:31:41+00:00\" \/>\n<meta property=\"og:image\" content=\"https:\/\/www.sukain.be\/secondaire\/wp-content\/uploads\/2022\/06\/Image12-1.jpg\" \/>\n<meta name=\"twitter:label1\" content=\"Dur\u00e9e de lecture estim\u00e9e\" \/>\n\t<meta name=\"twitter:data1\" content=\"6 minutes\" \/>\n<script type=\"application\/ld+json\" class=\"yoast-schema-graph\">{\"@context\":\"https:\/\/schema.org\",\"@graph\":[{\"@type\":\"WebPage\",\"@id\":\"https:\/\/www.sukain.be\/secondaire\/transition-option-audiovisuel-5e-et-6e\/\",\"url\":\"https:\/\/www.sukain.be\/secondaire\/transition-option-audiovisuel-5e-et-6e\/\",\"name\":\"Transition option audiovisuel - 5e et 6e - \u00c9cole secondaire de la Sainte-Union de Kain (Tournai)\",\"isPartOf\":{\"@id\":\"https:\/\/www.sukain.be\/secondaire\/#website\"},\"datePublished\":\"2022-06-23T08:25:07+00:00\",\"dateModified\":\"2026-02-10T12:31:41+00:00\",\"description\":\"Cette formation poursuit un double objectif : l\u2019apprentissage de diff\u00e9rentes techniques de cr\u00e9ation artistiquela ma\u00eetrise des techniques num\u00e9riques.Le d\u00e9veloppement des connaissances artistiques passe par la\u00a0conception et la r\u00e9alisation de diff\u00e9rents travaux.\u00a0Les cr\u00e9ations et productions pourront \u00eatre utilis\u00e9es \u00e0 des fins\u00a0diverses : artistiques, d\u00e9coratives, industrielles, publicitaires et\u00a0commerciales (messages publicitaires, \u00e9dition, affiches, revues, \u2026).\",\"breadcrumb\":{\"@id\":\"https:\/\/www.sukain.be\/secondaire\/transition-option-audiovisuel-5e-et-6e\/#breadcrumb\"},\"inLanguage\":\"fr-FR\",\"potentialAction\":[{\"@type\":\"ReadAction\",\"target\":[\"https:\/\/www.sukain.be\/secondaire\/transition-option-audiovisuel-5e-et-6e\/\"]}]},{\"@type\":\"BreadcrumbList\",\"@id\":\"https:\/\/www.sukain.be\/secondaire\/transition-option-audiovisuel-5e-et-6e\/#breadcrumb\",\"itemListElement\":[{\"@type\":\"ListItem\",\"position\":1,\"name\":\"Accueil\",\"item\":\"https:\/\/www.sukain.be\/secondaire\/\"},{\"@type\":\"ListItem\",\"position\":2,\"name\":\"Transition option audiovisuel &#8211; 5e et 6e\"}]},{\"@type\":\"WebSite\",\"@id\":\"https:\/\/www.sukain.be\/secondaire\/#website\",\"url\":\"https:\/\/www.sukain.be\/secondaire\/\",\"name\":\"\u00c9cole secondaire de la Sainte-Union de Kain (Tournai)\",\"description\":\"Ton avenir entre tes mains\",\"potentialAction\":[{\"@type\":\"SearchAction\",\"target\":{\"@type\":\"EntryPoint\",\"urlTemplate\":\"https:\/\/www.sukain.be\/secondaire\/?s={search_term_string}\"},\"query-input\":\"required name=search_term_string\"}],\"inLanguage\":\"fr-FR\"}]}<\/script>\n<!-- \/ Yoast SEO plugin. -->","yoast_head_json":{"title":"Transition option audiovisuel - 5e et 6e - \u00c9cole secondaire de la Sainte-Union de Kain (Tournai)","description":"Cette formation poursuit un double objectif : l\u2019apprentissage de diff\u00e9rentes techniques de cr\u00e9ation artistiquela ma\u00eetrise des techniques num\u00e9riques.Le d\u00e9veloppement des connaissances artistiques passe par la\u00a0conception et la r\u00e9alisation de diff\u00e9rents travaux.\u00a0Les cr\u00e9ations et productions pourront \u00eatre utilis\u00e9es \u00e0 des fins\u00a0diverses : artistiques, d\u00e9coratives, industrielles, publicitaires et\u00a0commerciales (messages publicitaires, \u00e9dition, affiches, revues, \u2026).","robots":{"index":"index","follow":"follow","max-snippet":"max-snippet:-1","max-image-preview":"max-image-preview:large","max-video-preview":"max-video-preview:-1"},"canonical":"https:\/\/www.sukain.be\/secondaire\/transition-option-audiovisuel-5e-et-6e\/","og_locale":"fr_FR","og_type":"article","og_title":"Transition option audiovisuel - 5e et 6e - \u00c9cole secondaire de la Sainte-Union de Kain (Tournai)","og_description":"Cette formation poursuit un double objectif : l\u2019apprentissage de diff\u00e9rentes techniques de cr\u00e9ation artistiquela ma\u00eetrise des techniques num\u00e9riques.Le d\u00e9veloppement des connaissances artistiques passe par la\u00a0conception et la r\u00e9alisation de diff\u00e9rents travaux.\u00a0Les cr\u00e9ations et productions pourront \u00eatre utilis\u00e9es \u00e0 des fins\u00a0diverses : artistiques, d\u00e9coratives, industrielles, publicitaires et\u00a0commerciales (messages publicitaires, \u00e9dition, affiches, revues, \u2026).","og_url":"https:\/\/www.sukain.be\/secondaire\/transition-option-audiovisuel-5e-et-6e\/","og_site_name":"\u00c9cole secondaire de la Sainte-Union de Kain (Tournai)","article_modified_time":"2026-02-10T12:31:41+00:00","og_image":[{"url":"https:\/\/www.sukain.be\/secondaire\/wp-content\/uploads\/2022\/06\/Image12-1.jpg"}],"twitter_misc":{"Dur\u00e9e de lecture estim\u00e9e":"6 minutes"},"schema":{"@context":"https:\/\/schema.org","@graph":[{"@type":"WebPage","@id":"https:\/\/www.sukain.be\/secondaire\/transition-option-audiovisuel-5e-et-6e\/","url":"https:\/\/www.sukain.be\/secondaire\/transition-option-audiovisuel-5e-et-6e\/","name":"Transition option audiovisuel - 5e et 6e - \u00c9cole secondaire de la Sainte-Union de Kain (Tournai)","isPartOf":{"@id":"https:\/\/www.sukain.be\/secondaire\/#website"},"datePublished":"2022-06-23T08:25:07+00:00","dateModified":"2026-02-10T12:31:41+00:00","description":"Cette formation poursuit un double objectif : l\u2019apprentissage de diff\u00e9rentes techniques de cr\u00e9ation artistiquela ma\u00eetrise des techniques num\u00e9riques.Le d\u00e9veloppement des connaissances artistiques passe par la\u00a0conception et la r\u00e9alisation de diff\u00e9rents travaux.\u00a0Les cr\u00e9ations et productions pourront \u00eatre utilis\u00e9es \u00e0 des fins\u00a0diverses : artistiques, d\u00e9coratives, industrielles, publicitaires et\u00a0commerciales (messages publicitaires, \u00e9dition, affiches, revues, \u2026).","breadcrumb":{"@id":"https:\/\/www.sukain.be\/secondaire\/transition-option-audiovisuel-5e-et-6e\/#breadcrumb"},"inLanguage":"fr-FR","potentialAction":[{"@type":"ReadAction","target":["https:\/\/www.sukain.be\/secondaire\/transition-option-audiovisuel-5e-et-6e\/"]}]},{"@type":"BreadcrumbList","@id":"https:\/\/www.sukain.be\/secondaire\/transition-option-audiovisuel-5e-et-6e\/#breadcrumb","itemListElement":[{"@type":"ListItem","position":1,"name":"Accueil","item":"https:\/\/www.sukain.be\/secondaire\/"},{"@type":"ListItem","position":2,"name":"Transition option audiovisuel &#8211; 5e et 6e"}]},{"@type":"WebSite","@id":"https:\/\/www.sukain.be\/secondaire\/#website","url":"https:\/\/www.sukain.be\/secondaire\/","name":"\u00c9cole secondaire de la Sainte-Union de Kain (Tournai)","description":"Ton avenir entre tes mains","potentialAction":[{"@type":"SearchAction","target":{"@type":"EntryPoint","urlTemplate":"https:\/\/www.sukain.be\/secondaire\/?s={search_term_string}"},"query-input":"required name=search_term_string"}],"inLanguage":"fr-FR"}]}},"_links":{"self":[{"href":"https:\/\/www.sukain.be\/secondaire\/wp-json\/wp\/v2\/pages\/7256"}],"collection":[{"href":"https:\/\/www.sukain.be\/secondaire\/wp-json\/wp\/v2\/pages"}],"about":[{"href":"https:\/\/www.sukain.be\/secondaire\/wp-json\/wp\/v2\/types\/page"}],"author":[{"embeddable":true,"href":"https:\/\/www.sukain.be\/secondaire\/wp-json\/wp\/v2\/users\/96"}],"replies":[{"embeddable":true,"href":"https:\/\/www.sukain.be\/secondaire\/wp-json\/wp\/v2\/comments?post=7256"}],"version-history":[{"count":7,"href":"https:\/\/www.sukain.be\/secondaire\/wp-json\/wp\/v2\/pages\/7256\/revisions"}],"predecessor-version":[{"id":8677,"href":"https:\/\/www.sukain.be\/secondaire\/wp-json\/wp\/v2\/pages\/7256\/revisions\/8677"}],"wp:attachment":[{"href":"https:\/\/www.sukain.be\/secondaire\/wp-json\/wp\/v2\/media?parent=7256"}],"wp:term":[{"taxonomy":"folder","embeddable":true,"href":"https:\/\/www.sukain.be\/secondaire\/wp-json\/wp\/v2\/folder?post=7256"}],"curies":[{"name":"wp","href":"https:\/\/api.w.org\/{rel}","templated":true}]}}