{"id":6948,"date":"2022-02-16T16:25:16","date_gmt":"2022-02-16T14:25:16","guid":{"rendered":"https:\/\/www.sukain.be\/secondaire\/?page_id=6948"},"modified":"2026-02-10T14:28:41","modified_gmt":"2026-02-10T12:28:41","slug":"transition-sciences-sociales-et-educatives-3e-et-4e","status":"publish","type":"page","link":"https:\/\/www.sukain.be\/secondaire\/transition-sciences-sociales-et-educatives-3e-et-4e\/","title":{"rendered":"Transition Sciences sociales et \u00e9ducatives &#8211; 3e et 4e"},"content":{"rendered":"\t\t<div data-elementor-type=\"wp-page\" data-elementor-id=\"6948\" class=\"elementor elementor-6948\">\n\t\t\t\t\t\t\t\t\t<section class=\"elementor-section elementor-top-section elementor-element elementor-element-58458aaf elementor-section-boxed elementor-section-height-default elementor-section-height-default\" data-id=\"58458aaf\" data-element_type=\"section\">\n\t\t\t\t\t\t<div class=\"elementor-container elementor-column-gap-default\">\n\t\t\t\t\t<div class=\"elementor-column elementor-col-100 elementor-top-column elementor-element elementor-element-f37cb0\" data-id=\"f37cb0\" data-element_type=\"column\">\n\t\t\t<div class=\"elementor-widget-wrap elementor-element-populated\">\n\t\t\t\t\t\t\t\t<div class=\"elementor-element elementor-element-1728a7bd elementor-widget elementor-widget-text-editor\" data-id=\"1728a7bd\" data-element_type=\"widget\" data-widget_type=\"text-editor.default\">\n\t\t\t\t<div class=\"elementor-widget-container\">\n\t\t\t\t\t\t\t<!-- wp:verse -->\n<pre class=\"wp-block-verse\">\"Je suis moi-m\u00eame la mati\u00e8re de mon livre.\" - Montaigne<\/pre>\n<!-- \/wp:verse --><!-- wp:heading -->\n<h2>Pourquoi les sciences sociales et \u00e9ducatives?<\/h2>\n<!-- \/wp:heading --><!-- wp:paragraph -->\n<p>L\u2019option s\u2019adresse \u00e0 un public h\u00e9t\u00e9rog\u00e8ne. Elle se veut un lieu de maturation pour toi qui es motiv\u00e9.e ou qui cherches encore ta route parmi les formations \u00e0 orientation sociale et\/ou \u00e9ducative. L&rsquo;option te propose une d\u00e9marche de formation &#8230;<\/p>\n<!-- \/wp:paragraph --><!-- wp:list -->\n<ul>\n<li>qui place tes attentes, tes motivations, tes questions au centre des apprentissages,<\/li>\n<li>qui favorise l\u2019acquisition puis la ma\u00eetrise des comp\u00e9tences \u00e0 l\u2019aide de 3 supports privil\u00e9gi\u00e9s :\n<ul>\n<li>le support <strong>scientifique<\/strong> : la biologie humaine,<\/li>\n<li>le support <strong>relationnel<\/strong> : l&rsquo;initiation \u00e0 la psychologie et \u00e0 la vie sociale,<\/li>\n<li>le support <strong>expression-communication <\/strong>en fran\u00e7ais : expression et communication, techniques d\u2019expression<\/li>\n<\/ul>\n<\/li>\n<\/ul>\n<!-- \/wp:list --><!-- wp:heading -->\n<h2>L&rsquo;option, concr\u00e8tement<\/h2>\n<!-- \/wp:heading --><!-- wp:paragraph -->\n<p>Gr\u00e2ce \u00e0 la mobilisation de savoirs, savoir-faire et attitudes, l&rsquo;approche pluridisciplinaire et le croisement de diff\u00e9rentes composantes (sociale, \u00e9conomique, juridique, l\u00e9gislative, psychologique, \u00e9ducative, biologique, scientifique, d\u2019expression, de communication, de relation \u2026), tu pourras:<\/p>\n<!-- \/wp:paragraph --><!-- wp:media-text {\"mediaPosition\":\"right\",\"mediaId\":6955,\"mediaLink\":\"https:\/\/www.sukain.be\/secondaire\/?attachment_id=6955\",\"mediaType\":\"image\",\"mediaWidth\":32} -->\n<div class=\"wp-block-media-text alignwide has-media-on-the-right is-stacked-on-mobile\" style=\"grid-template-columns: auto 32%;\">\n<figure class=\"wp-block-media-text__media\"><img loading=\"lazy\" decoding=\"async\" width=\"980\" height=\"652\" class=\"wp-image-6955 size-full\" src=\"https:\/\/www.sukain.be\/secondaire\/wp-content\/uploads\/2022\/02\/TR-Sc-Soc-et-Ed-4.jpg\" alt=\"\" srcset=\"https:\/\/www.sukain.be\/secondaire\/wp-content\/uploads\/2022\/02\/TR-Sc-Soc-et-Ed-4.jpg 980w, https:\/\/www.sukain.be\/secondaire\/wp-content\/uploads\/2022\/02\/TR-Sc-Soc-et-Ed-4-300x200.jpg 300w, https:\/\/www.sukain.be\/secondaire\/wp-content\/uploads\/2022\/02\/TR-Sc-Soc-et-Ed-4-768x511.jpg 768w\" sizes=\"(max-width: 980px) 100vw, 980px\" \/><\/figure>\n<div class=\"wp-block-media-text__content\"><!-- wp:list -->\n<ul id=\"block-8d0ec733-f10a-4267-85f6-d0e19656db1a\">\n<li>d\u00e9velopper une d\u00e9marche d&rsquo;analyse, d&rsquo;interpr\u00e9tation et de compr\u00e9hension de ph\u00e9nom\u00e8nes humains, sociaux et relationnels,<\/li>\n<li>d\u00e9celer les multiples interactions qui r\u00e9gissent les ph\u00e9nom\u00e8nes humains, sociaux et relationnels,<\/li>\n<li>adopter des attitudes ad\u00e9quates et poser des choix raisonn\u00e9s en terme de sant\u00e9, bien-\u00eatre, relation, socialisation, etc.,<\/li>\n<li>t&rsquo;approprier des modes de communication et d&rsquo;expression favorisant les relations humaines et la qualit\u00e9 des liens \u00e9tablis,<\/li>\n<li>t&rsquo;approprier des outils de communication, de socialisation et de r\u00e9flexion selon des situations concr\u00e8tes confrontant \u00e0 des choix<\/li>\n<\/ul>\n<!-- \/wp:list --><\/div>\n<\/div>\n<!-- \/wp:media-text --><!-- wp:paragraph -->\n<p><strong>Les cours de l&rsquo;option privil\u00e9gient le travail en interdisciplinarit\u00e9:<\/strong><\/p>\n<!-- \/wp:paragraph --><!-- wp:heading {\"level\":4} -->\n<h4>2h de biologie humaine<\/h4>\n<!-- \/wp:heading --><!-- wp:paragraph -->\n<p>Ce cours porte sur la connaissance du corps humain et des transformations de l\u2019adolescence en vue de d\u00e9velopper et promouvoir des comportements adapt\u00e9s \u00e0 la vie quotidienne, au travail et aux loisirs. Il met \u00e9galement en \u00e9vidence certaines d\u00e9marches de promotion de la sant\u00e9.<\/p>\n<!-- \/wp:paragraph --><!-- wp:heading {\"level\":4} -->\n<h4>2h d&rsquo;initiation \u00e0 la psychologie et \u00e0 la vie sociale<\/h4>\n<!-- \/wp:heading --><!-- wp:paragraph -->\n<p>Le cours d&rsquo;initiation \u00e0 la psychologie et \u00e0 la vie sociale propose une approche de l\u2019\u00e9volution de l\u2019enfant, de l\u2019adolescent et du tissu social. Il met l\u2019accent sur la formation de la personnalit\u00e9 et invite \u00e0 d\u00e9couvrir les milieux dans lesquels toute personne \u00e9volue.<\/p>\n<!-- \/wp:paragraph --><!-- wp:heading {\"level\":4} -->\n<h4>2h de techniques d&rsquo;expression et d&rsquo;\u00e9ducation par le mouvement<\/h4>\n<!-- \/wp:heading --><!-- wp:gallery {\"linkTo\":\"media\",\"sizeSlug\":\"thumbnail\"} -->\n<figure class=\"wp-block-gallery has-nested-images columns-default is-cropped\"><!-- wp:image {\"id\":6957,\"sizeSlug\":\"thumbnail\",\"linkDestination\":\"media\"} -->\n<figure class=\"wp-block-image size-thumbnail\"><a href=\"https:\/\/www.sukain.be\/secondaire\/wp-content\/uploads\/2022\/02\/TR-Sc-Soc-et-Ed-5.jpg\"><img loading=\"lazy\" decoding=\"async\" width=\"290\" height=\"290\" class=\"wp-image-6957\" src=\"https:\/\/www.sukain.be\/secondaire\/wp-content\/uploads\/2022\/02\/TR-Sc-Soc-et-Ed-5-290x290.jpg\" alt=\"\" srcset=\"https:\/\/www.sukain.be\/secondaire\/wp-content\/uploads\/2022\/02\/TR-Sc-Soc-et-Ed-5-290x290.jpg 290w, https:\/\/www.sukain.be\/secondaire\/wp-content\/uploads\/2022\/02\/TR-Sc-Soc-et-Ed-5-230x230.jpg 230w, https:\/\/www.sukain.be\/secondaire\/wp-content\/uploads\/2022\/02\/TR-Sc-Soc-et-Ed-5-365x365.jpg 365w\" sizes=\"(max-width: 290px) 100vw, 290px\" \/><\/a><\/figure>\n<!-- \/wp:image --><!-- wp:image {\"id\":6958,\"sizeSlug\":\"thumbnail\",\"linkDestination\":\"media\"} -->\n<figure class=\"wp-block-image size-thumbnail\"><a href=\"https:\/\/www.sukain.be\/secondaire\/wp-content\/uploads\/2022\/02\/TR-Sc-Soc-et-Ed.jpg\"><img loading=\"lazy\" decoding=\"async\" width=\"290\" height=\"290\" class=\"wp-image-6958\" src=\"https:\/\/www.sukain.be\/secondaire\/wp-content\/uploads\/2022\/02\/TR-Sc-Soc-et-Ed-290x290.jpg\" alt=\"\" srcset=\"https:\/\/www.sukain.be\/secondaire\/wp-content\/uploads\/2022\/02\/TR-Sc-Soc-et-Ed-290x290.jpg 290w, https:\/\/www.sukain.be\/secondaire\/wp-content\/uploads\/2022\/02\/TR-Sc-Soc-et-Ed-230x230.jpg 230w, https:\/\/www.sukain.be\/secondaire\/wp-content\/uploads\/2022\/02\/TR-Sc-Soc-et-Ed-365x365.jpg 365w\" sizes=\"(max-width: 290px) 100vw, 290px\" \/><\/a><\/figure>\n<!-- \/wp:image --><\/figure>\n<!-- \/wp:gallery --><!-- wp:paragraph -->\n<p>Les techniques d&rsquo;expression et d&rsquo;\u00e9ducation par le mouvement permettent de lib\u00e9rer et de canaliser harmonieusement l\u2019\u00e9nergie de l\u2019adolescent. Elles proposent \u00e9galement des outils divers pour s\u2019exprimer \u00e0 travers toute la personne.<\/p>\n<!-- \/wp:paragraph --><!-- wp:heading {\"level\":4} -->\n<h4>2h d&rsquo;expression &#8211; communication<\/h4>\n<!-- \/wp:heading --><!-- wp:media-text {\"mediaId\":6956,\"mediaLink\":\"https:\/\/www.sukain.be\/secondaire\/?attachment_id=6956\",\"mediaType\":\"image\",\"mediaWidth\":15} -->\n<div class=\"wp-block-media-text alignwide is-stacked-on-mobile\" style=\"grid-template-columns: 15% auto;\">\n<figure class=\"wp-block-media-text__media\"><img loading=\"lazy\" decoding=\"async\" width=\"588\" height=\"587\" class=\"wp-image-6956 size-full\" src=\"https:\/\/www.sukain.be\/secondaire\/wp-content\/uploads\/2022\/02\/TR-Sc-Soc-et-Ed-3.jpg\" alt=\"\" srcset=\"https:\/\/www.sukain.be\/secondaire\/wp-content\/uploads\/2022\/02\/TR-Sc-Soc-et-Ed-3.jpg 588w, https:\/\/www.sukain.be\/secondaire\/wp-content\/uploads\/2022\/02\/TR-Sc-Soc-et-Ed-3-300x300.jpg 300w, https:\/\/www.sukain.be\/secondaire\/wp-content\/uploads\/2022\/02\/TR-Sc-Soc-et-Ed-3-290x290.jpg 290w, https:\/\/www.sukain.be\/secondaire\/wp-content\/uploads\/2022\/02\/TR-Sc-Soc-et-Ed-3-230x230.jpg 230w, https:\/\/www.sukain.be\/secondaire\/wp-content\/uploads\/2022\/02\/TR-Sc-Soc-et-Ed-3-365x365.jpg 365w\" sizes=\"(max-width: 588px) 100vw, 588px\" \/><\/figure>\n<div class=\"wp-block-media-text__content\"><!-- wp:paragraph {\"placeholder\":\"Contenu\u2026\",\"fontSize\":\"normal\"} -->\n<p class=\"has-normal-font-size\">Ce cours a pour objectif l\u2019entra\u00eenement de modes vari\u00e9s d\u2019expression et le d\u00e9veloppement des aptitudes \u00e0 communiquer. Il vise \u00e9galement \u00e0 multiplier les modes d\u2019acc\u00e8s \u00e0 la culture, et \u00e0 utiliser divers outils audiovisuels et multim\u00e9dias.<\/p>\n<!-- \/wp:paragraph --><\/div>\n<\/div>\n<!-- \/wp:media-text --><!-- wp:heading -->\n<h2>Vers quoi m&rsquo;orienter ensuite?<\/h2>\n<!-- \/wp:heading --><!-- wp:paragraph -->\n<p>Au terme de ces deux ann\u00e9es de transition en sciences sociales et \u00e9ducatives, tu peux d\u00e9cider de t&rsquo;orienter au 3\u00e8me degr\u00e9:<\/p>\n<!-- \/wp:paragraph --><!-- wp:list -->\n<ul>\n<li>de <strong>l\u2019enseignement g\u00e9n\u00e9ral<\/strong>, car les cours g\u00e9n\u00e9raux du second degr\u00e9 en sciences sociales et \u00e9ducatives restent identiques \u00e0 ceux de l\u2019enseignement g\u00e9n\u00e9ral.<\/li>\n<li>de <strong>l\u2019enseignement technique de qualification<\/strong>, o\u00f9 tu peux acc\u00e9der \u00e0 la section <strong><a href=\"https:\/\/www.sukain.be\/secondaire\/5eme-et-6eme-qualification-agente-deducation\/\" target=\"_blank\" rel=\"noreferrer noopener\">Agent.e d\u2019\u00e9ducation<\/a><\/strong> au sein de notre \u00e9tablissement<\/li>\n<\/ul>\n<!-- \/wp:list --><!-- wp:heading -->\n<h2>La grille horaire de l&rsquo;option<\/h2>\n<!-- \/wp:heading --><!-- wp:table {\"className\":\"is-style-stripes\"} -->\n<figure class=\"wp-block-table is-style-stripes\">\n<table>\n<tbody>\n<tr>\n<td><strong>Branches<\/strong><\/td>\n<td class=\"has-text-align-center\" data-align=\"center\"><strong>En 3<sup>e<\/sup><\/strong><\/td>\n<td class=\"has-text-align-center\" data-align=\"center\"><strong>En 4<sup>e<\/sup><\/strong><\/td>\n<\/tr>\n<tr>\n<td>Education physique<\/td>\n<td class=\"has-text-align-center\" data-align=\"center\">2<\/td>\n<td class=\"has-text-align-center\" data-align=\"center\">2<\/td>\n<\/tr>\n<tr>\n<td>G\u00e9ographie<\/td>\n<td class=\"has-text-align-center\" data-align=\"center\">2<\/td>\n<td class=\"has-text-align-center\" data-align=\"center\">2<\/td>\n<\/tr>\n<tr>\n<td>Histoire<\/td>\n<td class=\"has-text-align-center\" data-align=\"center\">2<\/td>\n<td class=\"has-text-align-center\" data-align=\"center\">2<\/td>\n<\/tr>\n<tr>\n<td>Fran\u00e7ais<\/td>\n<td class=\"has-text-align-center\" data-align=\"center\">5<\/td>\n<td class=\"has-text-align-center\" data-align=\"center\">5<\/td>\n<\/tr>\n<tr>\n<td>Religion catholique<\/td>\n<td class=\"has-text-align-center\" data-align=\"center\">2<\/td>\n<td class=\"has-text-align-center\" data-align=\"center\">2<\/td>\n<\/tr>\n<tr>\n<td>Math\u00e9matiques<\/td>\n<td class=\"has-text-align-center\" data-align=\"center\">5<\/td>\n<td class=\"has-text-align-center\" data-align=\"center\">5<\/td>\n<\/tr>\n<tr>\n<td>Sciences<\/td>\n<td class=\"has-text-align-center\" data-align=\"center\">3<\/td>\n<td class=\"has-text-align-center\" data-align=\"center\">3<\/td>\n<\/tr>\n<tr>\n<td>Langue moderne 1 (n\u00e9erlandais \/ anglais)<\/td>\n<td class=\"has-text-align-center\" data-align=\"center\">4<\/td>\n<td class=\"has-text-align-center\" data-align=\"center\">4<\/td>\n<\/tr>\n<tr>\n<td><strong>Cours de l&rsquo;option<\/strong><\/td>\n<td class=\"has-text-align-center\" data-align=\"center\">\u00a0<\/td>\n<td class=\"has-text-align-center\" data-align=\"center\">\u00a0<\/td>\n<\/tr>\n<tr>\n<td>Biologie humaine<\/td>\n<td class=\"has-text-align-center\" data-align=\"center\">2<\/td>\n<td class=\"has-text-align-center\" data-align=\"center\">2<\/td>\n<\/tr>\n<tr>\n<td>Initiation \u00e0 la psychologie et \u00e0 la vie sociale<\/td>\n<td class=\"has-text-align-center\" data-align=\"center\">2<\/td>\n<td class=\"has-text-align-center\" data-align=\"center\">2<\/td>\n<\/tr>\n<tr>\n<td>Fran\u00e7ais (expression orale)<\/td>\n<td class=\"has-text-align-center\" data-align=\"center\">2<\/td>\n<td class=\"has-text-align-center\" data-align=\"center\">2<\/td>\n<\/tr>\n<tr>\n<td>Expression plastique<\/td>\n<td class=\"has-text-align-center\" data-align=\"center\">0<\/td>\n<td class=\"has-text-align-center\" data-align=\"center\">1<\/td>\n<\/tr>\n<tr>\n<td>Expression corporelle<\/td>\n<td class=\"has-text-align-center\" data-align=\"center\">1<\/td>\n<td class=\"has-text-align-center\" data-align=\"center\">1<\/td>\n<\/tr>\n<tr>\n<td>Expression musicale<\/td>\n<td class=\"has-text-align-center\" data-align=\"center\">1<\/td>\n<td class=\"has-text-align-center\" data-align=\"center\">0<\/td>\n<\/tr>\n<tr>\n<td>\u00a0<\/td>\n<td class=\"has-text-align-center\" data-align=\"center\"><strong>33<\/strong><\/td>\n<td class=\"has-text-align-center\" data-align=\"center\"><strong>33<\/strong><\/td>\n<\/tr>\n<\/tbody>\n<\/table>\n<\/figure>\n<!-- \/wp:table --><!-- wp:paragraph --><!-- \/wp:paragraph --><!-- wp:paragraph {\"align\":\"center\"} -->\n<p class=\"has-text-align-center\"><a href=\"https:\/\/www.sukain.be\/secondaire\/nos-formations\/\">Retourner vers les offres d&rsquo;enseignement<\/a><\/p>\n<!-- \/wp:paragraph -->\t\t\t\t\t\t<\/div>\n\t\t\t\t<\/div>\n\t\t\t\t\t<\/div>\n\t\t<\/div>\n\t\t\t\t\t\t\t<\/div>\n\t\t<\/section>\n\t\t\t\t<section class=\"elementor-section elementor-top-section elementor-element elementor-element-27d140c elementor-section-boxed elementor-section-height-default elementor-section-height-default\" data-id=\"27d140c\" data-element_type=\"section\">\n\t\t\t\t\t\t<div class=\"elementor-container elementor-column-gap-default\">\n\t\t\t\t\t<div class=\"elementor-column elementor-col-100 elementor-top-column elementor-element elementor-element-ab6c124\" data-id=\"ab6c124\" data-element_type=\"column\">\n\t\t\t<div class=\"elementor-widget-wrap elementor-element-populated\">\n\t\t\t\t\t\t\t\t<div class=\"elementor-element elementor-element-accf7ed elementor-align-center elementor-widget elementor-widget-button\" data-id=\"accf7ed\" data-element_type=\"widget\" data-widget_type=\"button.default\">\n\t\t\t\t<div class=\"elementor-widget-container\">\n\t\t\t\t\t<div class=\"elementor-button-wrapper\">\n\t\t\t<a href=\"https:\/\/drive.google.com\/file\/d\/1n-4OvJkNS45XrSBxIc9CkrGBWVUtCFAa\/view?usp=drive_link\" target=\"_blank\" class=\"elementor-button-link elementor-button elementor-size-sm\" role=\"button\">\n\t\t\t\t\t\t<span class=\"elementor-button-content-wrapper\">\n\t\t\t\t\t\t\t<span class=\"elementor-button-icon elementor-align-icon-left\">\n\t\t\t\t<i aria-hidden=\"true\" class=\"fas fa-file-pdf\"><\/i>\t\t\t<\/span>\n\t\t\t\t\t\t<span class=\"elementor-button-text\">T\u00e9l\u00e9charger le fascicule de pr\u00e9sentation<\/span>\n\t\t<\/span>\n\t\t\t\t\t<\/a>\n\t\t<\/div>\n\t\t\t\t<\/div>\n\t\t\t\t<\/div>\n\t\t\t\t\t<\/div>\n\t\t<\/div>\n\t\t\t\t\t\t\t<\/div>\n\t\t<\/section>\n\t\t\t\t\t\t\t<\/div>\n\t\t","protected":false},"excerpt":{"rendered":"<p>\u00ab\u00a0Je suis moi-m\u00eame la mati\u00e8re de mon livre.\u00a0\u00bb &#8211; Montaigne Pourquoi les sciences sociales et \u00e9ducatives? L\u2019option s\u2019adresse \u00e0 un public h\u00e9t\u00e9rog\u00e8ne. Elle se veut un lieu de maturation pour toi qui es motiv\u00e9.e ou qui cherches encore ta route<\/p>\n","protected":false},"author":96,"featured_media":0,"parent":0,"menu_order":0,"comment_status":"closed","ping_status":"closed","template":"elementor_theme","meta":{"footnotes":""},"folder":[],"yoast_head":"<!-- This site is optimized with the Yoast SEO plugin v20.0 - https:\/\/yoast.com\/wordpress\/plugins\/seo\/ -->\n<title>Transition Sciences sociales et \u00e9ducatives - 3e et 4e - \u00c9cole secondaire de la Sainte-Union de Kain (Tournai)<\/title>\n<meta name=\"robots\" content=\"index, follow, max-snippet:-1, max-image-preview:large, max-video-preview:-1\" \/>\n<link rel=\"canonical\" href=\"https:\/\/www.sukain.be\/secondaire\/transition-sciences-sociales-et-educatives-3e-et-4e\/\" \/>\n<meta property=\"og:locale\" content=\"fr_FR\" \/>\n<meta property=\"og:type\" content=\"article\" \/>\n<meta property=\"og:title\" content=\"Transition Sciences sociales et \u00e9ducatives - 3e et 4e - \u00c9cole secondaire de la Sainte-Union de Kain (Tournai)\" \/>\n<meta property=\"og:description\" content=\"&quot;Je suis moi-m\u00eame la mati\u00e8re de mon livre.&quot; - Montaigne Pourquoi les sciences sociales et \u00e9ducatives? L\u2019option s\u2019adresse \u00e0 un public h\u00e9t\u00e9rog\u00e8ne. Elle se veut un lieu de maturation pour toi qui es motiv\u00e9.e ou qui cherches encore ta route\" \/>\n<meta property=\"og:url\" content=\"https:\/\/www.sukain.be\/secondaire\/transition-sciences-sociales-et-educatives-3e-et-4e\/\" \/>\n<meta property=\"og:site_name\" content=\"\u00c9cole secondaire de la Sainte-Union de Kain (Tournai)\" \/>\n<meta property=\"article:modified_time\" content=\"2026-02-10T12:28:41+00:00\" \/>\n<meta property=\"og:image\" content=\"https:\/\/www.sukain.be\/secondaire\/wp-content\/uploads\/2022\/02\/TR-Sc-Soc-et-Ed-4.jpg\" \/>\n<meta name=\"twitter:label1\" content=\"Dur\u00e9e de lecture estim\u00e9e\" \/>\n\t<meta name=\"twitter:data1\" content=\"4 minutes\" \/>\n<script type=\"application\/ld+json\" class=\"yoast-schema-graph\">{\"@context\":\"https:\/\/schema.org\",\"@graph\":[{\"@type\":\"WebPage\",\"@id\":\"https:\/\/www.sukain.be\/secondaire\/transition-sciences-sociales-et-educatives-3e-et-4e\/\",\"url\":\"https:\/\/www.sukain.be\/secondaire\/transition-sciences-sociales-et-educatives-3e-et-4e\/\",\"name\":\"Transition Sciences sociales et \u00e9ducatives - 3e et 4e - \u00c9cole secondaire de la Sainte-Union de Kain (Tournai)\",\"isPartOf\":{\"@id\":\"https:\/\/www.sukain.be\/secondaire\/#website\"},\"datePublished\":\"2022-02-16T14:25:16+00:00\",\"dateModified\":\"2026-02-10T12:28:41+00:00\",\"breadcrumb\":{\"@id\":\"https:\/\/www.sukain.be\/secondaire\/transition-sciences-sociales-et-educatives-3e-et-4e\/#breadcrumb\"},\"inLanguage\":\"fr-FR\",\"potentialAction\":[{\"@type\":\"ReadAction\",\"target\":[\"https:\/\/www.sukain.be\/secondaire\/transition-sciences-sociales-et-educatives-3e-et-4e\/\"]}]},{\"@type\":\"BreadcrumbList\",\"@id\":\"https:\/\/www.sukain.be\/secondaire\/transition-sciences-sociales-et-educatives-3e-et-4e\/#breadcrumb\",\"itemListElement\":[{\"@type\":\"ListItem\",\"position\":1,\"name\":\"Accueil\",\"item\":\"https:\/\/www.sukain.be\/secondaire\/\"},{\"@type\":\"ListItem\",\"position\":2,\"name\":\"Transition Sciences sociales et \u00e9ducatives &#8211; 3e et 4e\"}]},{\"@type\":\"WebSite\",\"@id\":\"https:\/\/www.sukain.be\/secondaire\/#website\",\"url\":\"https:\/\/www.sukain.be\/secondaire\/\",\"name\":\"\u00c9cole secondaire de la Sainte-Union de Kain (Tournai)\",\"description\":\"Ton avenir entre tes mains\",\"potentialAction\":[{\"@type\":\"SearchAction\",\"target\":{\"@type\":\"EntryPoint\",\"urlTemplate\":\"https:\/\/www.sukain.be\/secondaire\/?s={search_term_string}\"},\"query-input\":\"required name=search_term_string\"}],\"inLanguage\":\"fr-FR\"}]}<\/script>\n<!-- \/ Yoast SEO plugin. -->","yoast_head_json":{"title":"Transition Sciences sociales et \u00e9ducatives - 3e et 4e - \u00c9cole secondaire de la Sainte-Union de Kain (Tournai)","robots":{"index":"index","follow":"follow","max-snippet":"max-snippet:-1","max-image-preview":"max-image-preview:large","max-video-preview":"max-video-preview:-1"},"canonical":"https:\/\/www.sukain.be\/secondaire\/transition-sciences-sociales-et-educatives-3e-et-4e\/","og_locale":"fr_FR","og_type":"article","og_title":"Transition Sciences sociales et \u00e9ducatives - 3e et 4e - \u00c9cole secondaire de la Sainte-Union de Kain (Tournai)","og_description":"\"Je suis moi-m\u00eame la mati\u00e8re de mon livre.\" - Montaigne Pourquoi les sciences sociales et \u00e9ducatives? L\u2019option s\u2019adresse \u00e0 un public h\u00e9t\u00e9rog\u00e8ne. Elle se veut un lieu de maturation pour toi qui es motiv\u00e9.e ou qui cherches encore ta route","og_url":"https:\/\/www.sukain.be\/secondaire\/transition-sciences-sociales-et-educatives-3e-et-4e\/","og_site_name":"\u00c9cole secondaire de la Sainte-Union de Kain (Tournai)","article_modified_time":"2026-02-10T12:28:41+00:00","og_image":[{"url":"https:\/\/www.sukain.be\/secondaire\/wp-content\/uploads\/2022\/02\/TR-Sc-Soc-et-Ed-4.jpg"}],"twitter_misc":{"Dur\u00e9e de lecture estim\u00e9e":"4 minutes"},"schema":{"@context":"https:\/\/schema.org","@graph":[{"@type":"WebPage","@id":"https:\/\/www.sukain.be\/secondaire\/transition-sciences-sociales-et-educatives-3e-et-4e\/","url":"https:\/\/www.sukain.be\/secondaire\/transition-sciences-sociales-et-educatives-3e-et-4e\/","name":"Transition Sciences sociales et \u00e9ducatives - 3e et 4e - \u00c9cole secondaire de la Sainte-Union de Kain (Tournai)","isPartOf":{"@id":"https:\/\/www.sukain.be\/secondaire\/#website"},"datePublished":"2022-02-16T14:25:16+00:00","dateModified":"2026-02-10T12:28:41+00:00","breadcrumb":{"@id":"https:\/\/www.sukain.be\/secondaire\/transition-sciences-sociales-et-educatives-3e-et-4e\/#breadcrumb"},"inLanguage":"fr-FR","potentialAction":[{"@type":"ReadAction","target":["https:\/\/www.sukain.be\/secondaire\/transition-sciences-sociales-et-educatives-3e-et-4e\/"]}]},{"@type":"BreadcrumbList","@id":"https:\/\/www.sukain.be\/secondaire\/transition-sciences-sociales-et-educatives-3e-et-4e\/#breadcrumb","itemListElement":[{"@type":"ListItem","position":1,"name":"Accueil","item":"https:\/\/www.sukain.be\/secondaire\/"},{"@type":"ListItem","position":2,"name":"Transition Sciences sociales et \u00e9ducatives &#8211; 3e et 4e"}]},{"@type":"WebSite","@id":"https:\/\/www.sukain.be\/secondaire\/#website","url":"https:\/\/www.sukain.be\/secondaire\/","name":"\u00c9cole secondaire de la Sainte-Union de Kain (Tournai)","description":"Ton avenir entre tes mains","potentialAction":[{"@type":"SearchAction","target":{"@type":"EntryPoint","urlTemplate":"https:\/\/www.sukain.be\/secondaire\/?s={search_term_string}"},"query-input":"required name=search_term_string"}],"inLanguage":"fr-FR"}]}},"_links":{"self":[{"href":"https:\/\/www.sukain.be\/secondaire\/wp-json\/wp\/v2\/pages\/6948"}],"collection":[{"href":"https:\/\/www.sukain.be\/secondaire\/wp-json\/wp\/v2\/pages"}],"about":[{"href":"https:\/\/www.sukain.be\/secondaire\/wp-json\/wp\/v2\/types\/page"}],"author":[{"embeddable":true,"href":"https:\/\/www.sukain.be\/secondaire\/wp-json\/wp\/v2\/users\/96"}],"replies":[{"embeddable":true,"href":"https:\/\/www.sukain.be\/secondaire\/wp-json\/wp\/v2\/comments?post=6948"}],"version-history":[{"count":20,"href":"https:\/\/www.sukain.be\/secondaire\/wp-json\/wp\/v2\/pages\/6948\/revisions"}],"predecessor-version":[{"id":8671,"href":"https:\/\/www.sukain.be\/secondaire\/wp-json\/wp\/v2\/pages\/6948\/revisions\/8671"}],"wp:attachment":[{"href":"https:\/\/www.sukain.be\/secondaire\/wp-json\/wp\/v2\/media?parent=6948"}],"wp:term":[{"taxonomy":"folder","embeddable":true,"href":"https:\/\/www.sukain.be\/secondaire\/wp-json\/wp\/v2\/folder?post=6948"}],"curies":[{"name":"wp","href":"https:\/\/api.w.org\/{rel}","templated":true}]}}