{"id":6929,"date":"2022-02-16T11:03:18","date_gmt":"2022-02-16T09:03:18","guid":{"rendered":"https:\/\/www.sukain.be\/secondaire\/?page_id=6929"},"modified":"2026-02-10T14:30:51","modified_gmt":"2026-02-10T12:30:51","slug":"transition-option-biotechnique-5e-et-6e","status":"publish","type":"page","link":"https:\/\/www.sukain.be\/secondaire\/transition-option-biotechnique-5e-et-6e\/","title":{"rendered":"Transition Option biotechnique &#8211; 5e et 6e"},"content":{"rendered":"\t\t<div data-elementor-type=\"wp-page\" data-elementor-id=\"6929\" class=\"elementor elementor-6929\">\n\t\t\t\t\t\t\t\t\t<section class=\"elementor-section elementor-top-section elementor-element elementor-element-406bcbad elementor-section-boxed elementor-section-height-default elementor-section-height-default\" data-id=\"406bcbad\" data-element_type=\"section\">\n\t\t\t\t\t\t<div class=\"elementor-container elementor-column-gap-default\">\n\t\t\t\t\t<div class=\"elementor-column elementor-col-100 elementor-top-column elementor-element elementor-element-65f25710\" data-id=\"65f25710\" data-element_type=\"column\">\n\t\t\t<div class=\"elementor-widget-wrap elementor-element-populated\">\n\t\t\t\t\t\t\t\t<div class=\"elementor-element elementor-element-3f20a6e9 elementor-widget elementor-widget-text-editor\" data-id=\"3f20a6e9\" data-element_type=\"widget\" data-widget_type=\"text-editor.default\">\n\t\t\t\t<div class=\"elementor-widget-container\">\n\t\t\t\t\t\t\t<!-- wp:verse -->\n<pre class=\"wp-block-verse\">La technique scientifique au service du Vivant et de l'Environnement.<\/pre>\n<!-- \/wp:verse --><!-- wp:heading -->\n<h2>Pourquoi les sciences biotechniques?<\/h2>\n<!-- \/wp:heading --><!-- wp:media-text {\"mediaPosition\":\"right\",\"mediaId\":6941,\"mediaLink\":\"https:\/\/www.sukain.be\/secondaire\/?attachment_id=6941\",\"mediaType\":\"image\",\"mediaWidth\":37} -->\n<div class=\"wp-block-media-text alignwide has-media-on-the-right is-stacked-on-mobile\" style=\"grid-template-columns: auto 37%;\">\n<figure class=\"wp-block-media-text__media\"><img loading=\"lazy\" decoding=\"async\" width=\"1024\" height=\"821\" class=\"wp-image-6941 size-full\" src=\"https:\/\/www.sukain.be\/secondaire\/wp-content\/uploads\/2022\/02\/biotechnique-nuage-de-mots-2-1024x821.jpg\" alt=\"\" srcset=\"https:\/\/www.sukain.be\/secondaire\/wp-content\/uploads\/2022\/02\/biotechnique-nuage-de-mots-2-1024x821.jpg 1024w, https:\/\/www.sukain.be\/secondaire\/wp-content\/uploads\/2022\/02\/biotechnique-nuage-de-mots-2-300x240.jpg 300w, https:\/\/www.sukain.be\/secondaire\/wp-content\/uploads\/2022\/02\/biotechnique-nuage-de-mots-2-768x616.jpg 768w, https:\/\/www.sukain.be\/secondaire\/wp-content\/uploads\/2022\/02\/biotechnique-nuage-de-mots-2.jpg 1078w\" sizes=\"(max-width: 1024px) 100vw, 1024px\" \/><\/figure>\n<div class=\"wp-block-media-text__content\"><!-- wp:paragraph -->\n<p>Tu es curieux\/curieuse du monde qui t\u2019entoure? La nature t\u2019int\u00e9resse? Tu veux en apprendre plus sur la biodiversit\u00e9, les biotopes terrestres et aquatiques? En choisissant l&rsquo;option biotechnique, tu pourras&#8230;<\/p>\n<!-- \/wp:paragraph --><\/div>\n<\/div>\n<!-- \/wp:media-text --><!-- wp:list -->\n<ul>\n<li>Appr\u00e9hender les questions et enjeux li\u00e9s \u00e0 l&rsquo;environnement et la biodiversit\u00e9,<\/li>\n<li>Comprendre le fonctionnement, les strat\u00e9gies de conservation et l&rsquo;\u00e9volution des \u00e9cosyst\u00e8mes aquatiques et terrestres,<\/li>\n<li>Etudier l&rsquo;\u00e9volution des organismes,<\/li>\n<li>R\u00e9aliser des observations sur le terrain et des recherches exp\u00e9rimentales,<\/li>\n<li>Ma\u00eetriser des outils d&rsquo;analyse scientifique,<\/li>\n<li>Te pr\u00e9parer \u00e0 des \u00e9tudes sup\u00e9rieures \u00e0 caract\u00e8re scientifique<\/li>\n<\/ul>\n<!-- \/wp:list --><!-- wp:heading -->\n<h2>L&rsquo;option biotechnique, concr\u00e8tement<\/h2>\n<!-- \/wp:heading --><!-- wp:gallery {\"linkTo\":\"media\"} -->\n<figure class=\"wp-block-gallery has-nested-images columns-default is-cropped\"><!-- wp:image {\"id\":6072,\"sizeSlug\":\"large\",\"linkDestination\":\"media\"} -->\n<figure class=\"wp-block-image size-large\"><a href=\"https:\/\/www.sukain.be\/secondaire\/wp-content\/uploads\/2021\/03\/5e-biotech-2-1.jpg\"><img loading=\"lazy\" decoding=\"async\" width=\"1024\" height=\"683\" class=\"wp-image-6072\" src=\"https:\/\/www.sukain.be\/secondaire\/wp-content\/uploads\/2021\/03\/5e-biotech-2-1-1024x683.jpg\" alt=\"\" srcset=\"https:\/\/www.sukain.be\/secondaire\/wp-content\/uploads\/2021\/03\/5e-biotech-2-1-1024x683.jpg 1024w, https:\/\/www.sukain.be\/secondaire\/wp-content\/uploads\/2021\/03\/5e-biotech-2-1-300x200.jpg 300w, https:\/\/www.sukain.be\/secondaire\/wp-content\/uploads\/2021\/03\/5e-biotech-2-1-768x512.jpg 768w, https:\/\/www.sukain.be\/secondaire\/wp-content\/uploads\/2021\/03\/5e-biotech-2-1-1536x1024.jpg 1536w, https:\/\/www.sukain.be\/secondaire\/wp-content\/uploads\/2021\/03\/5e-biotech-2-1.jpg 1920w\" sizes=\"(max-width: 1024px) 100vw, 1024px\" \/><\/a><\/figure>\n<!-- \/wp:image --><!-- wp:image {\"id\":6075,\"sizeSlug\":\"large\",\"linkDestination\":\"media\"} -->\n<figure class=\"wp-block-image size-large\"><a href=\"https:\/\/www.sukain.be\/secondaire\/wp-content\/uploads\/2021\/03\/5e-biotech-2-4.jpg\"><img loading=\"lazy\" decoding=\"async\" width=\"1024\" height=\"683\" class=\"wp-image-6075\" src=\"https:\/\/www.sukain.be\/secondaire\/wp-content\/uploads\/2021\/03\/5e-biotech-2-4-1024x683.jpg\" alt=\"\" srcset=\"https:\/\/www.sukain.be\/secondaire\/wp-content\/uploads\/2021\/03\/5e-biotech-2-4-1024x683.jpg 1024w, https:\/\/www.sukain.be\/secondaire\/wp-content\/uploads\/2021\/03\/5e-biotech-2-4-300x200.jpg 300w, https:\/\/www.sukain.be\/secondaire\/wp-content\/uploads\/2021\/03\/5e-biotech-2-4-768x512.jpg 768w, https:\/\/www.sukain.be\/secondaire\/wp-content\/uploads\/2021\/03\/5e-biotech-2-4-1536x1024.jpg 1536w, https:\/\/www.sukain.be\/secondaire\/wp-content\/uploads\/2021\/03\/5e-biotech-2-4.jpg 1920w\" sizes=\"(max-width: 1024px) 100vw, 1024px\" \/><\/a><\/figure>\n<!-- \/wp:image --><!-- wp:image {\"id\":6071,\"sizeSlug\":\"large\",\"linkDestination\":\"media\"} -->\n<figure class=\"wp-block-image size-large\"><a href=\"https:\/\/www.sukain.be\/secondaire\/wp-content\/uploads\/2021\/03\/5e-biotech-2.jpg\"><img loading=\"lazy\" decoding=\"async\" width=\"1024\" height=\"683\" class=\"wp-image-6071\" src=\"https:\/\/www.sukain.be\/secondaire\/wp-content\/uploads\/2021\/03\/5e-biotech-2-1024x683.jpg\" alt=\"\" srcset=\"https:\/\/www.sukain.be\/secondaire\/wp-content\/uploads\/2021\/03\/5e-biotech-2-1024x683.jpg 1024w, https:\/\/www.sukain.be\/secondaire\/wp-content\/uploads\/2021\/03\/5e-biotech-2-300x200.jpg 300w, https:\/\/www.sukain.be\/secondaire\/wp-content\/uploads\/2021\/03\/5e-biotech-2-768x512.jpg 768w, https:\/\/www.sukain.be\/secondaire\/wp-content\/uploads\/2021\/03\/5e-biotech-2-1536x1024.jpg 1536w, https:\/\/www.sukain.be\/secondaire\/wp-content\/uploads\/2021\/03\/5e-biotech-2.jpg 1920w\" sizes=\"(max-width: 1024px) 100vw, 1024px\" \/><\/a><\/figure>\n<!-- \/wp:image --><\/figure>\n<!-- \/wp:gallery --><!-- wp:heading {\"level\":4} -->\n<h4>4h\/semaine de biologie appliqu\u00e9e<\/h4>\n<!-- \/wp:heading --><!-- wp:list -->\n<ul>\n<li><strong>Ecologie: \u00e9tude de la biosph\u00e8re<\/strong>\n<ul>\n<li>unit\u00e9s \u00e9cologiques: niches \u00e9cologiques, \u00e9cosyst\u00e8mes, biomes<\/li>\n<li>facteurs \u00e9cologiques et dynamiques des populations<\/li>\n<li>succession \u00e9cologique et \u00e9volution d&rsquo;un \u00e9cosyst\u00e8me, d&rsquo;un biome, de la biosph\u00e8re; notions de climax et climax secondaire<\/li>\n<li>transferts de mati\u00e8res et d&rsquo;\u00e9nergies dans les \u00e9cosyst\u00e8mes: relations trophiques et cycles<\/li>\n<\/ul>\n<\/li>\n<li><strong>Environnement: gestion de la biosph\u00e8re<\/strong>\n<ul>\n<li>contr\u00f4le de la pollution atmosph\u00e9rique<\/li>\n<li>contr\u00f4le de la pollution des eaux<\/li>\n<li>impact de l&rsquo;agriculture sur l&rsquo;environnement<\/li>\n<li>maintien de la biodiversit\u00e9<\/li>\n<li>gestion des ressources<\/li>\n<li>am\u00e9nagement du territoire<\/li>\n<\/ul>\n<\/li>\n<li><strong>Microbiologie<\/strong>\n<ul>\n<li>d\u00e9finition, classification et caract\u00e8res essentiels des virus, bact\u00e9ries, champignons et protozoaires<\/li>\n<li>croissance et cultures bact\u00e9riennes<\/li>\n<li>fermentations lactique et alcoolique<\/li>\n<\/ul>\n<\/li>\n<li><strong>Biotechnologies et ing\u00e9nierie du vivant<\/strong>\n<ul>\n<li>g\u00e9nie g\u00e9n\u00e9tique<\/li>\n<li>cultures in vitro<\/li>\n<\/ul>\n<\/li>\n<\/ul>\n<!-- \/wp:list --><!-- wp:heading {\"level\":4} -->\n<h4>4h\/semaine de laboratoire de biologie appliqu\u00e9e<\/h4>\n<!-- \/wp:heading --><!-- wp:list -->\n<ul>\n<li>Comparaison de 2 stations foresti\u00e8res d&rsquo;une m\u00eame r\u00e9gion,<\/li>\n<li>Contr\u00f4le de la pollution des eaux,<\/li>\n<li>Microbiologie: mise en \u00e9vidence de l&rsquo;activit\u00e9 de diverses enzymes,<\/li>\n<li>R\u00e9alisation d&rsquo;une bi\u00e8re,<\/li>\n<li>Multiplicateur in vitro,<\/li>\n<li>Visites de laboratoires, d&rsquo;industries, d&rsquo;une brasserie, d&rsquo;une ferme p\u00e9dagogique, d&rsquo;une sucrerie, etc.<\/li>\n<\/ul>\n<!-- \/wp:list --><!-- wp:heading -->\n<h2>Les projets de l&rsquo;option biotechnique<\/h2>\n<!-- \/wp:heading --><!-- wp:paragraph -->\n<p>Les cours de l&rsquo;option comprennent 4 heures de biologie appliqu\u00e9e, ainsi que 4 heures de laboratoire de biologie appliqu\u00e9e. En plus des exp\u00e9riences en classe, l&rsquo;option biotechnique te permettra de faire des rencontres avec des professionnels du secteur et des sorties sur le terrain. Les activit\u00e9s sont vari\u00e9es:<\/p>\n<!-- \/wp:paragraph --><!-- wp:columns -->\n<div class=\"wp-block-columns\"><!-- wp:column {\"width\":\"100%\"} -->\n<div class=\"wp-block-column\" style=\"flex-basis: 100%;\"><!-- wp:paragraph -->\n<p>\u00a0<\/p>\n<!-- \/wp:paragraph --><!-- wp:columns -->\n<div class=\"wp-block-columns\"><!-- wp:column -->\n<div class=\"wp-block-column\"><!-- wp:image {\"id\":6944,\"sizeSlug\":\"large\",\"linkDestination\":\"media\"} -->\n<figure class=\"wp-block-image size-large\"><a href=\"https:\/\/www.sukain.be\/secondaire\/wp-content\/uploads\/2022\/02\/biotech-ULB-22.jpg\"><img loading=\"lazy\" decoding=\"async\" width=\"1024\" height=\"768\" class=\"wp-image-6944\" src=\"https:\/\/www.sukain.be\/secondaire\/wp-content\/uploads\/2022\/02\/biotech-ULB-22-1024x768.jpg\" alt=\"\" srcset=\"https:\/\/www.sukain.be\/secondaire\/wp-content\/uploads\/2022\/02\/biotech-ULB-22-1024x768.jpg 1024w, https:\/\/www.sukain.be\/secondaire\/wp-content\/uploads\/2022\/02\/biotech-ULB-22-300x225.jpg 300w, https:\/\/www.sukain.be\/secondaire\/wp-content\/uploads\/2022\/02\/biotech-ULB-22-768x576.jpg 768w, https:\/\/www.sukain.be\/secondaire\/wp-content\/uploads\/2022\/02\/biotech-ULB-22-1536x1152.jpg 1536w, https:\/\/www.sukain.be\/secondaire\/wp-content\/uploads\/2022\/02\/biotech-ULB-22.jpg 2048w\" sizes=\"(max-width: 1024px) 100vw, 1024px\" \/><\/a><\/figure>\n<!-- \/wp:image --><\/div>\n<!-- \/wp:column --><!-- wp:column -->\n<div class=\"wp-block-column\"><!-- wp:list -->\n<ul>\n<li>Stage d&rsquo;\u00e9cologie d&rsquo;eau douce<\/li>\n<li>Etude d&rsquo;une mare didactique<\/li>\n<li>Participation au <a href=\"https:\/\/www.sciences.be\/evenements\/printemps-des-sciences\/\" target=\"_blank\" rel=\"noreferrer noopener\">Printemps des Sciences<\/a><\/li>\n<li>Stage de biologie marine<\/li>\n<li>Travail en for\u00eat<\/li>\n<li>Projet de microbrasserie: du brassage \u00e0 la d\u00e9gustation!<br \/>Participation au <a href=\"https:\/\/www.imagesante.be\/fr\/\" target=\"_blank\" rel=\"noreferrer noopener\">Festival Imag\u00e9sant\u00e9<\/a><\/li>\n<li>Etc&#8230;<\/li>\n<\/ul>\n<!-- \/wp:list --><\/div>\n<!-- \/wp:column --><\/div>\n<!-- \/wp:columns --><\/div>\n<!-- \/wp:column --><\/div>\n<!-- \/wp:columns --><!-- wp:heading -->\n<h2>Les partenaires de nos projets<\/h2>\n<!-- \/wp:heading --><!-- wp:gallery {\"columns\":4,\"imageCrop\":false,\"linkTo\":\"file\"} -->\n<figure class=\"wp-block-gallery has-nested-images columns-4\"><!-- wp:image {\"id\":7073,\"sizeSlug\":\"large\",\"linkDestination\":\"custom\"} -->\n<figure class=\"wp-block-image size-large\"><a href=\"https:\/\/cercles-naturalistes.be\/\" target=\"_blank\" rel=\"noopener\"><img loading=\"lazy\" decoding=\"async\" width=\"512\" height=\"512\" class=\"wp-image-7073\" src=\"https:\/\/www.sukain.be\/secondaire\/wp-content\/uploads\/2022\/03\/Cercle-des-naturalistes-de-Belgique-partenaire-biotech.png\" alt=\"\" srcset=\"https:\/\/www.sukain.be\/secondaire\/wp-content\/uploads\/2022\/03\/Cercle-des-naturalistes-de-Belgique-partenaire-biotech.png 512w, https:\/\/www.sukain.be\/secondaire\/wp-content\/uploads\/2022\/03\/Cercle-des-naturalistes-de-Belgique-partenaire-biotech-300x300.png 300w, https:\/\/www.sukain.be\/secondaire\/wp-content\/uploads\/2022\/03\/Cercle-des-naturalistes-de-Belgique-partenaire-biotech-290x290.png 290w, https:\/\/www.sukain.be\/secondaire\/wp-content\/uploads\/2022\/03\/Cercle-des-naturalistes-de-Belgique-partenaire-biotech-230x230.png 230w, https:\/\/www.sukain.be\/secondaire\/wp-content\/uploads\/2022\/03\/Cercle-des-naturalistes-de-Belgique-partenaire-biotech-365x365.png 365w\" sizes=\"(max-width: 512px) 100vw, 512px\" \/><\/a><\/figure>\n<!-- \/wp:image --><!-- wp:image {\"id\":7072,\"sizeSlug\":\"large\",\"linkDestination\":\"custom\"} -->\n<figure class=\"wp-block-image size-large\"><a href=\"https:\/\/cta.site.asty-moulin.be\/\" target=\"_blank\" rel=\"noopener\"><img loading=\"lazy\" decoding=\"async\" width=\"265\" height=\"141\" class=\"wp-image-7072\" src=\"https:\/\/www.sukain.be\/secondaire\/wp-content\/uploads\/2022\/03\/CTA-partenaire-biotech.jpg\" alt=\"\" \/><\/a><\/figure>\n<!-- \/wp:image --><!-- wp:image {\"id\":7075,\"sizeSlug\":\"large\",\"linkDestination\":\"custom\"} -->\n<figure class=\"wp-block-image size-large\"><a href=\"https:\/\/centredemichamps.be\/\" target=\"_blank\" rel=\"noopener\"><img loading=\"lazy\" decoding=\"async\" width=\"367\" height=\"217\" class=\"wp-image-7075\" src=\"https:\/\/www.sukain.be\/secondaire\/wp-content\/uploads\/2022\/03\/michamps-partenaire-biotech.png\" alt=\"\" srcset=\"https:\/\/www.sukain.be\/secondaire\/wp-content\/uploads\/2022\/03\/michamps-partenaire-biotech.png 367w, https:\/\/www.sukain.be\/secondaire\/wp-content\/uploads\/2022\/03\/michamps-partenaire-biotech-300x177.png 300w, https:\/\/www.sukain.be\/secondaire\/wp-content\/uploads\/2022\/03\/michamps-partenaire-biotech-365x217.png 365w\" sizes=\"(max-width: 367px) 100vw, 367px\" \/><\/a><\/figure>\n<!-- \/wp:image --><!-- wp:image {\"id\":7074,\"sizeSlug\":\"large\",\"linkDestination\":\"custom\"} -->\n<figure class=\"wp-block-image size-large\"><a href=\"https:\/\/uclouvain.be\/fr\/decouvrir\/scinfuse\" target=\"_blank\" rel=\"noopener\"><img loading=\"lazy\" decoding=\"async\" width=\"865\" height=\"833\" class=\"wp-image-7074\" src=\"https:\/\/www.sukain.be\/secondaire\/wp-content\/uploads\/2022\/03\/Logo-Scienceinfuse-partenaire-biotech.png\" alt=\"\" srcset=\"https:\/\/www.sukain.be\/secondaire\/wp-content\/uploads\/2022\/03\/Logo-Scienceinfuse-partenaire-biotech.png 865w, https:\/\/www.sukain.be\/secondaire\/wp-content\/uploads\/2022\/03\/Logo-Scienceinfuse-partenaire-biotech-300x289.png 300w, https:\/\/www.sukain.be\/secondaire\/wp-content\/uploads\/2022\/03\/Logo-Scienceinfuse-partenaire-biotech-768x740.png 768w\" sizes=\"(max-width: 865px) 100vw, 865px\" \/><\/a><\/figure>\n<!-- \/wp:image --><\/figure>\n<!-- \/wp:gallery --><!-- wp:heading -->\n<h2>Les d\u00e9bouch\u00e9s de ta formation<\/h2>\n<!-- \/wp:heading --><!-- wp:paragraph -->\n<p>L&rsquo;option biotechnique te permet d&rsquo;aborder des \u00e9tudes sup\u00e9rieures:<\/p>\n<!-- \/wp:paragraph --><!-- wp:list -->\n<ul>\n<li><strong>Non-universitaires de type court<\/strong>\n<ul>\n<li>bachelier en agronomie,<\/li>\n<li>bachelier en di\u00e9t\u00e9tique,<\/li>\n<li>bachelier en chimie,<\/li>\n<li>bachelier en biotechnique,<\/li>\n<li>bachelier en biologie m\u00e9dicale (technologue de laboratoire)<\/li>\n<li>etc.<\/li>\n<\/ul>\n<\/li>\n<li><strong>Non-universitaires de type long<\/strong>\n<ul>\n<li>master en sciences de l&rsquo;ing\u00e9nieur industriel en agronomie<\/li>\n<\/ul>\n<\/li>\n<li><strong>Universitaires<\/strong>\n<ul>\n<li>master en sciences biologiques,<\/li>\n<li>master en gestion des for\u00eats et espaces naturels,<\/li>\n<li>master en sciences agronomiques,<\/li>\n<li>etc.<\/li>\n<\/ul>\n<\/li>\n<\/ul>\n<!-- \/wp:list --><!-- wp:heading -->\n<h2>La grille horaire de l&rsquo;option au 3<sup>e<\/sup> degr\u00e9<\/h2>\n<!-- \/wp:heading --><!-- wp:table {\"className\":\"is-style-stripes\"} -->\n<figure class=\"wp-block-table is-style-stripes\">\n<table>\n<tbody>\n<tr>\n<td><strong>Formation commune:<\/strong><\/td>\n<td class=\"has-text-align-center\" data-align=\"center\"><strong>En 5<sup>e<\/sup> et 6<sup>e<\/sup><\/strong><\/td>\n<\/tr>\n<tr>\n<td>Religion<\/td>\n<td class=\"has-text-align-center\" data-align=\"center\">2h<\/td>\n<\/tr>\n<tr>\n<td>Fran\u00e7ais<\/td>\n<td class=\"has-text-align-center\" data-align=\"center\">4h<\/td>\n<\/tr>\n<tr>\n<td>Formation historique<\/td>\n<td class=\"has-text-align-center\" data-align=\"center\">2h<\/td>\n<\/tr>\n<tr>\n<td>Formation g\u00e9ographique et sociale<\/td>\n<td class=\"has-text-align-center\" data-align=\"center\">2h<\/td>\n<\/tr>\n<tr>\n<td>\u00c9ducation physique<\/td>\n<td class=\"has-text-align-center\" data-align=\"center\">2h<\/td>\n<\/tr>\n<tr>\n<td>Langue moderne (anglais\/n\u00e9erlandais)<\/td>\n<td class=\"has-text-align-center\" data-align=\"center\">4h<\/td>\n<\/tr>\n<tr>\n<td>Math\u00e9matiques<\/td>\n<td class=\"has-text-align-center\" data-align=\"center\">4h<\/td>\n<\/tr>\n<tr>\n<td>Sciences<\/td>\n<td class=\"has-text-align-center\" data-align=\"center\">6h<\/td>\n<\/tr>\n<tr>\n<td><strong>Cours d&rsquo;option:<\/strong><\/td>\n<td class=\"has-text-align-center\" data-align=\"center\">\u00a0<\/td>\n<\/tr>\n<tr>\n<td>Biologie appliqu\u00e9e<\/td>\n<td class=\"has-text-align-center\" data-align=\"center\">4h<\/td>\n<\/tr>\n<tr>\n<td>Laboratoire de biologie appliqu\u00e9e<\/td>\n<td class=\"has-text-align-center\" data-align=\"center\">4h<\/td>\n<\/tr>\n<tr>\n<td>\u00a0<\/td>\n<td class=\"has-text-align-center\" data-align=\"center\"><strong>34h<\/strong><\/td>\n<\/tr>\n<\/tbody>\n<\/table>\n<\/figure>\n<!-- \/wp:table --><!-- wp:paragraph -->\n<p>\u00a0<\/p>\n<!-- \/wp:paragraph -->\t\t\t\t\t\t<\/div>\n\t\t\t\t<\/div>\n\t\t\t\t\t<\/div>\n\t\t<\/div>\n\t\t\t\t\t\t\t<\/div>\n\t\t<\/section>\n\t\t\t\t<section class=\"elementor-section elementor-top-section elementor-element elementor-element-7d3f928 elementor-section-boxed elementor-section-height-default elementor-section-height-default\" data-id=\"7d3f928\" data-element_type=\"section\">\n\t\t\t\t\t\t<div class=\"elementor-container elementor-column-gap-default\">\n\t\t\t\t\t<div class=\"elementor-column elementor-col-100 elementor-top-column elementor-element elementor-element-591ef55\" data-id=\"591ef55\" data-element_type=\"column\">\n\t\t\t<div class=\"elementor-widget-wrap elementor-element-populated\">\n\t\t\t\t\t\t\t\t<div class=\"elementor-element elementor-element-a3c346d elementor-align-center elementor-widget elementor-widget-button\" data-id=\"a3c346d\" data-element_type=\"widget\" data-widget_type=\"button.default\">\n\t\t\t\t<div class=\"elementor-widget-container\">\n\t\t\t\t\t<div class=\"elementor-button-wrapper\">\n\t\t\t<a href=\"https:\/\/drive.google.com\/file\/d\/17UpFnEnZ6zUlX-CSngHYIY3DglQ13By1\/view?usp=drive_link\" target=\"_blank\" class=\"elementor-button-link elementor-button elementor-size-sm\" role=\"button\">\n\t\t\t\t\t\t<span class=\"elementor-button-content-wrapper\">\n\t\t\t\t\t\t\t<span class=\"elementor-button-icon elementor-align-icon-left\">\n\t\t\t\t<i aria-hidden=\"true\" class=\"fas fa-file-pdf\"><\/i>\t\t\t<\/span>\n\t\t\t\t\t\t<span class=\"elementor-button-text\">T\u00e9l\u00e9charger le fascicule de pr\u00e9sentation<\/span>\n\t\t<\/span>\n\t\t\t\t\t<\/a>\n\t\t<\/div>\n\t\t\t\t<\/div>\n\t\t\t\t<\/div>\n\t\t\t\t\t<\/div>\n\t\t<\/div>\n\t\t\t\t\t\t\t<\/div>\n\t\t<\/section>\n\t\t\t\t\t\t\t<\/div>\n\t\t","protected":false},"excerpt":{"rendered":"<p>La technique scientifique au service du Vivant et de l&rsquo;Environnement. Pourquoi les sciences biotechniques? Tu es curieux\/curieuse du monde qui t\u2019entoure? La nature t\u2019int\u00e9resse? Tu veux en apprendre plus sur la biodiversit\u00e9, les biotopes terrestres et aquatiques? En choisissant l&rsquo;option<\/p>\n","protected":false},"author":96,"featured_media":0,"parent":0,"menu_order":0,"comment_status":"closed","ping_status":"closed","template":"","meta":{"footnotes":""},"folder":[],"yoast_head":"<!-- This site is optimized with the Yoast SEO plugin v20.0 - https:\/\/yoast.com\/wordpress\/plugins\/seo\/ -->\n<title>Transition Option biotechnique - 5e et 6e - \u00c9cole secondaire de la Sainte-Union de Kain (Tournai)<\/title>\n<meta name=\"robots\" content=\"index, follow, max-snippet:-1, max-image-preview:large, max-video-preview:-1\" \/>\n<link rel=\"canonical\" href=\"https:\/\/www.sukain.be\/secondaire\/transition-option-biotechnique-5e-et-6e\/\" \/>\n<meta property=\"og:locale\" content=\"fr_FR\" \/>\n<meta property=\"og:type\" content=\"article\" \/>\n<meta property=\"og:title\" content=\"Transition Option biotechnique - 5e et 6e - \u00c9cole secondaire de la Sainte-Union de Kain (Tournai)\" \/>\n<meta property=\"og:description\" content=\"La technique scientifique au service du Vivant et de l&#039;Environnement. Pourquoi les sciences biotechniques? Tu es curieux\/curieuse du monde qui t\u2019entoure? La nature t\u2019int\u00e9resse? Tu veux en apprendre plus sur la biodiversit\u00e9, les biotopes terrestres et aquatiques? En choisissant l&rsquo;option\" \/>\n<meta property=\"og:url\" content=\"https:\/\/www.sukain.be\/secondaire\/transition-option-biotechnique-5e-et-6e\/\" \/>\n<meta property=\"og:site_name\" content=\"\u00c9cole secondaire de la Sainte-Union de Kain (Tournai)\" \/>\n<meta property=\"article:modified_time\" content=\"2026-02-10T12:30:51+00:00\" \/>\n<meta property=\"og:image\" content=\"https:\/\/www.sukain.be\/secondaire\/wp-content\/uploads\/2022\/02\/biotechnique-nuage-de-mots-2-1024x821.jpg\" \/>\n<meta name=\"twitter:label1\" content=\"Dur\u00e9e de lecture estim\u00e9e\" \/>\n\t<meta name=\"twitter:data1\" content=\"5 minutes\" \/>\n<script type=\"application\/ld+json\" class=\"yoast-schema-graph\">{\"@context\":\"https:\/\/schema.org\",\"@graph\":[{\"@type\":\"WebPage\",\"@id\":\"https:\/\/www.sukain.be\/secondaire\/transition-option-biotechnique-5e-et-6e\/\",\"url\":\"https:\/\/www.sukain.be\/secondaire\/transition-option-biotechnique-5e-et-6e\/\",\"name\":\"Transition Option biotechnique - 5e et 6e - \u00c9cole secondaire de la Sainte-Union de Kain (Tournai)\",\"isPartOf\":{\"@id\":\"https:\/\/www.sukain.be\/secondaire\/#website\"},\"datePublished\":\"2022-02-16T09:03:18+00:00\",\"dateModified\":\"2026-02-10T12:30:51+00:00\",\"breadcrumb\":{\"@id\":\"https:\/\/www.sukain.be\/secondaire\/transition-option-biotechnique-5e-et-6e\/#breadcrumb\"},\"inLanguage\":\"fr-FR\",\"potentialAction\":[{\"@type\":\"ReadAction\",\"target\":[\"https:\/\/www.sukain.be\/secondaire\/transition-option-biotechnique-5e-et-6e\/\"]}]},{\"@type\":\"BreadcrumbList\",\"@id\":\"https:\/\/www.sukain.be\/secondaire\/transition-option-biotechnique-5e-et-6e\/#breadcrumb\",\"itemListElement\":[{\"@type\":\"ListItem\",\"position\":1,\"name\":\"Accueil\",\"item\":\"https:\/\/www.sukain.be\/secondaire\/\"},{\"@type\":\"ListItem\",\"position\":2,\"name\":\"Transition Option biotechnique &#8211; 5e et 6e\"}]},{\"@type\":\"WebSite\",\"@id\":\"https:\/\/www.sukain.be\/secondaire\/#website\",\"url\":\"https:\/\/www.sukain.be\/secondaire\/\",\"name\":\"\u00c9cole secondaire de la Sainte-Union de Kain (Tournai)\",\"description\":\"Ton avenir entre tes mains\",\"potentialAction\":[{\"@type\":\"SearchAction\",\"target\":{\"@type\":\"EntryPoint\",\"urlTemplate\":\"https:\/\/www.sukain.be\/secondaire\/?s={search_term_string}\"},\"query-input\":\"required name=search_term_string\"}],\"inLanguage\":\"fr-FR\"}]}<\/script>\n<!-- \/ Yoast SEO plugin. -->","yoast_head_json":{"title":"Transition Option biotechnique - 5e et 6e - \u00c9cole secondaire de la Sainte-Union de Kain (Tournai)","robots":{"index":"index","follow":"follow","max-snippet":"max-snippet:-1","max-image-preview":"max-image-preview:large","max-video-preview":"max-video-preview:-1"},"canonical":"https:\/\/www.sukain.be\/secondaire\/transition-option-biotechnique-5e-et-6e\/","og_locale":"fr_FR","og_type":"article","og_title":"Transition Option biotechnique - 5e et 6e - \u00c9cole secondaire de la Sainte-Union de Kain (Tournai)","og_description":"La technique scientifique au service du Vivant et de l'Environnement. Pourquoi les sciences biotechniques? Tu es curieux\/curieuse du monde qui t\u2019entoure? La nature t\u2019int\u00e9resse? Tu veux en apprendre plus sur la biodiversit\u00e9, les biotopes terrestres et aquatiques? En choisissant l&rsquo;option","og_url":"https:\/\/www.sukain.be\/secondaire\/transition-option-biotechnique-5e-et-6e\/","og_site_name":"\u00c9cole secondaire de la Sainte-Union de Kain (Tournai)","article_modified_time":"2026-02-10T12:30:51+00:00","og_image":[{"url":"https:\/\/www.sukain.be\/secondaire\/wp-content\/uploads\/2022\/02\/biotechnique-nuage-de-mots-2-1024x821.jpg"}],"twitter_misc":{"Dur\u00e9e de lecture estim\u00e9e":"5 minutes"},"schema":{"@context":"https:\/\/schema.org","@graph":[{"@type":"WebPage","@id":"https:\/\/www.sukain.be\/secondaire\/transition-option-biotechnique-5e-et-6e\/","url":"https:\/\/www.sukain.be\/secondaire\/transition-option-biotechnique-5e-et-6e\/","name":"Transition Option biotechnique - 5e et 6e - \u00c9cole secondaire de la Sainte-Union de Kain (Tournai)","isPartOf":{"@id":"https:\/\/www.sukain.be\/secondaire\/#website"},"datePublished":"2022-02-16T09:03:18+00:00","dateModified":"2026-02-10T12:30:51+00:00","breadcrumb":{"@id":"https:\/\/www.sukain.be\/secondaire\/transition-option-biotechnique-5e-et-6e\/#breadcrumb"},"inLanguage":"fr-FR","potentialAction":[{"@type":"ReadAction","target":["https:\/\/www.sukain.be\/secondaire\/transition-option-biotechnique-5e-et-6e\/"]}]},{"@type":"BreadcrumbList","@id":"https:\/\/www.sukain.be\/secondaire\/transition-option-biotechnique-5e-et-6e\/#breadcrumb","itemListElement":[{"@type":"ListItem","position":1,"name":"Accueil","item":"https:\/\/www.sukain.be\/secondaire\/"},{"@type":"ListItem","position":2,"name":"Transition Option biotechnique &#8211; 5e et 6e"}]},{"@type":"WebSite","@id":"https:\/\/www.sukain.be\/secondaire\/#website","url":"https:\/\/www.sukain.be\/secondaire\/","name":"\u00c9cole secondaire de la Sainte-Union de Kain (Tournai)","description":"Ton avenir entre tes mains","potentialAction":[{"@type":"SearchAction","target":{"@type":"EntryPoint","urlTemplate":"https:\/\/www.sukain.be\/secondaire\/?s={search_term_string}"},"query-input":"required name=search_term_string"}],"inLanguage":"fr-FR"}]}},"_links":{"self":[{"href":"https:\/\/www.sukain.be\/secondaire\/wp-json\/wp\/v2\/pages\/6929"}],"collection":[{"href":"https:\/\/www.sukain.be\/secondaire\/wp-json\/wp\/v2\/pages"}],"about":[{"href":"https:\/\/www.sukain.be\/secondaire\/wp-json\/wp\/v2\/types\/page"}],"author":[{"embeddable":true,"href":"https:\/\/www.sukain.be\/secondaire\/wp-json\/wp\/v2\/users\/96"}],"replies":[{"embeddable":true,"href":"https:\/\/www.sukain.be\/secondaire\/wp-json\/wp\/v2\/comments?post=6929"}],"version-history":[{"count":27,"href":"https:\/\/www.sukain.be\/secondaire\/wp-json\/wp\/v2\/pages\/6929\/revisions"}],"predecessor-version":[{"id":8674,"href":"https:\/\/www.sukain.be\/secondaire\/wp-json\/wp\/v2\/pages\/6929\/revisions\/8674"}],"wp:attachment":[{"href":"https:\/\/www.sukain.be\/secondaire\/wp-json\/wp\/v2\/media?parent=6929"}],"wp:term":[{"taxonomy":"folder","embeddable":true,"href":"https:\/\/www.sukain.be\/secondaire\/wp-json\/wp\/v2\/folder?post=6929"}],"curies":[{"name":"wp","href":"https:\/\/api.w.org\/{rel}","templated":true}]}}