{"id":6300,"date":"2021-06-30T23:43:15","date_gmt":"2021-06-30T21:43:15","guid":{"rendered":"http:\/\/www.sukain.be\/secondaire\/?page_id=6300"},"modified":"2026-02-10T14:15:41","modified_gmt":"2026-02-10T12:15:41","slug":"5eme-et-6eme-general-option-sciences-sociales","status":"publish","type":"page","link":"https:\/\/www.sukain.be\/secondaire\/5eme-et-6eme-general-option-sciences-sociales\/","title":{"rendered":"G\u00e9n\u00e9ral Option Sciences Sociales &#8211; 5e et 6e"},"content":{"rendered":"\t\t<div data-elementor-type=\"wp-page\" data-elementor-id=\"6300\" class=\"elementor elementor-6300\">\n\t\t\t\t\t\t\t\t\t<section class=\"elementor-section elementor-top-section elementor-element elementor-element-3ab58850 elementor-section-boxed elementor-section-height-default elementor-section-height-default\" data-id=\"3ab58850\" data-element_type=\"section\">\n\t\t\t\t\t\t<div class=\"elementor-container elementor-column-gap-default\">\n\t\t\t\t\t<div class=\"elementor-column elementor-col-100 elementor-top-column elementor-element elementor-element-4098357d\" data-id=\"4098357d\" data-element_type=\"column\">\n\t\t\t<div class=\"elementor-widget-wrap elementor-element-populated\">\n\t\t\t\t\t\t\t\t<div class=\"elementor-element elementor-element-50a6ee5f elementor-widget elementor-widget-text-editor\" data-id=\"50a6ee5f\" data-element_type=\"widget\" data-widget_type=\"text-editor.default\">\n\t\t\t\t<div class=\"elementor-widget-container\">\n\t\t\t\t\t\t\t<!-- wp:preformatted -->\n<pre id=\"block-140574bb-0d65-4ed0-abb4-5f8ca18c61a8\" class=\"wp-block-preformatted\">\u00ab&nbsp;Enseigner la compr\u00e9hension entre les humains est la condition et le garant de la solidarit\u00e9 intellectuelle et morale de l'humanit\u00e9.&nbsp;\u00bb&nbsp; Edgar Morin<\/pre>\n<!-- \/wp:preformatted -->\n\n<!-- wp:heading -->\n<h2 id=\"block-1ade89b0-be68-4e11-9043-da834b1f64c1\">Pourquoi les Sciences Sociales&nbsp;?<\/h2>\n<!-- \/wp:heading -->\n\n<!-- wp:paragraph -->\n<p id=\"block-cc1aeee3-0010-4d7d-9f5a-13cc7ef625a1\">Dans cette option, les concepts, mod\u00e8les th\u00e9oriques et outils propres aux sciences sociales ne sont pas consid\u00e9r\u00e9s comme des finalit\u00e9s, mais bien comme des <strong>moyens <\/strong>au service d&rsquo;un dispositif p\u00e9dagogique plus large. Il ne s\u2019agit pas ici d\u2019<em>enseigner <\/em>, mais bien de <em>former <\/em>aux sciences sociales.<\/p>\n<!-- \/wp:paragraph -->\n\n<!-- wp:media-text {\"mediaPosition\":\"right\",\"mediaType\":\"image\",\"mediaWidth\":25} -->\n<div class=\"wp-block-media-text alignwide has-media-on-the-right is-stacked-on-mobile\" style=\"grid-template-columns:auto 25%\"><figure class=\"wp-block-media-text__media\"><img decoding=\"async\" src=\"https:\/\/www.sukain.be\/secondaire\/wp-content\/uploads\/2021\/06\/Sciences-sociales-1.jpg\" alt=\"\"\/><\/figure><div class=\"wp-block-media-text__content\"><!-- wp:paragraph {\"placeholder\":\"Contenu\u2026\"} -->\n<p>Au cours de ta formation, tu te familiariseras notamment avec la <strong>m\u00e9thode scientifique<\/strong>, qui te permettra d&rsquo;aborder les sujets avec rigueur et justesse. Les activit\u00e9s d\u2019apprentissage comprennent entre autres l\u2019analyse de statistiques, des sondages, des interviews,&nbsp; la formulation d&rsquo;une question de d\u00e9part \u00e0 partir d&rsquo;un fait social, l\u2019 organisation d&rsquo;une enqu\u00eate, la confection d&rsquo;un plan de travail, l\u2019utilisation de power point et d&rsquo;Excel, des expos\u00e9s oraux, des recherches sur Internet, &#8230; .<\/p>\n<!-- \/wp:paragraph --><\/div><\/div>\n<!-- \/wp:media-text -->\n\n<!-- wp:heading -->\n<h2 id=\"block-d84e442e-4d6b-45a7-a008-89a51bcb5078\">L\u2019option Sciences Sociales, concr\u00e8tement<\/h2>\n<!-- \/wp:heading -->\n\n<!-- wp:paragraph -->\n<p id=\"block-14ecdc2e-f214-40d5-9b69-a5b3ad86bbd0\">Dans le cadre du cours, tu aborderas diff\u00e9rentes disciplines telles que:<\/p>\n<!-- \/wp:paragraph -->\n\n<!-- wp:list -->\n<ul id=\"block-59a5c3d8-44d4-4663-8fef-2577db8b564b\"><li>la sociologie,<\/li><li>l&rsquo;anthropologie sociale et culturelle,<\/li><li>l&rsquo;\u00e9conomie politique,<\/li><li>les sciences politiques,<\/li><li>la psychologie sociale,<\/li><li>le droit,<\/li><li>les communications sociales.<\/li><\/ul>\n<!-- \/wp:list -->\n\n<!-- wp:paragraph -->\n<p id=\"block-e28c0296-5875-46b5-b715-146c186cdd8f\">Selon la situation-probl\u00e8me abord\u00e9e, certains concepts et mod\u00e8les th\u00e9oriques peuvent aussi \u00eatre emprunt\u00e9s \u00e0 la psychologie g\u00e9n\u00e9rale.<\/p>\n<!-- \/wp:paragraph -->\n\n<!-- wp:heading -->\n<h2 id=\"block-a0934d52-25d0-44bb-b0af-a6c528c21980\">Les projets de l\u2019option<\/h2>\n<!-- \/wp:heading -->\n\n<!-- wp:paragraph -->\n<p id=\"block-7aba62f2-043c-4942-8111-85df8eb16bca\">En fonction des chapitres, des opportunit\u00e9s et de la motivation des \u00e9l\u00e8ves, divers projets sont port\u00e9s chaque ann\u00e9e.<\/p>\n<!-- \/wp:paragraph -->\n\n<!-- wp:media-text {\"mediaType\":\"image\",\"mediaWidth\":36} -->\n<div class=\"wp-block-media-text alignwide is-stacked-on-mobile\" style=\"grid-template-columns:36% auto\"><figure class=\"wp-block-media-text__media\"><img decoding=\"async\" src=\"https:\/\/www.sukain.be\/secondaire\/wp-content\/uploads\/2021\/06\/Sciences-Sociales-2.jpg\" alt=\"\"\/><\/figure><div class=\"wp-block-media-text__content\"><!-- wp:paragraph -->\n<p>&nbsp;Tu auras l\u2019occasion de <strong>rencontrer <\/strong>des professionnels de diff\u00e9rents secteurs (assistants sociaux, avocats, juges, journalistes, repr\u00e9sentants de la r\u00e9gion wallonne, etc.), mais aussi d\u2019\u00e9couter les t\u00e9moignages marquants de rescap\u00e9s d&rsquo;Auschwitz, ou d&rsquo;immigr\u00e9s de la premi\u00e8re g\u00e9n\u00e9ration par exemple.<\/p>\n<!-- \/wp:paragraph -->\n\n<!-- wp:paragraph -->\n<p>Des <strong>visites&nbsp;<\/strong>sont \u00e9galement pr\u00e9vues: le tribunal correctionnel (pouvoir judiciaire), le parlement europ\u00e9en (pouvoir l\u00e9gislatif), des biblioth\u00e8ques, les plannings familiaux,\u2026<\/p>\n<!-- \/wp:paragraph --><\/div><\/div>\n<!-- \/wp:media-text -->\n\n<!-- wp:paragraph -->\n<p id=\"block-33de3ca0-411c-48e7-8c94-c9c01f5c4be6\">Pr\u00e9c\u00e9demment, il y a eu par exemple :<\/p>\n<!-- \/wp:paragraph -->\n\n<!-- wp:paragraph -->\n<p id=\"block-29c77c75-4b19-4b8c-a923-80e70de9d3be\">&#8211;&nbsp;un <strong>colloque <\/strong>sur l&rsquo;anorexie organis\u00e9 dans notre \u00e9cole par le centre EGO et les \u00e9l\u00e8ves de&nbsp; sciences sociales, anim\u00e9 par Mme Maes (psychoth\u00e9rapeute et pr\u00e9sidente du centre EGO, initiatrice du projet) et Mme Martin (psychiatre).&nbsp;<\/p>\n<!-- \/wp:paragraph -->\n\n<!-- wp:paragraph -->\n<p id=\"block-61111ae7-b01d-4527-9446-080eb56dbbec\">&#8211; Une collaboration <strong>Comenius <\/strong>avec trois autres \u00e9coles (allemande, anglaise et polonaise) portant sur une comparaison de l&rsquo;immigration dans ces pays. Un court m\u00e9trage a alors \u00e9t\u00e9 con\u00e7u par les \u00e9l\u00e8ves avec le CRRAV de Tourcoing, illustrant le dilemme d&rsquo;un jeune tournaisien d&rsquo;origine espagnole dont les parents, \u00e0 l&rsquo;\u00e2ge de la pension, veulent retourner dans leur pays<\/p>\n<!-- \/wp:paragraph -->\n\n<!-- wp:image {\"align\":\"center\",\"width\":-459,\"height\":-309} -->\n<div id=\"block-4c6f7d85-d630-476d-9f31-61571de49dae\" class=\"wp-block-image\"><figure class=\"aligncenter is-resized\"><img decoding=\"async\" src=\"https:\/\/www.sukain.be\/secondaire\/wp-content\/uploads\/2021\/06\/Sciences-Sociales-3.jpg\" alt=\"L\u2019attribut alt de cette image est vide, son nom de fichier est Sciences-Sociales-3.jpg.\" width=\"-459\" height=\"-309\"\/><\/figure><\/div>\n<!-- \/wp:image -->\n\n<!-- wp:heading -->\n<h2 id=\"block-e871b8a7-b2c1-4beb-b5ed-091893ffc5d3\">Les Sciences Sociales, oui, mais avec quoi&nbsp;?<\/h2>\n<!-- \/wp:heading -->\n\n<!-- wp:paragraph -->\n<p id=\"block-9a57c789-f6bc-4e76-adfa-a71a2bf32c45\">D\u00e8s la troisi\u00e8me ann\u00e9e, il est possible de combiner les sciences sociales avec d\u2019autres disciplines dans plusieurs options.<\/p>\n<!-- \/wp:paragraph -->\n\n<!-- wp:list -->\n<ul id=\"block-68695aa8-e91e-4222-9cfd-118fb01fc6ad\"><li><strong>En troisi\u00e8me et quatri\u00e8me<\/strong>&nbsp;: Sciences sociales\u2005-\u2005Langues, Sciences sociales\u2005-\u2005Sciences<\/li><li><strong>En cinqui\u00e8me et sixi\u00e8me<\/strong>&nbsp;: Sciences sociales\u2005-\u2005Langues,&nbsp; Sciences sociales\u2005- Sciences,&nbsp; Sciences sociales \u2013 Litt\u00e9raire<\/li><\/ul>\n<!-- \/wp:list -->\n\n<!-- wp:heading -->\n<h2 id=\"block-d61aee9f-f047-466e-8f32-3a03ff3f2519\">Les d\u00e9bouch\u00e9s de ta formation<\/h2>\n<!-- \/wp:heading -->\n\n<!-- wp:paragraph -->\n<p id=\"block-10b50cee-7c1e-4eeb-89ba-b3b44794c66d\">L\u2019option Sciences Sociales te pr\u00e9pare notamment \u00e0 des \u00e9tudes comme par exemple:<\/p>\n<!-- \/wp:paragraph -->\n\n<!-- wp:list -->\n<ul id=\"block-d762f411-b9f0-4c91-9c15-36e7271d586a\"><li>le journalisme,<\/li><li>le droit,<\/li><li>la psychologie,<\/li><li>la sociologie ,<\/li><li>l\u2019assistance sociale&#8230;<\/li><\/ul>\n<!-- \/wp:list -->\n\n<!-- wp:heading -->\n<h2 id=\"block-654b2c47-5172-43d5-b23e-2c392f46d881\">La grille horaire de l&rsquo;option au 3\u00e8me degr\u00e9<\/h2>\n<!-- \/wp:heading -->\n\n<!-- wp:table {\"className\":\"is-style-stripes\"} -->\n<figure class=\"wp-block-table is-style-stripes\"><table><thead><tr><th>Branches<\/th><th class=\"has-text-align-center\" data-align=\"center\">Sciences Sociales &#8211; Sciences<\/th><th class=\"has-text-align-center\" data-align=\"center\">Sciences Sociales &#8211; Litt\u00e9raire<\/th><th class=\"has-text-align-center\" data-align=\"center\">Sciences Sociales &#8211; Langues<\/th><\/tr><\/thead><tbody><tr><td>Education physique<\/td><td class=\"has-text-align-center\" data-align=\"center\">2<\/td><td class=\"has-text-align-center\" data-align=\"center\">2<\/td><td class=\"has-text-align-center\" data-align=\"center\">2<\/td><\/tr><tr><td>G\u00e9ographie<\/td><td class=\"has-text-align-center\" data-align=\"center\">2<\/td><td class=\"has-text-align-center\" data-align=\"center\">2<\/td><td class=\"has-text-align-center\" data-align=\"center\">2<\/td><\/tr><tr><td>Histoire<\/td><td class=\"has-text-align-center\" data-align=\"center\">2<\/td><td class=\"has-text-align-center\" data-align=\"center\">4<\/td><td class=\"has-text-align-center\" data-align=\"center\">2<\/td><\/tr><tr><td>Fran\u00e7ais<\/td><td class=\"has-text-align-center\" data-align=\"center\">4<\/td><td class=\"has-text-align-center\" data-align=\"center\">4+2<\/td><td class=\"has-text-align-center\" data-align=\"center\">4<\/td><\/tr><tr><td>Religion<\/td><td class=\"has-text-align-center\" data-align=\"center\">2<\/td><td class=\"has-text-align-center\" data-align=\"center\">2<\/td><td class=\"has-text-align-center\" data-align=\"center\">2<\/td><\/tr><tr><td>Math\u00e9matiques<\/td><td class=\"has-text-align-center\" data-align=\"center\">4<\/td><td class=\"has-text-align-center\" data-align=\"center\">2<\/td><td class=\"has-text-align-center\" data-align=\"center\">4<\/td><\/tr><tr><td>Sciences<\/td><td class=\"has-text-align-center\" data-align=\"center\"><\/td><td class=\"has-text-align-center\" data-align=\"center\"><\/td><td class=\"has-text-align-center\" data-align=\"center\"><\/td><\/tr><tr><td> &#8211; Physique<\/td><td class=\"has-text-align-center\" data-align=\"center\">2<\/td><td class=\"has-text-align-center\" data-align=\"center\">1<\/td><td class=\"has-text-align-center\" data-align=\"center\">1<\/td><\/tr><tr><td> &#8211; Chimie<\/td><td class=\"has-text-align-center\" data-align=\"center\">2<\/td><td class=\"has-text-align-center\" data-align=\"center\">1<\/td><td class=\"has-text-align-center\" data-align=\"center\">1<\/td><\/tr><tr><td> &#8211; Biologie<\/td><td class=\"has-text-align-center\" data-align=\"center\">2<\/td><td class=\"has-text-align-center\" data-align=\"center\">1<\/td><td class=\"has-text-align-center\" data-align=\"center\">1<\/td><\/tr><tr><td>Langue 1 (n\u00e9erlandais ou anglais)<\/td><td class=\"has-text-align-center\" data-align=\"center\">4<\/td><td class=\"has-text-align-center\" data-align=\"center\">4<\/td><td class=\"has-text-align-center\" data-align=\"center\">4<\/td><\/tr><tr><td>Langue 2 (anglais ou n\u00e9erlandais)<\/td><td class=\"has-text-align-center\" data-align=\"center\">0<\/td><td class=\"has-text-align-center\" data-align=\"center\">0<\/td><td class=\"has-text-align-center\" data-align=\"center\">4<\/td><\/tr><tr><td>Langue 2 2H<\/td><td class=\"has-text-align-center\" data-align=\"center\">0\/2<\/td><td class=\"has-text-align-center\" data-align=\"center\">0\/2<\/td><td class=\"has-text-align-center\" data-align=\"center\">0<\/td><\/tr><tr><td>Sciences sociales<\/td><td class=\"has-text-align-center\" data-align=\"center\">4<\/td><td class=\"has-text-align-center\" data-align=\"center\">4<\/td><td class=\"has-text-align-center\" data-align=\"center\">4<\/td><\/tr><tr><td>Histoire de l&rsquo;Art<\/td><td class=\"has-text-align-center\" data-align=\"center\">01<\/td><td class=\"has-text-align-center\" data-align=\"center\">0<\/td><td class=\"has-text-align-center\" data-align=\"center\">1<\/td><\/tr><tr><td>\ufeff<\/td><td class=\"has-text-align-center\" data-align=\"center\">30-32<\/td><td class=\"has-text-align-center\" data-align=\"center\">30-32<\/td><td class=\"has-text-align-center\" data-align=\"center\">31<\/td><\/tr><\/tbody><\/table><\/figure>\n<!-- \/wp:table -->\n\n<!-- wp:heading -->\n<h2 id=\"block-1b95984f-a51e-47cd-b3aa-d429ef9c5ef7\">Qu\u2019en pensent les anciens&nbsp;?<\/h2>\n<!-- \/wp:heading -->\n\n<!-- wp:quote {\"className\":\"is-style-default\"} -->\n<blockquote class=\"wp-block-quote is-style-default\"><p><em>\u00ab&nbsp;(&#8230;) les cours du secondaire m&rsquo;ont donn\u00e9 de bonnes bases pour entamer mes \u00e9tudes universitaires. J&rsquo;ai fait mes candidatures (&#8230;) en sociologie-anthropologie donc [les] cours sur Durkheim et Weber ont pris tout leur sens ! Pour ma licence, j&rsquo;ai choisi l&rsquo;option gestion des ressources humaines. J&rsquo;ai souvent repens\u00e9 aux interros hebdomadaires [du] cours car les notions de fait social, de norme sociale, etc. \u00e9taient d\u00e9j\u00e0 moins n\u00e9buleuses pour moi.<\/em><br><em>Je travaille maintenant pour l&rsquo;IFAPME depuis 5 ans, j&rsquo;encadre des jeunes en formation : apprentissage et formation \u00ab&nbsp;chef d&rsquo;entreprise&nbsp;\u00bb.&nbsp;L&rsquo;\u00e9tude des sciences sociales m&rsquo;a surtout apport\u00e9 une m\u00e9thode de travail, un souci d&rsquo;objectivit\u00e9 et une r\u00e9elle ouverture d&rsquo;esprit.<\/em><br><em>J&rsquo;ai eu la chance de faire une enqu\u00eate de terrain pour mon m\u00e9moire, o\u00f9 j&rsquo;ai pu mettre en pratique les m\u00e9thodes apprises [en] sciences sociales : observation participante, entretiens, questionnaires.<\/em><br><em>Bref,&nbsp; je suis ravie d&rsquo;avoir choisi l&rsquo;option sciences sociales tant en secondaire qu&rsquo;\u00e0 l&rsquo;universit\u00e9.(&#8230;)&nbsp;\u00bb<\/em><\/p><cite><strong>C F , d\u00e9l\u00e9gu\u00e9e \u00e0 la tutelle \u00e0 l&rsquo;IFAPME<\/strong><\/cite><\/blockquote>\n<!-- \/wp:quote -->\n\n<!-- wp:quote {\"className\":\"is-style-default\"} -->\n<blockquote class=\"wp-block-quote is-style-default\"><p><em>\u00ab&nbsp; Voil\u00e0 quelques ann\u00e9es que j ai quitt\u00e9 la Sainte-Union.&nbsp;J&rsquo; avais commenc\u00e9 en socio-\u00e9conomie pour continuer en sciences sociales. C\u2019 \u00e9tait un peu comme une suite logique.<\/em> <em>Qu&rsquo; est ce que cela m\u2019 a apport\u00e9? J &lsquo;ai appris \u00e0 retirer les points importants d un texte, \u00e0 faire l &lsquo;analyse, la synth\u00e8se, \u00e0 aller directement \u00e0 l &lsquo;essentiel.<\/em> <em>De plus, nous avons fait de nombreux travaux de groupe, des expos\u00e9s, des recherches, des enqu\u00eates, des comparaisons de programmes \u00e9lectoraux, de journaux t\u00e9l\u00e9vis\u00e9s &#8230;&nbsp;<\/em><br><em>Apr\u00e8s avoir vu la th\u00e9orie, nous mettions en pratique par des exercices, ce qui permettait une meilleure assimilation.<\/em> <em>Cela m\u2019a permis d &lsquo;aller vers les autres lors d\u2019 enqu\u00eates ou d&rsquo;interviews, de me d\u00e9couvrir, d&rsquo;assumer mes id\u00e9es et d&rsquo;en discuter.<\/em> <em>Comme le jour o\u00f9 nous avons quitt\u00e9 le cours pour aller manifester: nous avons assum\u00e9 nos id\u00e9es jusqu&rsquo; au bout.&nbsp;\u00bb<\/em><\/p><cite><strong>S L ,&nbsp; infirmi\u00e8re<\/strong><\/cite><\/blockquote>\n<!-- \/wp:quote -->\n\n<!-- wp:quote {\"className\":\"is-style-default\"} -->\n<blockquote class=\"wp-block-quote is-style-default\"><p><em>\u00ab&nbsp;La formation en sciences sociales m&rsquo;a aid\u00e9 \u00e0 me rendre compte de toutes les sciences humaines possibles dans lesquelles je pouvais \u00e9ventuellement m&rsquo;engager.Chacune des disciplines des sciences humaines est abord\u00e9e en g\u00e9n\u00e9ral, puis une \u00e9tude plus pr\u00e9cise est propos\u00e9e.L&rsquo;approche est synth\u00e9tique et analytique \u00e0 la fois.Dans mes \u00e9tudes sup\u00e9rieures, j\u2019ai entendu parler de Freud, de comportementalisme, de Marx, de Bourdieu&nbsp;. Tout cela ne m&rsquo;\u00e9tait pas inconnu et c&rsquo;\u00e9tait un atout !&nbsp;<\/em><br><em>Si vous voulez faire un m\u00e9tier qui implique des sciences humaines, choisissez l&rsquo;option sciences sociales !<\/em><br><strong><em>Pourquoi \u00e0 la Sainte-Union ?&nbsp;<br><\/em><\/strong><em>Parce que l&rsquo;exp\u00e9rience et le savoir-faire des enseignants sont bien r\u00e9els !&nbsp;\u00bb<\/em><\/p><cite><strong>A W, r\u00e9gent&nbsp; (EDM, histoire, g\u00e9ographie, socio-\u00e9conomie, sciences sociales)<\/strong><\/cite><\/blockquote>\n<!-- \/wp:quote -->\n\n<div style=\"text-align: center;\"><a class=\"like-elementor-bt\" href=\"https:\/\/www.sukain.be\/secondaire\/nos-formations\/\">Retourner vers les offres d&rsquo;enseignement<\/a><\/div>\t\t\t\t\t\t<\/div>\n\t\t\t\t<\/div>\n\t\t\t\t\t<\/div>\n\t\t<\/div>\n\t\t\t\t\t\t\t<\/div>\n\t\t<\/section>\n\t\t\t\t<section class=\"elementor-section elementor-top-section elementor-element elementor-element-bd927d0 elementor-section-boxed elementor-section-height-default elementor-section-height-default\" data-id=\"bd927d0\" data-element_type=\"section\">\n\t\t\t\t\t\t<div class=\"elementor-container elementor-column-gap-default\">\n\t\t\t\t\t<div class=\"elementor-column elementor-col-100 elementor-top-column elementor-element elementor-element-901c766\" data-id=\"901c766\" data-element_type=\"column\">\n\t\t\t<div class=\"elementor-widget-wrap elementor-element-populated\">\n\t\t\t\t\t\t\t\t<div class=\"elementor-element elementor-element-2b21bf0 elementor-align-center elementor-widget elementor-widget-button\" data-id=\"2b21bf0\" data-element_type=\"widget\" data-widget_type=\"button.default\">\n\t\t\t\t<div class=\"elementor-widget-container\">\n\t\t\t\t\t<div class=\"elementor-button-wrapper\">\n\t\t\t<a href=\"https:\/\/drive.google.com\/file\/d\/1IiGrhX8-jeRlfJ8vd0aCc_-uSPpHFQ6t\/view?usp=drive_link\" target=\"_blank\" class=\"elementor-button-link elementor-button elementor-size-sm\" role=\"button\">\n\t\t\t\t\t\t<span class=\"elementor-button-content-wrapper\">\n\t\t\t\t\t\t\t<span class=\"elementor-button-icon elementor-align-icon-left\">\n\t\t\t\t<i aria-hidden=\"true\" class=\"fas fa-file-pdf\"><\/i>\t\t\t<\/span>\n\t\t\t\t\t\t<span class=\"elementor-button-text\">T\u00e9l\u00e9charger le fascicule de pr\u00e9sentation<\/span>\n\t\t<\/span>\n\t\t\t\t\t<\/a>\n\t\t<\/div>\n\t\t\t\t<\/div>\n\t\t\t\t<\/div>\n\t\t\t\t\t<\/div>\n\t\t<\/div>\n\t\t\t\t\t\t\t<\/div>\n\t\t<\/section>\n\t\t\t\t\t\t\t<\/div>\n\t\t","protected":false},"excerpt":{"rendered":"<p>\u00ab&nbsp;Enseigner la compr\u00e9hension entre les humains est la condition et le garant de la solidarit\u00e9 intellectuelle et morale de l&rsquo;humanit\u00e9.&nbsp;\u00bb&nbsp; Edgar Morin Pourquoi les Sciences Sociales&nbsp;? Dans cette option, les concepts, mod\u00e8les th\u00e9oriques et outils propres aux sciences sociales ne<\/p>\n","protected":false},"author":96,"featured_media":0,"parent":0,"menu_order":0,"comment_status":"closed","ping_status":"closed","template":"","meta":{"footnotes":""},"folder":[],"yoast_head":"<!-- This site is optimized with the Yoast SEO plugin v20.0 - https:\/\/yoast.com\/wordpress\/plugins\/seo\/ -->\n<title>G\u00e9n\u00e9ral Option Sciences Sociales - 5e et 6e - \u00c9cole secondaire de la Sainte-Union de Kain (Tournai)<\/title>\n<meta name=\"robots\" content=\"index, follow, max-snippet:-1, max-image-preview:large, max-video-preview:-1\" \/>\n<link rel=\"canonical\" href=\"https:\/\/www.sukain.be\/secondaire\/5eme-et-6eme-general-option-sciences-sociales\/\" \/>\n<meta property=\"og:locale\" content=\"fr_FR\" \/>\n<meta property=\"og:type\" content=\"article\" \/>\n<meta property=\"og:title\" content=\"G\u00e9n\u00e9ral Option Sciences Sociales - 5e et 6e - \u00c9cole secondaire de la Sainte-Union de Kain (Tournai)\" \/>\n<meta property=\"og:description\" content=\"\u00ab&nbsp;Enseigner la compr\u00e9hension entre les humains est la condition et le garant de la solidarit\u00e9 intellectuelle et morale de l&#039;humanit\u00e9.&nbsp;\u00bb&nbsp; Edgar Morin Pourquoi les Sciences Sociales&nbsp;? Dans cette option, les concepts, mod\u00e8les th\u00e9oriques et outils propres aux sciences sociales ne\" \/>\n<meta property=\"og:url\" content=\"https:\/\/www.sukain.be\/secondaire\/5eme-et-6eme-general-option-sciences-sociales\/\" \/>\n<meta property=\"og:site_name\" content=\"\u00c9cole secondaire de la Sainte-Union de Kain (Tournai)\" \/>\n<meta property=\"article:modified_time\" content=\"2026-02-10T12:15:41+00:00\" \/>\n<meta property=\"og:image\" content=\"http:\/\/www.sukain.be\/secondaire\/wp-content\/uploads\/2021\/06\/Sciences-sociales-1.jpg\" \/>\n<meta name=\"twitter:label1\" content=\"Dur\u00e9e de lecture estim\u00e9e\" \/>\n\t<meta name=\"twitter:data1\" content=\"6 minutes\" \/>\n<script type=\"application\/ld+json\" class=\"yoast-schema-graph\">{\"@context\":\"https:\/\/schema.org\",\"@graph\":[{\"@type\":\"WebPage\",\"@id\":\"https:\/\/www.sukain.be\/secondaire\/5eme-et-6eme-general-option-sciences-sociales\/\",\"url\":\"https:\/\/www.sukain.be\/secondaire\/5eme-et-6eme-general-option-sciences-sociales\/\",\"name\":\"G\u00e9n\u00e9ral Option Sciences Sociales - 5e et 6e - \u00c9cole secondaire de la Sainte-Union de Kain (Tournai)\",\"isPartOf\":{\"@id\":\"https:\/\/www.sukain.be\/secondaire\/#website\"},\"datePublished\":\"2021-06-30T21:43:15+00:00\",\"dateModified\":\"2026-02-10T12:15:41+00:00\",\"breadcrumb\":{\"@id\":\"https:\/\/www.sukain.be\/secondaire\/5eme-et-6eme-general-option-sciences-sociales\/#breadcrumb\"},\"inLanguage\":\"fr-FR\",\"potentialAction\":[{\"@type\":\"ReadAction\",\"target\":[\"https:\/\/www.sukain.be\/secondaire\/5eme-et-6eme-general-option-sciences-sociales\/\"]}]},{\"@type\":\"BreadcrumbList\",\"@id\":\"https:\/\/www.sukain.be\/secondaire\/5eme-et-6eme-general-option-sciences-sociales\/#breadcrumb\",\"itemListElement\":[{\"@type\":\"ListItem\",\"position\":1,\"name\":\"Accueil\",\"item\":\"https:\/\/www.sukain.be\/secondaire\/\"},{\"@type\":\"ListItem\",\"position\":2,\"name\":\"G\u00e9n\u00e9ral Option Sciences Sociales &#8211; 5e et 6e\"}]},{\"@type\":\"WebSite\",\"@id\":\"https:\/\/www.sukain.be\/secondaire\/#website\",\"url\":\"https:\/\/www.sukain.be\/secondaire\/\",\"name\":\"\u00c9cole secondaire de la Sainte-Union de Kain (Tournai)\",\"description\":\"Ton avenir entre tes mains\",\"potentialAction\":[{\"@type\":\"SearchAction\",\"target\":{\"@type\":\"EntryPoint\",\"urlTemplate\":\"https:\/\/www.sukain.be\/secondaire\/?s={search_term_string}\"},\"query-input\":\"required name=search_term_string\"}],\"inLanguage\":\"fr-FR\"}]}<\/script>\n<!-- \/ Yoast SEO plugin. -->","yoast_head_json":{"title":"G\u00e9n\u00e9ral Option Sciences Sociales - 5e et 6e - \u00c9cole secondaire de la Sainte-Union de Kain (Tournai)","robots":{"index":"index","follow":"follow","max-snippet":"max-snippet:-1","max-image-preview":"max-image-preview:large","max-video-preview":"max-video-preview:-1"},"canonical":"https:\/\/www.sukain.be\/secondaire\/5eme-et-6eme-general-option-sciences-sociales\/","og_locale":"fr_FR","og_type":"article","og_title":"G\u00e9n\u00e9ral Option Sciences Sociales - 5e et 6e - \u00c9cole secondaire de la Sainte-Union de Kain (Tournai)","og_description":"\u00ab&nbsp;Enseigner la compr\u00e9hension entre les humains est la condition et le garant de la solidarit\u00e9 intellectuelle et morale de l'humanit\u00e9.&nbsp;\u00bb&nbsp; Edgar Morin Pourquoi les Sciences Sociales&nbsp;? Dans cette option, les concepts, mod\u00e8les th\u00e9oriques et outils propres aux sciences sociales ne","og_url":"https:\/\/www.sukain.be\/secondaire\/5eme-et-6eme-general-option-sciences-sociales\/","og_site_name":"\u00c9cole secondaire de la Sainte-Union de Kain (Tournai)","article_modified_time":"2026-02-10T12:15:41+00:00","og_image":[{"url":"http:\/\/www.sukain.be\/secondaire\/wp-content\/uploads\/2021\/06\/Sciences-sociales-1.jpg"}],"twitter_misc":{"Dur\u00e9e de lecture estim\u00e9e":"6 minutes"},"schema":{"@context":"https:\/\/schema.org","@graph":[{"@type":"WebPage","@id":"https:\/\/www.sukain.be\/secondaire\/5eme-et-6eme-general-option-sciences-sociales\/","url":"https:\/\/www.sukain.be\/secondaire\/5eme-et-6eme-general-option-sciences-sociales\/","name":"G\u00e9n\u00e9ral Option Sciences Sociales - 5e et 6e - \u00c9cole secondaire de la Sainte-Union de Kain (Tournai)","isPartOf":{"@id":"https:\/\/www.sukain.be\/secondaire\/#website"},"datePublished":"2021-06-30T21:43:15+00:00","dateModified":"2026-02-10T12:15:41+00:00","breadcrumb":{"@id":"https:\/\/www.sukain.be\/secondaire\/5eme-et-6eme-general-option-sciences-sociales\/#breadcrumb"},"inLanguage":"fr-FR","potentialAction":[{"@type":"ReadAction","target":["https:\/\/www.sukain.be\/secondaire\/5eme-et-6eme-general-option-sciences-sociales\/"]}]},{"@type":"BreadcrumbList","@id":"https:\/\/www.sukain.be\/secondaire\/5eme-et-6eme-general-option-sciences-sociales\/#breadcrumb","itemListElement":[{"@type":"ListItem","position":1,"name":"Accueil","item":"https:\/\/www.sukain.be\/secondaire\/"},{"@type":"ListItem","position":2,"name":"G\u00e9n\u00e9ral Option Sciences Sociales &#8211; 5e et 6e"}]},{"@type":"WebSite","@id":"https:\/\/www.sukain.be\/secondaire\/#website","url":"https:\/\/www.sukain.be\/secondaire\/","name":"\u00c9cole secondaire de la Sainte-Union de Kain (Tournai)","description":"Ton avenir entre tes mains","potentialAction":[{"@type":"SearchAction","target":{"@type":"EntryPoint","urlTemplate":"https:\/\/www.sukain.be\/secondaire\/?s={search_term_string}"},"query-input":"required name=search_term_string"}],"inLanguage":"fr-FR"}]}},"_links":{"self":[{"href":"https:\/\/www.sukain.be\/secondaire\/wp-json\/wp\/v2\/pages\/6300"}],"collection":[{"href":"https:\/\/www.sukain.be\/secondaire\/wp-json\/wp\/v2\/pages"}],"about":[{"href":"https:\/\/www.sukain.be\/secondaire\/wp-json\/wp\/v2\/types\/page"}],"author":[{"embeddable":true,"href":"https:\/\/www.sukain.be\/secondaire\/wp-json\/wp\/v2\/users\/96"}],"replies":[{"embeddable":true,"href":"https:\/\/www.sukain.be\/secondaire\/wp-json\/wp\/v2\/comments?post=6300"}],"version-history":[{"count":5,"href":"https:\/\/www.sukain.be\/secondaire\/wp-json\/wp\/v2\/pages\/6300\/revisions"}],"predecessor-version":[{"id":8646,"href":"https:\/\/www.sukain.be\/secondaire\/wp-json\/wp\/v2\/pages\/6300\/revisions\/8646"}],"wp:attachment":[{"href":"https:\/\/www.sukain.be\/secondaire\/wp-json\/wp\/v2\/media?parent=6300"}],"wp:term":[{"taxonomy":"folder","embeddable":true,"href":"https:\/\/www.sukain.be\/secondaire\/wp-json\/wp\/v2\/folder?post=6300"}],"curies":[{"name":"wp","href":"https:\/\/api.w.org\/{rel}","templated":true}]}}