{"id":6268,"date":"2021-06-30T15:39:38","date_gmt":"2021-06-30T13:39:38","guid":{"rendered":"http:\/\/www.sukain.be\/secondaire\/?page_id=6268"},"modified":"2026-02-10T14:21:25","modified_gmt":"2026-02-10T12:21:25","slug":"5e-et-6e-general-option-maths","status":"publish","type":"page","link":"https:\/\/www.sukain.be\/secondaire\/5e-et-6e-general-option-maths\/","title":{"rendered":"G\u00e9n\u00e9ral Option Maths &#8211; 5e et 6e"},"content":{"rendered":"\t\t<div data-elementor-type=\"wp-page\" data-elementor-id=\"6268\" class=\"elementor elementor-6268\">\n\t\t\t\t\t\t\t\t\t<section class=\"elementor-section elementor-top-section elementor-element elementor-element-7c4b0f23 elementor-section-boxed elementor-section-height-default elementor-section-height-default\" data-id=\"7c4b0f23\" data-element_type=\"section\">\n\t\t\t\t\t\t<div class=\"elementor-container elementor-column-gap-default\">\n\t\t\t\t\t<div class=\"elementor-column elementor-col-100 elementor-top-column elementor-element elementor-element-1f103e5d\" data-id=\"1f103e5d\" data-element_type=\"column\">\n\t\t\t<div class=\"elementor-widget-wrap elementor-element-populated\">\n\t\t\t\t\t\t\t\t<div class=\"elementor-element elementor-element-2a74f952 elementor-widget elementor-widget-text-editor\" data-id=\"2a74f952\" data-element_type=\"widget\" data-widget_type=\"text-editor.default\">\n\t\t\t\t<div class=\"elementor-widget-container\">\n\t\t\t\t\t\t\t<!-- wp:verse -->\n<pre class=\"wp-block-verse\">\u00ab&nbsp;Les math\u00e9matiques sont fabuleusement belles et il faut que cela se sache!&nbsp;\u00bb<\/pre>\n<!-- \/wp:verse -->\n\n<!-- wp:heading -->\n<h2>Pourquoi les maths&nbsp;?<\/h2>\n<!-- \/wp:heading -->\n\n<!-- wp:paragraph -->\n<p>En \u00e9tudiant les maths, tu apprends \u00e0 d\u00e9velopper:<\/p>\n<!-- \/wp:paragraph -->\n\n<!-- wp:media-text {\"mediaPosition\":\"right\",\"mediaId\":6246,\"mediaLink\":\"https:\/\/www.sukain.be\/secondaire\/maths-4\/\",\"mediaType\":\"image\",\"mediaWidth\":36} -->\n<div class=\"wp-block-media-text alignwide has-media-on-the-right is-stacked-on-mobile\" style=\"grid-template-columns:auto 36%\"><figure class=\"wp-block-media-text__media\"><img loading=\"lazy\" decoding=\"async\" width=\"581\" height=\"388\" src=\"https:\/\/www.sukain.be\/secondaire\/wp-content\/uploads\/2021\/06\/Maths-4.jpg\" alt=\"\" class=\"wp-image-6246 size-full\" srcset=\"https:\/\/www.sukain.be\/secondaire\/wp-content\/uploads\/2021\/06\/Maths-4.jpg 581w, https:\/\/www.sukain.be\/secondaire\/wp-content\/uploads\/2021\/06\/Maths-4-300x200.jpg 300w\" sizes=\"(max-width: 581px) 100vw, 581px\" \/><\/figure><div class=\"wp-block-media-text__content\"><!-- wp:list -->\n<ul id=\"block-1a72e37a-ba39-4b72-a8bd-157bd5dfdc54\"><li>de la rigueur,<\/li><li>de la logique,<\/li><li>un esprit critique,<\/li><li>un esprit de recherche<\/li><\/ul>\n<!-- \/wp:list --><\/div><\/div>\n<!-- \/wp:media-text -->\n\n<!-- wp:paragraph -->\n<p>Elles te permettent aussi d\u2019acqu\u00e9rir des m\u00e9thodes de travail et de r\u00e9flexion n\u00e9cessaires pour faire face \u00e0 une situation probl\u00e8me.<\/p>\n<!-- \/wp:paragraph -->\n\n<!-- wp:heading -->\n<h2>L\u2019option Maths, concr\u00e8tement<\/h2>\n<!-- \/wp:heading -->\n\n<!-- wp:paragraph -->\n<p>Les math\u00e9matiques sont pr\u00e9sentes partout sans appara\u00eetre vraiment:<\/p>\n<!-- \/wp:paragraph -->\n\n<!-- wp:media-text {\"mediaId\":6247,\"mediaLink\":\"https:\/\/www.sukain.be\/secondaire\/maths-5\/\",\"mediaType\":\"image\",\"mediaWidth\":23,\"verticalAlignment\":\"center\"} -->\n<div class=\"wp-block-media-text alignwide is-stacked-on-mobile is-vertically-aligned-center\" style=\"grid-template-columns:23% auto\"><figure class=\"wp-block-media-text__media\"><img loading=\"lazy\" decoding=\"async\" width=\"202\" height=\"173\" src=\"https:\/\/www.sukain.be\/secondaire\/wp-content\/uploads\/2021\/06\/Maths-5.jpg\" alt=\"\" class=\"wp-image-6247 size-full\"\/><\/figure><div class=\"wp-block-media-text__content\"><!-- wp:list -->\n<ul id=\"block-b20a4ad0-8076-4a06-9c54-bc2832cfafbc\"><li>T\u00e9l\u00e9phonie mobile (positionnement des antennes-relais, attribution de fr\u00e9quences\u2026)<\/li><li>R\u00e9seau Internet (analyse du trafic des donn\u00e9es, conception du protocole de communication,..)<\/li><li>G\u00e9nie civil (conception de ponts, murs anti-bruit.)<\/li><li>Industrie automobile et a\u00e9ronautique (a\u00e9rodynamisme, simulation de chocs\u2026)<\/li><li>M\u00e9t\u00e9orologie (pr\u00e9visions)<\/li><li>Institut de sondage<\/li><li>Banques, assurances (\u00e9valuation des primes d\u2019assurance, des risques&#8230;)<\/li><li>Ecologie (gestion des for\u00eats, pollution, inondations\u2026)<\/li><li>M\u00e9decine (conception d\u2019un nouveau m\u00e9dicament, compr\u00e9hension des maladies g\u00e9n\u00e9tiques&#8230;)<\/li><li>Secteur spatial (position du satellite)<\/li><li>Production et gestion d\u2019\u00e9nergie (contr\u00f4le des pannes dans un r\u00e9seau de distribution d\u2019\u00e9lectricit\u00e9)<\/li><li>Informatique (conception de nouveaux programmes)<\/li><\/ul>\n<!-- \/wp:list --><\/div><\/div>\n<!-- \/wp:media-text -->\n\n<!-- wp:paragraph -->\n<p>Dans l\u2019enseignement: le d\u00e9fi du prof de math est d\u2019\u00e9veiller l\u2019int\u00e9r\u00eat de ses&nbsp; \u00e9l\u00e8ves\u2026 et les applications ne manquent pas pour contextualiser les apprentissages th\u00e9oriques!<\/p>\n<!-- \/wp:paragraph -->\n\n<!-- wp:heading -->\n<h2>Les projets de l\u2019option<\/h2>\n<!-- \/wp:heading -->\n\n<!-- wp:image {\"align\":\"center\",\"id\":6243,\"width\":199,\"height\":267,\"className\":\"is-style-default\"} -->\n<div class=\"wp-block-image is-style-default\"><figure class=\"aligncenter is-resized\"><img loading=\"lazy\" decoding=\"async\" src=\"https:\/\/www.sukain.be\/secondaire\/wp-content\/uploads\/2021\/06\/Maths-1.jpg\" alt=\"\" class=\"wp-image-6243\" width=\"199\" height=\"267\" srcset=\"https:\/\/www.sukain.be\/secondaire\/wp-content\/uploads\/2021\/06\/Maths-1.jpg 227w, https:\/\/www.sukain.be\/secondaire\/wp-content\/uploads\/2021\/06\/Maths-1-223x300.jpg 223w\" sizes=\"(max-width: 199px) 100vw, 199px\" \/><figcaption>Participation \u00e0 un rallye math\u00e9matique<\/figcaption><\/figure><\/div>\n<!-- \/wp:image -->\n\n<!-- wp:heading -->\n<h2>Faire des maths, oui, mais avec quoi&nbsp;?<\/h2>\n<!-- \/wp:heading -->\n\n<!-- wp:paragraph -->\n<p>D\u00e8s la premi\u00e8re ann\u00e9e de secondaire, les maths sont une branche incontournable du programme d\u2019enseignement. Tout au long du parcours scolaire, on les retrouve dans toutes les options de l\u2019enseignement g\u00e9n\u00e9ral, ainsi que dans les sections de technique de transition et<br>professionnel.<\/p>\n<!-- \/wp:paragraph -->\n\n<!-- wp:paragraph -->\n<p>A partir de la 5\u00e8me ann\u00e9e, tu peux ajouter des heures de maths \u00e0 ta grille horaire dans diff\u00e9rentes options :<\/p>\n<!-- \/wp:paragraph -->\n\n<!-- wp:list -->\n<ul><li>Sciences\u2005- maths\u2005<\/li><li>Sciences\u2005- maths\u2005-\u2005Langues<\/li><\/ul>\n<!-- \/wp:list -->\n\n<!-- wp:paragraph -->\n<p>Avec 6h de maths et 6h de sciences, ces options te donnent de solides bases pour r\u00e9ussir des \u00e9tudes universitaires ou sup\u00e9rieures.<\/p>\n<!-- \/wp:paragraph -->\n\n<!-- wp:heading -->\n<h2>Les d\u00e9bouch\u00e9s de ta formation<\/h2>\n<!-- \/wp:heading -->\n\n<!-- wp:paragraph -->\n<p>L\u2019option Maths te permet d\u2019aborder les \u00e9tudes sup\u00e9rieures visant \u00e0 obtenir par exemple:<\/p>\n<!-- \/wp:paragraph -->\n\n<!-- wp:list -->\n<ul><li>Un bachelier en Sciences Math\u00e9matiques<\/li><li>Un master en Sciences Math\u00e9matiques<\/li><li>Un master en Sciences de l\u2019ing\u00e9nieur industriel<\/li><li>Un master d\u2019ing\u00e9nieur civil<\/li><\/ul>\n<!-- \/wp:list -->\n\n<!-- wp:paragraph -->\n<p>L\u2019option Maths-Sciences te donne de solides bases pour des \u00e9tudes telles que m\u00e9decine, m\u00e9decine v\u00e9t\u00e9rinaire, pharmacie,\u2026<br>L\u2019option Maths-Sciences\u2013Langues te fournit en plus une excellente formation en anglais et en n\u00e9erlandais.<\/p>\n<!-- \/wp:paragraph -->\n\n<!-- wp:paragraph -->\n<p><br>En outre, dans l\u2019enseignement sup\u00e9rieur, certaines fili\u00e8res non scientifiques ont, dans leurs programmes, des cours de maths, par exemple les statistiques en 1\u00e8re ann\u00e9e d\u2019Assistant(e) Social(e).<br>Un indispensable, donc!<\/p>\n<!-- \/wp:paragraph -->\n\n<!-- wp:heading -->\n<h2>La grille horaire de l&rsquo;option<\/h2>\n<!-- \/wp:heading -->\n\n<!-- wp:table {\"hasFixedLayout\":true,\"className\":\"is-style-stripes\"} -->\n<figure class=\"wp-block-table is-style-stripes\"><table class=\"has-fixed-layout\"><thead><tr><th>Branches<\/th><th class=\"has-text-align-center\" data-align=\"center\">Math-Sciences-Langues<\/th><th class=\"has-text-align-center\" data-align=\"center\">Math-Sciences<\/th><\/tr><\/thead><tbody><tr><td>Education physique<\/td><td class=\"has-text-align-center\" data-align=\"center\">2<\/td><td class=\"has-text-align-center\" data-align=\"center\">2<\/td><\/tr><tr><td>G\u00e9ographie<\/td><td class=\"has-text-align-center\" data-align=\"center\">2<\/td><td class=\"has-text-align-center\" data-align=\"center\">2<\/td><\/tr><tr><td>Histoire<\/td><td class=\"has-text-align-center\" data-align=\"center\">2<\/td><td class=\"has-text-align-center\" data-align=\"center\">2<\/td><\/tr><tr><td>Fran\u00e7ais<\/td><td class=\"has-text-align-center\" data-align=\"center\">4<\/td><td class=\"has-text-align-center\" data-align=\"center\">4<\/td><\/tr><tr><td>Religion<\/td><td class=\"has-text-align-center\" data-align=\"center\">2<\/td><td class=\"has-text-align-center\" data-align=\"center\">2<\/td><\/tr><tr><td>Math\u00e9matiques<\/td><td class=\"has-text-align-center\" data-align=\"center\">6<\/td><td class=\"has-text-align-center\" data-align=\"center\">6<\/td><\/tr><tr><td>Sciences:<\/td><td class=\"has-text-align-center\" data-align=\"center\"><\/td><td class=\"has-text-align-center\" data-align=\"center\"><\/td><\/tr><tr><td> &#8211; Physique<\/td><td class=\"has-text-align-center\" data-align=\"center\">2<\/td><td class=\"has-text-align-center\" data-align=\"center\">2<\/td><\/tr><tr><td> &#8211; Chimie<\/td><td class=\"has-text-align-center\" data-align=\"center\">2<\/td><td class=\"has-text-align-center\" data-align=\"center\">2<\/td><\/tr><tr><td> &#8211; Biologie<\/td><td class=\"has-text-align-center\" data-align=\"center\">2<\/td><td class=\"has-text-align-center\" data-align=\"center\">2<\/td><\/tr><tr><td>Langue 1 (n\u00e9erlandais \/ anglais)<\/td><td class=\"has-text-align-center\" data-align=\"center\">4<\/td><td class=\"has-text-align-center\" data-align=\"center\">4<\/td><\/tr><tr><td>Langue 2 (anglais \/ n\u00e9erlandais)<\/td><td class=\"has-text-align-center\" data-align=\"center\">4<\/td><td class=\"has-text-align-center\" data-align=\"center\">0<\/td><\/tr><tr><td>Langue 2 &#8211; 2h<\/td><td class=\"has-text-align-center\" data-align=\"center\">0<\/td><td class=\"has-text-align-center\" data-align=\"center\">0\/2<\/td><\/tr><tr><td>Info<\/td><td class=\"has-text-align-center\" data-align=\"center\">0\/1<\/td><td class=\"has-text-align-center\" data-align=\"center\">0\/1<\/td><\/tr><tr><td>Sport<\/td><td class=\"has-text-align-center\" data-align=\"center\">0\/1<\/td><td class=\"has-text-align-center\" data-align=\"center\">0\/1<\/td><\/tr><tr><td><\/td><td class=\"has-text-align-center\" data-align=\"center\">32-34<\/td><td class=\"has-text-align-center\" data-align=\"center\">30-32<\/td><\/tr><\/tbody><\/table><\/figure>\n<!-- \/wp:table -->\n\n<!-- wp:heading -->\n<h2>Ce qu\u2019en pensent les anciens<\/h2>\n<!-- \/wp:heading -->\n\n<!-- wp:quote {\"className\":\"is-style-default\"} -->\n<blockquote class=\"wp-block-quote is-style-default\"><p><em>La Sainte-Union de Kain s\u2019adapte \u00e0 son contexte et \u00e0 ses \u00e9tudiants, les difficult\u00e9s que rencontrent les jeunes sont prises en compte. Les enseignants donnent un exemple concret [\u2026] pour favoriser la<br>compr\u00e9hension de l\u2019\u00e9tudiant. Cela permet \u00e0 l\u2019\u00e9l\u00e8ve de poursuivre plus ais\u00e9ment ses apprentissages et de rester dans le train en marche [\u2026]. Ensuite l\u2019enseignant aborde le monde scientifique. Cette m\u00e9thode<br>permet \u00e0 l\u2019\u00e9tudiant de rester attentif au cours car cela permet de lier des concepts abstraits \u00e0 la r\u00e9alit\u00e9 que l\u2019\u00e9l\u00e8ve conna\u00eet. Cela m\u2019a permis de garder un int\u00e9r\u00eat certain pour les recherches scientifiques effectu\u00e9es \u00e0 l\u2019heure actuelle et l\u2019explication se trouve sans doute dans l\u2019approche propos\u00e9e par la Sainte-Union de Kain. Pour conclure, je pense que si nous comprenons ce que nous faisons, il y a plus de chances que le chemin emprunt\u00e9 soit le bon. Je pense que la Sainte-Union de Kain m\u2019a permis de choisir le mien.<\/em><\/p><cite><strong>M S, d\u00e9veloppeur<\/strong><\/cite><\/blockquote>\n<!-- \/wp:quote -->\n\n<!-- wp:quote {\"className\":\"is-style-default\"} -->\n<blockquote class=\"wp-block-quote is-style-default\"><p><em>\u00ab&nbsp;Les ann\u00e9es que j\u2019ai pass\u00e9es en secondaire \u00e0 la Sainte Union m\u2019ont permis d\u2019acqu\u00e9rir une formation g\u00e9n\u00e9rale solide en sciences et en math\u00e9matiques permettant d\u2019aborder l\u2019enseignement sup\u00e9rieur avec la rigueur n\u00e9cessaire. Les connaissances d\u00e9j\u00e0 acquises permettant d\u2019avoir une largeur d\u2019avance et de mieux appr\u00e9hender ce changement d\u00e9licat entre enseignement secondaire et sup\u00e9rieur.<\/em><br><em>L\u2019enseignement de qualit\u00e9 dispens\u00e9 \u00e0 la Sainte Union dans un climat de bienveillance g\u00e9n\u00e9rale \u00e0 l\u2019\u00e9gard de tous permet \u00e0 chacun de trouver l\u2019orientation qui lui convient le mieux tant en secondaire que dans l\u2019enseignement sup\u00e9rieur.&nbsp;\u00bb<\/em><\/p><p><\/p><cite><strong>V V, P\u00e9diatre \u00e0 l&rsquo;H\u00f4pital des Enfant Reine Fabiola \u00e0 Bruxelles<\/strong><\/cite><\/blockquote>\n<!-- \/wp:quote -->\n\n<div style=\"text-align: center;\"><a class=\"like-elementor-bt\" href=\"https:\/\/www.sukain.be\/secondaire\/nos-formations\/\">Retourner vers les offres d&rsquo;enseignement<\/a><\/div>\t\t\t\t\t\t<\/div>\n\t\t\t\t<\/div>\n\t\t\t\t\t<\/div>\n\t\t<\/div>\n\t\t\t\t\t\t\t<\/div>\n\t\t<\/section>\n\t\t\t\t<section class=\"elementor-section elementor-top-section elementor-element elementor-element-3e797b3 elementor-section-boxed elementor-section-height-default elementor-section-height-default\" data-id=\"3e797b3\" data-element_type=\"section\">\n\t\t\t\t\t\t<div class=\"elementor-container elementor-column-gap-default\">\n\t\t\t\t\t<div class=\"elementor-column elementor-col-100 elementor-top-column elementor-element elementor-element-44d5806\" data-id=\"44d5806\" data-element_type=\"column\">\n\t\t\t<div class=\"elementor-widget-wrap elementor-element-populated\">\n\t\t\t\t\t\t\t\t<div class=\"elementor-element elementor-element-2d1040f elementor-align-center elementor-widget elementor-widget-button\" data-id=\"2d1040f\" data-element_type=\"widget\" data-widget_type=\"button.default\">\n\t\t\t\t<div class=\"elementor-widget-container\">\n\t\t\t\t\t<div class=\"elementor-button-wrapper\">\n\t\t\t<a href=\"https:\/\/drive.google.com\/file\/d\/1L-pylP2OVVBSGC1dIMlKpJBOjpEnwkOt\/view?usp=drive_link\" target=\"_blank\" class=\"elementor-button-link elementor-button elementor-size-sm\" role=\"button\">\n\t\t\t\t\t\t<span class=\"elementor-button-content-wrapper\">\n\t\t\t\t\t\t\t<span class=\"elementor-button-icon elementor-align-icon-left\">\n\t\t\t\t<i aria-hidden=\"true\" class=\"fas fa-file-pdf\"><\/i>\t\t\t<\/span>\n\t\t\t\t\t\t<span class=\"elementor-button-text\">T\u00e9l\u00e9charger le fascicule de pr\u00e9sentation<\/span>\n\t\t<\/span>\n\t\t\t\t\t<\/a>\n\t\t<\/div>\n\t\t\t\t<\/div>\n\t\t\t\t<\/div>\n\t\t\t\t\t<\/div>\n\t\t<\/div>\n\t\t\t\t\t\t\t<\/div>\n\t\t<\/section>\n\t\t\t\t\t\t\t<\/div>\n\t\t","protected":false},"excerpt":{"rendered":"<p>\u00ab&nbsp;Les math\u00e9matiques sont fabuleusement belles et il faut que cela se sache!&nbsp;\u00bb Pourquoi les maths&nbsp;? En \u00e9tudiant les maths, tu apprends \u00e0 d\u00e9velopper: de la rigueur, de la logique, un esprit critique, un esprit de recherche Elles te permettent aussi<\/p>\n","protected":false},"author":96,"featured_media":0,"parent":0,"menu_order":0,"comment_status":"closed","ping_status":"closed","template":"","meta":{"footnotes":""},"folder":[],"yoast_head":"<!-- This site is optimized with the Yoast SEO plugin v20.0 - https:\/\/yoast.com\/wordpress\/plugins\/seo\/ -->\n<title>G\u00e9n\u00e9ral Option Maths - 5e et 6e - \u00c9cole secondaire de la Sainte-Union de Kain (Tournai)<\/title>\n<meta name=\"robots\" content=\"index, follow, max-snippet:-1, max-image-preview:large, max-video-preview:-1\" \/>\n<link rel=\"canonical\" href=\"https:\/\/www.sukain.be\/secondaire\/5e-et-6e-general-option-maths\/\" \/>\n<meta property=\"og:locale\" content=\"fr_FR\" \/>\n<meta property=\"og:type\" content=\"article\" \/>\n<meta property=\"og:title\" content=\"G\u00e9n\u00e9ral Option Maths - 5e et 6e - \u00c9cole secondaire de la Sainte-Union de Kain (Tournai)\" \/>\n<meta property=\"og:description\" content=\"\u00ab&nbsp;Les math\u00e9matiques sont fabuleusement belles et il faut que cela se sache!&nbsp;\u00bb Pourquoi les maths&nbsp;? En \u00e9tudiant les maths, tu apprends \u00e0 d\u00e9velopper: de la rigueur, de la logique, un esprit critique, un esprit de recherche Elles te permettent aussi\" \/>\n<meta property=\"og:url\" content=\"https:\/\/www.sukain.be\/secondaire\/5e-et-6e-general-option-maths\/\" \/>\n<meta property=\"og:site_name\" content=\"\u00c9cole secondaire de la Sainte-Union de Kain (Tournai)\" \/>\n<meta property=\"article:modified_time\" content=\"2026-02-10T12:21:25+00:00\" \/>\n<meta property=\"og:image\" content=\"http:\/\/www.sukain.be\/secondaire\/wp-content\/uploads\/2021\/06\/Maths-4.jpg\" \/>\n<meta name=\"twitter:label1\" content=\"Dur\u00e9e de lecture estim\u00e9e\" \/>\n\t<meta name=\"twitter:data1\" content=\"5 minutes\" \/>\n<script type=\"application\/ld+json\" class=\"yoast-schema-graph\">{\"@context\":\"https:\/\/schema.org\",\"@graph\":[{\"@type\":\"WebPage\",\"@id\":\"https:\/\/www.sukain.be\/secondaire\/5e-et-6e-general-option-maths\/\",\"url\":\"https:\/\/www.sukain.be\/secondaire\/5e-et-6e-general-option-maths\/\",\"name\":\"G\u00e9n\u00e9ral Option Maths - 5e et 6e - \u00c9cole secondaire de la Sainte-Union de Kain (Tournai)\",\"isPartOf\":{\"@id\":\"https:\/\/www.sukain.be\/secondaire\/#website\"},\"datePublished\":\"2021-06-30T13:39:38+00:00\",\"dateModified\":\"2026-02-10T12:21:25+00:00\",\"breadcrumb\":{\"@id\":\"https:\/\/www.sukain.be\/secondaire\/5e-et-6e-general-option-maths\/#breadcrumb\"},\"inLanguage\":\"fr-FR\",\"potentialAction\":[{\"@type\":\"ReadAction\",\"target\":[\"https:\/\/www.sukain.be\/secondaire\/5e-et-6e-general-option-maths\/\"]}]},{\"@type\":\"BreadcrumbList\",\"@id\":\"https:\/\/www.sukain.be\/secondaire\/5e-et-6e-general-option-maths\/#breadcrumb\",\"itemListElement\":[{\"@type\":\"ListItem\",\"position\":1,\"name\":\"Accueil\",\"item\":\"https:\/\/www.sukain.be\/secondaire\/\"},{\"@type\":\"ListItem\",\"position\":2,\"name\":\"G\u00e9n\u00e9ral Option Maths &#8211; 5e et 6e\"}]},{\"@type\":\"WebSite\",\"@id\":\"https:\/\/www.sukain.be\/secondaire\/#website\",\"url\":\"https:\/\/www.sukain.be\/secondaire\/\",\"name\":\"\u00c9cole secondaire de la Sainte-Union de Kain (Tournai)\",\"description\":\"Ton avenir entre tes mains\",\"potentialAction\":[{\"@type\":\"SearchAction\",\"target\":{\"@type\":\"EntryPoint\",\"urlTemplate\":\"https:\/\/www.sukain.be\/secondaire\/?s={search_term_string}\"},\"query-input\":\"required name=search_term_string\"}],\"inLanguage\":\"fr-FR\"}]}<\/script>\n<!-- \/ Yoast SEO plugin. -->","yoast_head_json":{"title":"G\u00e9n\u00e9ral Option Maths - 5e et 6e - \u00c9cole secondaire de la Sainte-Union de Kain (Tournai)","robots":{"index":"index","follow":"follow","max-snippet":"max-snippet:-1","max-image-preview":"max-image-preview:large","max-video-preview":"max-video-preview:-1"},"canonical":"https:\/\/www.sukain.be\/secondaire\/5e-et-6e-general-option-maths\/","og_locale":"fr_FR","og_type":"article","og_title":"G\u00e9n\u00e9ral Option Maths - 5e et 6e - \u00c9cole secondaire de la Sainte-Union de Kain (Tournai)","og_description":"\u00ab&nbsp;Les math\u00e9matiques sont fabuleusement belles et il faut que cela se sache!&nbsp;\u00bb Pourquoi les maths&nbsp;? En \u00e9tudiant les maths, tu apprends \u00e0 d\u00e9velopper: de la rigueur, de la logique, un esprit critique, un esprit de recherche Elles te permettent aussi","og_url":"https:\/\/www.sukain.be\/secondaire\/5e-et-6e-general-option-maths\/","og_site_name":"\u00c9cole secondaire de la Sainte-Union de Kain (Tournai)","article_modified_time":"2026-02-10T12:21:25+00:00","og_image":[{"url":"http:\/\/www.sukain.be\/secondaire\/wp-content\/uploads\/2021\/06\/Maths-4.jpg"}],"twitter_misc":{"Dur\u00e9e de lecture estim\u00e9e":"5 minutes"},"schema":{"@context":"https:\/\/schema.org","@graph":[{"@type":"WebPage","@id":"https:\/\/www.sukain.be\/secondaire\/5e-et-6e-general-option-maths\/","url":"https:\/\/www.sukain.be\/secondaire\/5e-et-6e-general-option-maths\/","name":"G\u00e9n\u00e9ral Option Maths - 5e et 6e - \u00c9cole secondaire de la Sainte-Union de Kain (Tournai)","isPartOf":{"@id":"https:\/\/www.sukain.be\/secondaire\/#website"},"datePublished":"2021-06-30T13:39:38+00:00","dateModified":"2026-02-10T12:21:25+00:00","breadcrumb":{"@id":"https:\/\/www.sukain.be\/secondaire\/5e-et-6e-general-option-maths\/#breadcrumb"},"inLanguage":"fr-FR","potentialAction":[{"@type":"ReadAction","target":["https:\/\/www.sukain.be\/secondaire\/5e-et-6e-general-option-maths\/"]}]},{"@type":"BreadcrumbList","@id":"https:\/\/www.sukain.be\/secondaire\/5e-et-6e-general-option-maths\/#breadcrumb","itemListElement":[{"@type":"ListItem","position":1,"name":"Accueil","item":"https:\/\/www.sukain.be\/secondaire\/"},{"@type":"ListItem","position":2,"name":"G\u00e9n\u00e9ral Option Maths &#8211; 5e et 6e"}]},{"@type":"WebSite","@id":"https:\/\/www.sukain.be\/secondaire\/#website","url":"https:\/\/www.sukain.be\/secondaire\/","name":"\u00c9cole secondaire de la Sainte-Union de Kain (Tournai)","description":"Ton avenir entre tes mains","potentialAction":[{"@type":"SearchAction","target":{"@type":"EntryPoint","urlTemplate":"https:\/\/www.sukain.be\/secondaire\/?s={search_term_string}"},"query-input":"required name=search_term_string"}],"inLanguage":"fr-FR"}]}},"_links":{"self":[{"href":"https:\/\/www.sukain.be\/secondaire\/wp-json\/wp\/v2\/pages\/6268"}],"collection":[{"href":"https:\/\/www.sukain.be\/secondaire\/wp-json\/wp\/v2\/pages"}],"about":[{"href":"https:\/\/www.sukain.be\/secondaire\/wp-json\/wp\/v2\/types\/page"}],"author":[{"embeddable":true,"href":"https:\/\/www.sukain.be\/secondaire\/wp-json\/wp\/v2\/users\/96"}],"replies":[{"embeddable":true,"href":"https:\/\/www.sukain.be\/secondaire\/wp-json\/wp\/v2\/comments?post=6268"}],"version-history":[{"count":5,"href":"https:\/\/www.sukain.be\/secondaire\/wp-json\/wp\/v2\/pages\/6268\/revisions"}],"predecessor-version":[{"id":8661,"href":"https:\/\/www.sukain.be\/secondaire\/wp-json\/wp\/v2\/pages\/6268\/revisions\/8661"}],"wp:attachment":[{"href":"https:\/\/www.sukain.be\/secondaire\/wp-json\/wp\/v2\/media?parent=6268"}],"wp:term":[{"taxonomy":"folder","embeddable":true,"href":"https:\/\/www.sukain.be\/secondaire\/wp-json\/wp\/v2\/folder?post=6268"}],"curies":[{"name":"wp","href":"https:\/\/api.w.org\/{rel}","templated":true}]}}