{"id":6258,"date":"2021-06-30T10:27:14","date_gmt":"2021-06-30T08:27:14","guid":{"rendered":"http:\/\/www.sukain.be\/secondaire\/?page_id=6258"},"modified":"2026-02-10T14:20:13","modified_gmt":"2026-02-10T12:20:13","slug":"6258-2","status":"publish","type":"page","link":"https:\/\/www.sukain.be\/secondaire\/6258-2\/","title":{"rendered":"G\u00e9n\u00e9ral Option Litt\u00e9raire &#8211; 5e et 6e"},"content":{"rendered":"\t\t<div data-elementor-type=\"wp-page\" data-elementor-id=\"6258\" class=\"elementor elementor-6258\">\n\t\t\t\t\t\t\t\t\t<section class=\"elementor-section elementor-top-section elementor-element elementor-element-16ca030a elementor-section-boxed elementor-section-height-default elementor-section-height-default\" data-id=\"16ca030a\" data-element_type=\"section\">\n\t\t\t\t\t\t<div class=\"elementor-container elementor-column-gap-default\">\n\t\t\t\t\t<div class=\"elementor-column elementor-col-100 elementor-top-column elementor-element elementor-element-14db94fa\" data-id=\"14db94fa\" data-element_type=\"column\">\n\t\t\t<div class=\"elementor-widget-wrap elementor-element-populated\">\n\t\t\t\t\t\t\t\t<div class=\"elementor-element elementor-element-3458c901 elementor-widget elementor-widget-text-editor\" data-id=\"3458c901\" data-element_type=\"widget\" data-widget_type=\"text-editor.default\">\n\t\t\t\t<div class=\"elementor-widget-container\">\n\t\t\t\t\t\t\t<!-- wp:verse -->\n<pre class=\"wp-block-verse\">\"Toute litt\u00e9rature est assaut contre la fronti\u00e8re.\" - Franz Kafka<\/pre>\n<!-- \/wp:verse -->\n\n<!-- wp:heading -->\n<h2>Les litt\u00e9raires, qui sont-ils&nbsp;?<\/h2>\n<!-- \/wp:heading -->\n\n<!-- wp:media-text {\"mediaPosition\":\"right\",\"mediaId\":6235,\"mediaLink\":\"https:\/\/www.sukain.be\/secondaire\/litterature-1\/\",\"mediaType\":\"image\",\"mediaWidth\":35} -->\n<div class=\"wp-block-media-text alignwide has-media-on-the-right is-stacked-on-mobile\" style=\"grid-template-columns:auto 35%\"><figure class=\"wp-block-media-text__media\"><img loading=\"lazy\" decoding=\"async\" width=\"671\" height=\"398\" src=\"https:\/\/www.sukain.be\/secondaire\/wp-content\/uploads\/2021\/06\/Litterature-1.jpg\" alt=\"\" class=\"wp-image-6235 size-full\" srcset=\"https:\/\/www.sukain.be\/secondaire\/wp-content\/uploads\/2021\/06\/Litterature-1.jpg 671w, https:\/\/www.sukain.be\/secondaire\/wp-content\/uploads\/2021\/06\/Litterature-1-300x178.jpg 300w\" sizes=\"(max-width: 671px) 100vw, 671px\" \/><\/figure><div class=\"wp-block-media-text__content\"><!-- wp:list -->\n<ul id=\"block-cb998f32-2bbb-42f4-bac2-25e8e2e72289\"><li>Tu as une bonne culture g\u00e9n\u00e9rale et des capacit\u00e9s d\u2019analyse et de synth\u00e8se?<\/li><li>La communication \u00e9crite et orale,\u00a0c&rsquo;est ton truc?<\/li><li>L&rsquo;intelligence verbale est ta zone de confort?<\/li><li>Tu fais preuve d&rsquo;une cr\u00e9ativit\u00e9 de tous les instants?<\/li><\/ul>\n<!-- \/wp:list -->\n\n<!-- wp:paragraph -->\n<p>L&rsquo;option litt\u00e9raire est pour toi! Tu y d\u00e9velopperas des comp\u00e9tences d&rsquo;expression et de critique, mais aussi de persuasion et de n\u00e9gociation.<\/p>\n<!-- \/wp:paragraph --><\/div><\/div>\n<!-- \/wp:media-text -->\n\n<!-- wp:heading -->\n<h2>L\u2019option Litt\u00e9raire, concr\u00e8tement<\/h2>\n<!-- \/wp:heading -->\n\n<!-- wp:heading {\"level\":4} -->\n<h4>2 heures de fran\u00e7ais en plus!<\/h4>\n<!-- \/wp:heading -->\n\n<!-- wp:paragraph -->\n<p>En choisissant l\u2019option litt\u00e9raire, tu suis <strong>4 heures de fran\u00e7ais plus 2 heures de renforcement<\/strong>, durant lesquelles tu te pencheras en particulier sur :<\/p>\n<!-- \/wp:paragraph -->\n\n<!-- wp:list -->\n<ul><li>En 5<sup>e:<\/sup><ul><li><strong>Le ph\u00e9nom\u00e8ne litt\u00e9raire<\/strong> : Comment devenir \u00e9crivain ? Se faire publier ? Qui d\u00e9cide du succ\u00e8s ? Peut-on vivre de sa plume ?<\/li><li><strong>Les \u00e9critures intimes<\/strong> : Parcours autour des grandes autobiographies d\u2019\u00e9crivains mais aussi des t\u00e9moignages de gens de condition humble.<\/li><li><strong>Le mythe h\u00e9ro\u00efque<\/strong> : Du h\u00e9ros de l\u2019antiquit\u00e9 aux superh\u00e9ros des bandes dessin\u00e9es am\u00e9ricaines.<\/li><\/ul><\/li><li>En 6<sup>e<\/sup><ul><li><strong>La litt\u00e9rature de Belgique<\/strong> : Soyons fiers de nos \u00e9crivains que Paris nous envie.<\/li><li><strong>Moderniser le r\u00e9cit<\/strong> : Parcours autour de toutes les tentatives pour renouveler l\u2019art du r\u00e9cit (roman parodique, nouveau roman, &#8230;)<\/li><li><strong>Le fran\u00e7ais et les litt\u00e9ratures francophones autour du monde.<\/strong><\/li><\/ul><\/li><\/ul>\n<!-- \/wp:list -->\n\n<!-- wp:heading {\"level\":4} -->\n<h4>Une \u00e9tude approfondie de l\u2019Histoire et Histoire de l&rsquo;Art<\/h4>\n<!-- \/wp:heading -->\n\n<!-- wp:paragraph -->\n<p>L\u2019option Litt\u00e9raire comprend aussi <strong>4 heures d\u2019<u>Histoire<\/u><\/strong> ainsi qu\u2019 <strong>une heure d\u2019<u>activit\u00e9 compl\u00e9mentaire en Histoire<\/u><\/strong>.<br>L\u2019\u00e9tude de l\u2019Histoire nous aide \u00e0 mieux comprendre le monde dans lequel nous vivons afin d\u2019agir en <strong>citoyens \u00e9clair\u00e9s et critiques<\/strong>.<\/p>\n<!-- \/wp:paragraph -->\n\n<!-- wp:paragraph -->\n<p>Les 4 heures d\u2019Histoire de la section Litt\u00e9raire t\u2019offrent la possibilit\u00e9 d\u2019\u00e9largir cette vision car, outre l\u2019approfondissement de certains th\u00e8mes, tu peux d\u00e9couvrir le travail de l\u2019historien et ses m\u00e9thodes, des documents d\u2019archives ou encore les derniers r\u00e9sultats de la recherche historique.<br>Collecter des renseignements et des documents, les inventorier, les analyser, les pr\u00e9senter font\u00a0partie des priorit\u00e9s et, parmi ces comp\u00e9tences, la section privil\u00e9gie la <strong>capacit\u00e9 de synth\u00e8se <\/strong>et <strong>l\u2019exercice de la communication.<\/strong><\/p>\n<!-- \/wp:paragraph -->\n\n<!-- wp:paragraph -->\n<p><strong>Une heure d&rsquo;histoire de l&rsquo;art<\/strong> te permettra \u00e9galement de d\u00e9couvrir de grands courants artistiques.<\/p>\n<!-- \/wp:paragraph -->\n\n<!-- wp:heading -->\n<h2>Les projets de l\u2019option<\/h2>\n<!-- \/wp:heading -->\n\n<!-- wp:heading {\"level\":4} -->\n<h4><strong><em>En histoire:<\/em><\/strong><\/h4>\n<!-- \/wp:heading -->\n\n<!-- wp:media-text {\"mediaPosition\":\"right\",\"mediaId\":6238,\"mediaLink\":\"https:\/\/www.sukain.be\/secondaire\/litterature-4\/\",\"mediaType\":\"image\",\"mediaWidth\":28,\"mediaSizeSlug\":\"thumbnail\"} -->\n<div class=\"wp-block-media-text alignwide has-media-on-the-right is-stacked-on-mobile\" style=\"grid-template-columns:auto 28%\"><figure class=\"wp-block-media-text__media\"><img loading=\"lazy\" decoding=\"async\" width=\"290\" height=\"290\" src=\"https:\/\/www.sukain.be\/secondaire\/wp-content\/uploads\/2021\/06\/Litterature-4-290x290.jpg\" alt=\"\" class=\"wp-image-6238 size-thumbnail\" srcset=\"https:\/\/www.sukain.be\/secondaire\/wp-content\/uploads\/2021\/06\/Litterature-4-290x290.jpg 290w, https:\/\/www.sukain.be\/secondaire\/wp-content\/uploads\/2021\/06\/Litterature-4-230x230.jpg 230w, https:\/\/www.sukain.be\/secondaire\/wp-content\/uploads\/2021\/06\/Litterature-4-365x365.jpg 365w\" sizes=\"(max-width: 290px) 100vw, 290px\" \/><\/figure><div class=\"wp-block-media-text__content\"><!-- wp:list -->\n<ul><li>&#8211;<strong>Expositions th\u00e9matiques : <\/strong>Apr\u00e8s quelques notions de mus\u00e9ographie, tu collectes, r\u00e9pertories et analyses les mat\u00e9riaux \u00e0 exposer puis \u00e9labores un parcours mus\u00e9al coh\u00e9rent. Par cette approche holistique, tu t\u2019impliques dans les projets, de la r\u00e9flexion critique et m\u00e9thodologique \u00e0 la transformation des lieux et l\u2019accompagnement des visiteurs.<\/li><li>Les expositions pr\u00e9c\u00e9dentes ont par exemple pr\u00e9sent\u00e9 les traces de <strong>la vie quotidienne dans la premi\u00e8re moiti\u00e9 du 20<sup>e<\/sup> si\u00e8cle<\/strong>, <strong>les combats de Verdun<\/strong> ou encore <strong>les publicit\u00e9s de l\u2019entre-deux-guerres<\/strong>.<\/li><\/ul>\n<!-- \/wp:list --><\/div><\/div>\n<!-- \/wp:media-text -->\n\n<!-- wp:media-text {\"mediaId\":6240,\"mediaLink\":\"https:\/\/www.sukain.be\/secondaire\/litterature-6\/\",\"mediaType\":\"image\",\"mediaWidth\":33} -->\n<div class=\"wp-block-media-text alignwide is-stacked-on-mobile\" style=\"grid-template-columns:33% auto\"><figure class=\"wp-block-media-text__media\"><img loading=\"lazy\" decoding=\"async\" width=\"463\" height=\"306\" src=\"https:\/\/www.sukain.be\/secondaire\/wp-content\/uploads\/2021\/06\/Litterature-6.jpg\" alt=\"\" class=\"wp-image-6240 size-full\" srcset=\"https:\/\/www.sukain.be\/secondaire\/wp-content\/uploads\/2021\/06\/Litterature-6.jpg 463w, https:\/\/www.sukain.be\/secondaire\/wp-content\/uploads\/2021\/06\/Litterature-6-300x198.jpg 300w\" sizes=\"(max-width: 463px) 100vw, 463px\" \/><\/figure><div class=\"wp-block-media-text__content\"><!-- wp:list -->\n<ul><li>Visites de villes, de sites historiques, d&rsquo;expositions ou de mus\u00e9es, tels que <strong>les champs de bataille de Verdun<\/strong>, <strong>le Memorial Museum de Mons <\/strong>ou <strong>le Fort de Breendonk<\/strong>, ainsi que dans le tournaisis (cimeti\u00e8res, Archives de la ville, etc.)<\/li><\/ul>\n<!-- \/wp:list -->\n\n<!-- wp:list -->\n<ul><li>Approfondissements historiques<\/li><\/ul>\n<!-- \/wp:list -->\n\n<!-- wp:list -->\n<ul><li>Projets et \u00e9changes culturels<\/li><\/ul>\n<!-- \/wp:list -->\n\n<!-- wp:list -->\n<ul><li>R\u00e9alisation d&rsquo;un carnet de bord<\/li><\/ul>\n<!-- \/wp:list --><\/div><\/div>\n<!-- \/wp:media-text -->\n\n<!-- wp:heading {\"level\":4} -->\n<h4><br>&nbsp;<strong><em>En fran\u00e7ais<\/em><\/strong><\/h4>\n<!-- \/wp:heading -->\n\n<!-- wp:media-text {\"mediaPosition\":\"right\",\"mediaId\":6242,\"mediaType\":\"image\",\"mediaWidth\":25} -->\n<div class=\"wp-block-media-text alignwide has-media-on-the-right is-stacked-on-mobile\" style=\"grid-template-columns:auto 25%\"><figure class=\"wp-block-media-text__media\"><img loading=\"lazy\" decoding=\"async\" width=\"291\" height=\"322\" src=\"https:\/\/www.sukain.be\/secondaire\/wp-content\/uploads\/2021\/06\/Litterature-8.jpg\" alt=\"\" class=\"wp-image-6242 size-full\" srcset=\"https:\/\/www.sukain.be\/secondaire\/wp-content\/uploads\/2021\/06\/Litterature-8.jpg 291w, https:\/\/www.sukain.be\/secondaire\/wp-content\/uploads\/2021\/06\/Litterature-8-271x300.jpg 271w\" sizes=\"(max-width: 291px) 100vw, 291px\" \/><\/figure><div class=\"wp-block-media-text__content\"><!-- wp:list -->\n<ul id=\"block-ce8d3eee-c21c-495f-8862-8a81ab351be4\"><li>Li\u00e8ge dans les pas de <strong>Simenon <\/strong>et de son h\u00e9ros Maigret,<\/li><li>Participation au concours de critiques cin\u00e9matographiques du <strong><a href=\"https:\/\/www.ramdamfestival.be\/\" target=\"_blank\" rel=\"noreferrer noopener\">Ramdam<\/a><\/strong>,<br>Participation au <a href=\"http:\/\/www.culture-enseignement.cfwb.be\/index.php?id=cult_ens_page101\" target=\"_blank\" rel=\"noreferrer noopener\"><strong>Prix des Lyc\u00e9ens de Litt\u00e9rature<\/strong><\/a>,<\/li><li>Participation au <a href=\"http:\/\/www.culture-enseignement.cfwb.be\/index.php?id=924\" target=\"_blank\" rel=\"noreferrer noopener\"><strong>Projet Journalistes en Herbe<\/strong><\/a>,<\/li><li>Rencontre avec des <strong>auteurs <\/strong>d\u2019un premier roman ou des auteurs belges,<\/li><li>Visite de <strong>mus\u00e9es <\/strong>artistiques ou litt\u00e9raires,<\/li><li>Participation \u00e0 des activit\u00e9s propos\u00e9es par des partenaires, comme la <strong>Biblioth\u00e8que de Tournai<\/strong>.<\/li><\/ul>\n<!-- \/wp:list --><\/div><\/div>\n<!-- \/wp:media-text -->\n\n<!-- wp:heading -->\n<h2>L\u2019option Litt\u00e9raire, oui, mais avec quoi&nbsp;?<\/h2>\n<!-- \/wp:heading -->\n\n<!-- wp:paragraph -->\n<p>En cinqui\u00e8me et en sixi\u00e8me, la litt\u00e9rature se combine \u00e0 d\u2019autres options: Sciences sociales &#8211; <strong>Litt\u00e9raire<\/strong> et <strong>Litt\u00e9raire <\/strong>&#8211; Langues<\/p>\n<!-- \/wp:paragraph -->\n\n<!-- wp:heading -->\n<h2>Les d\u00e9bouch\u00e9s de ta formation<\/h2>\n<!-- \/wp:heading -->\n\n<!-- wp:paragraph -->\n<p>L\u2019option litt\u00e9raire te permet d\u2019aborder des \u00e9tudes sup\u00e9rieures visant \u00e0 obtenir par exemple:<\/p>\n<!-- \/wp:paragraph -->\n\n<!-- wp:list -->\n<ul><li>un MASTER en<ul><li>Langues et litt\u00e9ratures romanes, ou germaniques en combinaison avec l&rsquo;option langues<\/li><li>Droit<\/li><li>Histoire<\/li><li>Psychologie<\/li><\/ul><\/li><li>un dipl\u00f4me de BACHELIER<ul><li>Fran\u00e7ais \u2013 Sciences Humaines (r\u00e9gendats)<\/li><li>Droit<\/li><li>Psychologie<\/li><li>Instituteur pr\u00e9scolaire<\/li><li>Instituteur primaire<\/li><li>Assistant de direction<\/li><\/ul><\/li><\/ul>\n<!-- \/wp:list -->\n\n<!-- wp:media-text {\"mediaId\":6236,\"mediaLink\":\"https:\/\/www.sukain.be\/secondaire\/litterature-2\/\",\"mediaType\":\"image\",\"mediaWidth\":39} -->\n<div class=\"wp-block-media-text alignwide is-stacked-on-mobile\" style=\"grid-template-columns:39% auto\"><figure class=\"wp-block-media-text__media\"><img loading=\"lazy\" decoding=\"async\" width=\"510\" height=\"319\" src=\"https:\/\/www.sukain.be\/secondaire\/wp-content\/uploads\/2021\/06\/Litterature-2.jpg\" alt=\"\" class=\"wp-image-6236 size-full\" srcset=\"https:\/\/www.sukain.be\/secondaire\/wp-content\/uploads\/2021\/06\/Litterature-2.jpg 510w, https:\/\/www.sukain.be\/secondaire\/wp-content\/uploads\/2021\/06\/Litterature-2-300x188.jpg 300w\" sizes=\"(max-width: 510px) 100vw, 510px\" \/><\/figure><div class=\"wp-block-media-text__content\"><!-- wp:paragraph {\"placeholder\":\"Contenu\u2026\"} -->\n<p>L\u2019option te pr\u00e9pare \u00e9galement \u00e0 des \u00e9tudes de biblioth\u00e9caire, au domaine de la <strong>communication<\/strong>, du <strong>journalisme<\/strong>\u2026<br>Par ailleurs, les litt\u00e9raires peuvent occuper des fonctions tr\u00e8s vari\u00e9es aussi bien dans les secteurs du <strong>commerce<\/strong> et du <strong>droit<\/strong> que dans ceux des <strong>arts du spectacle<\/strong> et m\u00eame du <strong>param\u00e9dical<\/strong>.<\/p>\n<!-- \/wp:paragraph --><\/div><\/div>\n<!-- \/wp:media-text -->\n\n<!-- wp:heading -->\n<h2>La grille horaire de l&rsquo;option<\/h2>\n<!-- \/wp:heading -->\n\n<!-- wp:table {\"hasFixedLayout\":true,\"className\":\"is-style-stripes\"} -->\n<figure class=\"wp-block-table is-style-stripes\"><table class=\"has-fixed-layout\"><thead><tr><th>Branches<\/th><th class=\"has-text-align-center\" data-align=\"center\">Option Sciences sociales &#8211; Litt\u00e9raire<\/th><th class=\"has-text-align-center\" data-align=\"center\">Option Litt\u00e9raire &#8211; Langues<\/th><\/tr><\/thead><tbody><tr><td>Education physique<\/td><td class=\"has-text-align-center\" data-align=\"center\">2<\/td><td class=\"has-text-align-center\" data-align=\"center\">2<\/td><\/tr><tr><td>G\u00e9ographie<\/td><td class=\"has-text-align-center\" data-align=\"center\">2<\/td><td class=\"has-text-align-center\" data-align=\"center\">2<\/td><\/tr><tr><td>Histoire<\/td><td class=\"has-text-align-center\" data-align=\"center\">4<\/td><td class=\"has-text-align-center\" data-align=\"center\">4<\/td><\/tr><tr><td>Fran\u00e7ais<\/td><td class=\"has-text-align-center\" data-align=\"center\">4+2<\/td><td class=\"has-text-align-center\" data-align=\"center\">4+2<\/td><\/tr><tr><td>Religion<\/td><td class=\"has-text-align-center\" data-align=\"center\">2<\/td><td class=\"has-text-align-center\" data-align=\"center\">2<\/td><\/tr><tr><td>Math\u00e9matiques<\/td><td class=\"has-text-align-center\" data-align=\"center\">2<\/td><td class=\"has-text-align-center\" data-align=\"center\">2\/4<\/td><\/tr><tr><td>Sciences:<\/td><td class=\"has-text-align-center\" data-align=\"center\"><\/td><td class=\"has-text-align-center\" data-align=\"center\"><\/td><\/tr><tr><td> &#8211; Physique<\/td><td class=\"has-text-align-center\" data-align=\"center\">1<\/td><td class=\"has-text-align-center\" data-align=\"center\">1<\/td><\/tr><tr><td> &#8211; Chimie<\/td><td class=\"has-text-align-center\" data-align=\"center\">1<\/td><td class=\"has-text-align-center\" data-align=\"center\">1<\/td><\/tr><tr><td> &#8211; Biologie<\/td><td class=\"has-text-align-center\" data-align=\"center\">1<\/td><td class=\"has-text-align-center\" data-align=\"center\">1<\/td><\/tr><tr><td>Langue 1 (n\u00e9erlandais-anglais)<\/td><td class=\"has-text-align-center\" data-align=\"center\">4<\/td><td class=\"has-text-align-center\" data-align=\"center\">4<\/td><\/tr><tr><td>Langue 2 (anglais-n\u00e9erlandais)<\/td><td class=\"has-text-align-center\" data-align=\"center\">0<\/td><td class=\"has-text-align-center\" data-align=\"center\">4<\/td><\/tr><tr><td>Langue 2  2h (anglais)<\/td><td class=\"has-text-align-center\" data-align=\"center\">0\/2<\/td><td class=\"has-text-align-center\" data-align=\"center\">0<\/td><\/tr><tr><td>Sciences sociales<\/td><td class=\"has-text-align-center\" data-align=\"center\">4<\/td><td class=\"has-text-align-center\" data-align=\"center\">0<\/td><\/tr><tr><td>Info<\/td><td class=\"has-text-align-center\" data-align=\"center\">0<\/td><td class=\"has-text-align-center\" data-align=\"center\">0\/1<\/td><\/tr><tr><td>Sport<\/td><td class=\"has-text-align-center\" data-align=\"center\">0<\/td><td class=\"has-text-align-center\" data-align=\"center\">0\/1<\/td><\/tr><tr><td>Activit\u00e9 compl\u00e9mentaire en Histoire<\/td><td class=\"has-text-align-center\" data-align=\"center\">1<\/td><td class=\"has-text-align-center\" data-align=\"center\">1<\/td><\/tr><tr><td><\/td><td class=\"has-text-align-center\" data-align=\"center\">30-32<\/td><td class=\"has-text-align-center\" data-align=\"center\">30-32<\/td><\/tr><\/tbody><\/table><\/figure>\n<!-- \/wp:table -->\n\n<div style=\"text-align: center;\"><a class=\"like-elementor-bt\" href=\"https:\/\/www.sukain.be\/secondaire\/nos-formations\/\">Retourner vers les offres d&rsquo;enseignement<\/a><\/div>\t\t\t\t\t\t<\/div>\n\t\t\t\t<\/div>\n\t\t\t\t\t<\/div>\n\t\t<\/div>\n\t\t\t\t\t\t\t<\/div>\n\t\t<\/section>\n\t\t\t\t<section class=\"elementor-section elementor-top-section elementor-element elementor-element-ce0f0ca elementor-section-boxed elementor-section-height-default elementor-section-height-default\" data-id=\"ce0f0ca\" data-element_type=\"section\">\n\t\t\t\t\t\t<div class=\"elementor-container elementor-column-gap-default\">\n\t\t\t\t\t<div class=\"elementor-column elementor-col-100 elementor-top-column elementor-element elementor-element-b1113d4\" data-id=\"b1113d4\" data-element_type=\"column\">\n\t\t\t<div class=\"elementor-widget-wrap elementor-element-populated\">\n\t\t\t\t\t\t\t\t<div class=\"elementor-element elementor-element-f810573 elementor-align-center elementor-widget elementor-widget-button\" data-id=\"f810573\" data-element_type=\"widget\" data-widget_type=\"button.default\">\n\t\t\t\t<div class=\"elementor-widget-container\">\n\t\t\t\t\t<div class=\"elementor-button-wrapper\">\n\t\t\t<a href=\"https:\/\/drive.google.com\/file\/d\/1LbxnHlqqi1FSNc7N6l7yuFKFTEKzIUvU\/view?usp=drive_link\" target=\"_blank\" class=\"elementor-button-link elementor-button elementor-size-sm\" role=\"button\">\n\t\t\t\t\t\t<span class=\"elementor-button-content-wrapper\">\n\t\t\t\t\t\t\t<span class=\"elementor-button-icon elementor-align-icon-left\">\n\t\t\t\t<i aria-hidden=\"true\" class=\"fas fa-file-pdf\"><\/i>\t\t\t<\/span>\n\t\t\t\t\t\t<span class=\"elementor-button-text\">T\u00e9l\u00e9charger le fascicule de pr\u00e9sentation<\/span>\n\t\t<\/span>\n\t\t\t\t\t<\/a>\n\t\t<\/div>\n\t\t\t\t<\/div>\n\t\t\t\t<\/div>\n\t\t\t\t\t<\/div>\n\t\t<\/div>\n\t\t\t\t\t\t\t<\/div>\n\t\t<\/section>\n\t\t\t\t\t\t\t<\/div>\n\t\t","protected":false},"excerpt":{"rendered":"<p>\u00ab\u00a0Toute litt\u00e9rature est assaut contre la fronti\u00e8re.\u00a0\u00bb &#8211; Franz Kafka Les litt\u00e9raires, qui sont-ils&nbsp;? Tu as une bonne culture g\u00e9n\u00e9rale et des capacit\u00e9s d\u2019analyse et de synth\u00e8se? La communication \u00e9crite et orale,\u00a0c&rsquo;est ton truc? L&rsquo;intelligence verbale est ta zone de<\/p>\n","protected":false},"author":96,"featured_media":0,"parent":0,"menu_order":0,"comment_status":"closed","ping_status":"closed","template":"","meta":{"footnotes":""},"folder":[],"yoast_head":"<!-- This site is optimized with the Yoast SEO plugin v20.0 - https:\/\/yoast.com\/wordpress\/plugins\/seo\/ -->\n<title>G\u00e9n\u00e9ral Option Litt\u00e9raire - 5e et 6e - \u00c9cole secondaire de la Sainte-Union de Kain (Tournai)<\/title>\n<meta name=\"robots\" content=\"index, follow, max-snippet:-1, max-image-preview:large, max-video-preview:-1\" \/>\n<link rel=\"canonical\" href=\"https:\/\/www.sukain.be\/secondaire\/6258-2\/\" \/>\n<meta property=\"og:locale\" content=\"fr_FR\" \/>\n<meta property=\"og:type\" content=\"article\" \/>\n<meta property=\"og:title\" content=\"G\u00e9n\u00e9ral Option Litt\u00e9raire - 5e et 6e - \u00c9cole secondaire de la Sainte-Union de Kain (Tournai)\" \/>\n<meta property=\"og:description\" content=\"&quot;Toute litt\u00e9rature est assaut contre la fronti\u00e8re.&quot; - Franz Kafka Les litt\u00e9raires, qui sont-ils&nbsp;? Tu as une bonne culture g\u00e9n\u00e9rale et des capacit\u00e9s d\u2019analyse et de synth\u00e8se? La communication \u00e9crite et orale,\u00a0c&rsquo;est ton truc? L&rsquo;intelligence verbale est ta zone de\" \/>\n<meta property=\"og:url\" content=\"https:\/\/www.sukain.be\/secondaire\/6258-2\/\" \/>\n<meta property=\"og:site_name\" content=\"\u00c9cole secondaire de la Sainte-Union de Kain (Tournai)\" \/>\n<meta property=\"article:modified_time\" content=\"2026-02-10T12:20:13+00:00\" \/>\n<meta property=\"og:image\" content=\"http:\/\/www.sukain.be\/secondaire\/wp-content\/uploads\/2021\/06\/Litterature-1.jpg\" \/>\n<meta name=\"twitter:label1\" content=\"Dur\u00e9e de lecture estim\u00e9e\" \/>\n\t<meta name=\"twitter:data1\" content=\"5 minutes\" \/>\n<script type=\"application\/ld+json\" class=\"yoast-schema-graph\">{\"@context\":\"https:\/\/schema.org\",\"@graph\":[{\"@type\":\"WebPage\",\"@id\":\"https:\/\/www.sukain.be\/secondaire\/6258-2\/\",\"url\":\"https:\/\/www.sukain.be\/secondaire\/6258-2\/\",\"name\":\"G\u00e9n\u00e9ral Option Litt\u00e9raire - 5e et 6e - \u00c9cole secondaire de la Sainte-Union de Kain (Tournai)\",\"isPartOf\":{\"@id\":\"https:\/\/www.sukain.be\/secondaire\/#website\"},\"datePublished\":\"2021-06-30T08:27:14+00:00\",\"dateModified\":\"2026-02-10T12:20:13+00:00\",\"breadcrumb\":{\"@id\":\"https:\/\/www.sukain.be\/secondaire\/6258-2\/#breadcrumb\"},\"inLanguage\":\"fr-FR\",\"potentialAction\":[{\"@type\":\"ReadAction\",\"target\":[\"https:\/\/www.sukain.be\/secondaire\/6258-2\/\"]}]},{\"@type\":\"BreadcrumbList\",\"@id\":\"https:\/\/www.sukain.be\/secondaire\/6258-2\/#breadcrumb\",\"itemListElement\":[{\"@type\":\"ListItem\",\"position\":1,\"name\":\"Accueil\",\"item\":\"https:\/\/www.sukain.be\/secondaire\/\"},{\"@type\":\"ListItem\",\"position\":2,\"name\":\"G\u00e9n\u00e9ral Option Litt\u00e9raire &#8211; 5e et 6e\"}]},{\"@type\":\"WebSite\",\"@id\":\"https:\/\/www.sukain.be\/secondaire\/#website\",\"url\":\"https:\/\/www.sukain.be\/secondaire\/\",\"name\":\"\u00c9cole secondaire de la Sainte-Union de Kain (Tournai)\",\"description\":\"Ton avenir entre tes mains\",\"potentialAction\":[{\"@type\":\"SearchAction\",\"target\":{\"@type\":\"EntryPoint\",\"urlTemplate\":\"https:\/\/www.sukain.be\/secondaire\/?s={search_term_string}\"},\"query-input\":\"required name=search_term_string\"}],\"inLanguage\":\"fr-FR\"}]}<\/script>\n<!-- \/ Yoast SEO plugin. -->","yoast_head_json":{"title":"G\u00e9n\u00e9ral Option Litt\u00e9raire - 5e et 6e - \u00c9cole secondaire de la Sainte-Union de Kain (Tournai)","robots":{"index":"index","follow":"follow","max-snippet":"max-snippet:-1","max-image-preview":"max-image-preview:large","max-video-preview":"max-video-preview:-1"},"canonical":"https:\/\/www.sukain.be\/secondaire\/6258-2\/","og_locale":"fr_FR","og_type":"article","og_title":"G\u00e9n\u00e9ral Option Litt\u00e9raire - 5e et 6e - \u00c9cole secondaire de la Sainte-Union de Kain (Tournai)","og_description":"\"Toute litt\u00e9rature est assaut contre la fronti\u00e8re.\" - Franz Kafka Les litt\u00e9raires, qui sont-ils&nbsp;? Tu as une bonne culture g\u00e9n\u00e9rale et des capacit\u00e9s d\u2019analyse et de synth\u00e8se? La communication \u00e9crite et orale,\u00a0c&rsquo;est ton truc? L&rsquo;intelligence verbale est ta zone de","og_url":"https:\/\/www.sukain.be\/secondaire\/6258-2\/","og_site_name":"\u00c9cole secondaire de la Sainte-Union de Kain (Tournai)","article_modified_time":"2026-02-10T12:20:13+00:00","og_image":[{"url":"http:\/\/www.sukain.be\/secondaire\/wp-content\/uploads\/2021\/06\/Litterature-1.jpg"}],"twitter_misc":{"Dur\u00e9e de lecture estim\u00e9e":"5 minutes"},"schema":{"@context":"https:\/\/schema.org","@graph":[{"@type":"WebPage","@id":"https:\/\/www.sukain.be\/secondaire\/6258-2\/","url":"https:\/\/www.sukain.be\/secondaire\/6258-2\/","name":"G\u00e9n\u00e9ral Option Litt\u00e9raire - 5e et 6e - \u00c9cole secondaire de la Sainte-Union de Kain (Tournai)","isPartOf":{"@id":"https:\/\/www.sukain.be\/secondaire\/#website"},"datePublished":"2021-06-30T08:27:14+00:00","dateModified":"2026-02-10T12:20:13+00:00","breadcrumb":{"@id":"https:\/\/www.sukain.be\/secondaire\/6258-2\/#breadcrumb"},"inLanguage":"fr-FR","potentialAction":[{"@type":"ReadAction","target":["https:\/\/www.sukain.be\/secondaire\/6258-2\/"]}]},{"@type":"BreadcrumbList","@id":"https:\/\/www.sukain.be\/secondaire\/6258-2\/#breadcrumb","itemListElement":[{"@type":"ListItem","position":1,"name":"Accueil","item":"https:\/\/www.sukain.be\/secondaire\/"},{"@type":"ListItem","position":2,"name":"G\u00e9n\u00e9ral Option Litt\u00e9raire &#8211; 5e et 6e"}]},{"@type":"WebSite","@id":"https:\/\/www.sukain.be\/secondaire\/#website","url":"https:\/\/www.sukain.be\/secondaire\/","name":"\u00c9cole secondaire de la Sainte-Union de Kain (Tournai)","description":"Ton avenir entre tes mains","potentialAction":[{"@type":"SearchAction","target":{"@type":"EntryPoint","urlTemplate":"https:\/\/www.sukain.be\/secondaire\/?s={search_term_string}"},"query-input":"required name=search_term_string"}],"inLanguage":"fr-FR"}]}},"_links":{"self":[{"href":"https:\/\/www.sukain.be\/secondaire\/wp-json\/wp\/v2\/pages\/6258"}],"collection":[{"href":"https:\/\/www.sukain.be\/secondaire\/wp-json\/wp\/v2\/pages"}],"about":[{"href":"https:\/\/www.sukain.be\/secondaire\/wp-json\/wp\/v2\/types\/page"}],"author":[{"embeddable":true,"href":"https:\/\/www.sukain.be\/secondaire\/wp-json\/wp\/v2\/users\/96"}],"replies":[{"embeddable":true,"href":"https:\/\/www.sukain.be\/secondaire\/wp-json\/wp\/v2\/comments?post=6258"}],"version-history":[{"count":12,"href":"https:\/\/www.sukain.be\/secondaire\/wp-json\/wp\/v2\/pages\/6258\/revisions"}],"predecessor-version":[{"id":8658,"href":"https:\/\/www.sukain.be\/secondaire\/wp-json\/wp\/v2\/pages\/6258\/revisions\/8658"}],"wp:attachment":[{"href":"https:\/\/www.sukain.be\/secondaire\/wp-json\/wp\/v2\/media?parent=6258"}],"wp:term":[{"taxonomy":"folder","embeddable":true,"href":"https:\/\/www.sukain.be\/secondaire\/wp-json\/wp\/v2\/folder?post=6258"}],"curies":[{"name":"wp","href":"https:\/\/api.w.org\/{rel}","templated":true}]}}