{"id":6230,"date":"2021-06-29T21:25:26","date_gmt":"2021-06-29T19:25:26","guid":{"rendered":"http:\/\/www.sukain.be\/secondaire\/?page_id=6230"},"modified":"2026-02-10T14:16:12","modified_gmt":"2026-02-10T12:16:12","slug":"5eme-et-6eme-general-option-langues","status":"publish","type":"page","link":"https:\/\/www.sukain.be\/secondaire\/5eme-et-6eme-general-option-langues\/","title":{"rendered":"G\u00e9n\u00e9ral Option Langues &#8211; 5e et 6e"},"content":{"rendered":"\t\t<div data-elementor-type=\"wp-page\" data-elementor-id=\"6230\" class=\"elementor elementor-6230\">\n\t\t\t\t\t\t\t\t\t<section class=\"elementor-section elementor-top-section elementor-element elementor-element-6fd2f2c7 elementor-section-boxed elementor-section-height-default elementor-section-height-default\" data-id=\"6fd2f2c7\" data-element_type=\"section\">\n\t\t\t\t\t\t<div class=\"elementor-container elementor-column-gap-default\">\n\t\t\t\t\t<div class=\"elementor-column elementor-col-100 elementor-top-column elementor-element elementor-element-262a065a\" data-id=\"262a065a\" data-element_type=\"column\">\n\t\t\t<div class=\"elementor-widget-wrap elementor-element-populated\">\n\t\t\t\t\t\t\t\t<div class=\"elementor-element elementor-element-49ed77b8 elementor-widget elementor-widget-text-editor\" data-id=\"49ed77b8\" data-element_type=\"widget\" data-widget_type=\"text-editor.default\">\n\t\t\t\t<div class=\"elementor-widget-container\">\n\t\t\t\t\t\t\t<!-- wp:preformatted -->\n<pre id=\"block-2270522f-daa2-431a-87d0-c797af91e23e\" class=\"wp-block-preformatted\">Les langues\u2005: un atout pour ton avenir&nbsp;et une porte ouverte sur le monde\u2005!<\/pre>\n<!-- \/wp:preformatted -->\n\n<!-- wp:heading -->\n<h2 id=\"block-ede32dd1-8150-4ea3-9cbb-f41ce106069f\">Pourquoi les langues&nbsp;?<\/h2>\n<!-- \/wp:heading -->\n\n<!-- wp:paragraph -->\n<p id=\"block-34a068d1-92ed-487f-a97d-ce362c0ae1bf\">Les langues (maternelles et \u00e9trang\u00e8res) servent avant tout \u00e0 communiquer. Avec elles, tu entres donc de plain-pied dans la vie<strong><\/strong>: les nouvelles dans les m\u00e9dias, des contacts avec des amis \u00e9trangers sur Internet, en vacances ou lors d\u2019\u00e9changes, le plaisir de chanter dans d\u2019autres langues, la d\u00e9couverte de litt\u00e9ratures \u00e9trang\u00e8res et bien s\u00fbr \u00e0 plus long terme, elles sont un atout majeur pour la qu\u00eate d\u2019un emploi. <strong>L\u2019informatique et les langues sont les exigences les plus courantes du march\u00e9 du travail actuel et de demain!<\/strong><\/p>\n<!-- \/wp:paragraph -->\n\n<!-- wp:heading -->\n<h2 id=\"block-2da67f52-b6e0-495d-b8e8-77a87e697f32\">L\u2019option Langues, concr\u00e8tement<\/h2>\n<!-- \/wp:heading -->\n\n<!-- wp:paragraph -->\n<p id=\"block-7586437e-34ff-4a09-a192-5db2423dd4e1\">En choisissant l\u2019option langues, tu suis <strong>4 heures d\u2019anglais (langue 1 ou 2) et 4 heures de n\u00e9erlandais (langue 1 ou 2) <\/strong>par semaine. Selon la m\u00e9thode de la spirale, les th\u00e8mes sont revus plusieurs fois<strong><\/strong>: enrichissement des cl\u00e9s de la communication, du vocabulaire et augmentation progressive de la difficult\u00e9.<\/p>\n<!-- \/wp:paragraph -->\n\n<!-- wp:paragraph -->\n<p id=\"block-3a667215-23bb-4252-a8b8-153461a4a153\">L\u2019apprentissage se fait dans quatre directions<strong><\/strong>: expressions \u00e9crite et orale, compr\u00e9hensions \u00e0 l\u2019audition et \u00e0 la lecture. La grammaire n\u2019est expliqu\u00e9e que dans la mesure o\u00f9 son ignorance pourrait freiner la communication. Les exercices propos\u00e9s sont vari\u00e9s et adapt\u00e9s.<\/p>\n<!-- \/wp:paragraph -->\n\n<!-- wp:paragraph -->\n<p id=\"block-0b91bc27-9d05-4933-b87f-b29ad3d045e1\"><strong>Osez parler, c\u2019est primordial&nbsp;!<\/strong> Saisis toutes les occasions pour te \u00ab&nbsp;lancer&nbsp;\u00bb. Si tu veux progresser, \u00e9coute la radio, regarde la TV ou des vid\u00e9os sur Internet, \u2026&nbsp;. Ainsi, ta compr\u00e9hension \u00e0 l\u2019audition s\u2019am\u00e9liorera rapidement. En travaillant r\u00e9guli\u00e8rement, ton efficacit\u00e9 linguistique augmentera de jour en jour.<\/p>\n<!-- \/wp:paragraph -->\n\n<!-- wp:gallery {\"linkTo\":\"media\"} -->\n<figure class=\"wp-block-gallery has-nested-images columns-default is-cropped\"><!-- wp:image {\"id\":6219,\"sizeSlug\":\"large\",\"linkDestination\":\"media\"} -->\n<figure class=\"wp-block-image size-large\"><a href=\"https:\/\/www.sukain.be\/secondaire\/wp-content\/uploads\/2021\/06\/Langues2.jpg\"><img loading=\"lazy\" decoding=\"async\" width=\"837\" height=\"545\" src=\"https:\/\/www.sukain.be\/secondaire\/wp-content\/uploads\/2021\/06\/Langues2.jpg\" alt=\"\" class=\"wp-image-6219\" srcset=\"https:\/\/www.sukain.be\/secondaire\/wp-content\/uploads\/2021\/06\/Langues2.jpg 837w, https:\/\/www.sukain.be\/secondaire\/wp-content\/uploads\/2021\/06\/Langues2-300x195.jpg 300w, https:\/\/www.sukain.be\/secondaire\/wp-content\/uploads\/2021\/06\/Langues2-768x500.jpg 768w\" sizes=\"(max-width: 837px) 100vw, 837px\" \/><\/a><\/figure>\n<!-- \/wp:image -->\n\n<!-- wp:image {\"id\":6218,\"sizeSlug\":\"large\",\"linkDestination\":\"media\"} -->\n<figure class=\"wp-block-image size-large\"><a href=\"https:\/\/www.sukain.be\/secondaire\/wp-content\/uploads\/2021\/06\/Langues-3.jpg\"><img loading=\"lazy\" decoding=\"async\" width=\"1024\" height=\"629\" src=\"https:\/\/www.sukain.be\/secondaire\/wp-content\/uploads\/2021\/06\/Langues-3-1024x629.jpg\" alt=\"\" class=\"wp-image-6218\" srcset=\"https:\/\/www.sukain.be\/secondaire\/wp-content\/uploads\/2021\/06\/Langues-3-1024x629.jpg 1024w, https:\/\/www.sukain.be\/secondaire\/wp-content\/uploads\/2021\/06\/Langues-3-300x184.jpg 300w, https:\/\/www.sukain.be\/secondaire\/wp-content\/uploads\/2021\/06\/Langues-3-768x472.jpg 768w, https:\/\/www.sukain.be\/secondaire\/wp-content\/uploads\/2021\/06\/Langues-3-1536x944.jpg 1536w, https:\/\/www.sukain.be\/secondaire\/wp-content\/uploads\/2021\/06\/Langues-3.jpg 1753w\" sizes=\"(max-width: 1024px) 100vw, 1024px\" \/><\/a><\/figure>\n<!-- \/wp:image --><\/figure>\n<!-- \/wp:gallery -->\n\n<!-- wp:paragraph -->\n<p id=\"block-10774967-cd24-4231-9d73-f94def8ffcb8\">&nbsp;<br>En classe et en dehors, tu auras l\u2019occasion de pratiquer activement les langues choisies \u00e0 l\u2019occasion de<strong> l\u2019Euroweek<\/strong> ou autres voyages \u00e0 l\u2019\u00e9tranger, lors de l\u2019accueil \u00e0 l\u2019\u00e9cole de \u00ab&nbsp;native speakers&nbsp;\u00bb (locuteurs natifs), de la mise sur pied de sayn\u00e8tes ou chansons pour la f\u00eate de l\u2019\u00e9cole (<strong>The Voice<\/strong>), ou lors d\u2019\u00e9changes par e-mail avec des jeunes Europ\u00e9ens.<\/p>\n<!-- \/wp:paragraph -->\n\n<!-- wp:heading -->\n<h2 id=\"block-e082de3f-2772-41bd-bf63-ce8258f17e4c\">Les projets de l\u2019option<\/h2>\n<!-- \/wp:heading -->\n\n<!-- wp:media-text {\"mediaPosition\":\"right\",\"mediaType\":\"image\",\"mediaWidth\":44} -->\n<div class=\"wp-block-media-text alignwide has-media-on-the-right is-stacked-on-mobile\" style=\"grid-template-columns:auto 44%\"><figure class=\"wp-block-media-text__media\"><img decoding=\"async\" src=\"https:\/\/www.sukain.be\/secondaire\/wp-content\/uploads\/2021\/06\/Langues-1.jpg\" alt=\"\"\/><\/figure><div class=\"wp-block-media-text__content\"><!-- wp:list -->\n<ul id=\"block-a8dba689-bf1e-41d8-9da4-785de6ddecb0\"><li>Echange linguistique \u00e0 Bruges,<\/li><li>Excursions en Flandre (par exemple \u00e0 Anvers, Leuven, Gand, Bruges) et \u00e0 l\u2019\u00e9tranger (par exemple \u00e0 Canterbury, Amsterdam),<\/li><li>Participation au B2 First, (examen reconnu internationalement) sur base volontaire,<\/li><li>Participation \u00e0 l\u2019Euroweek, semaine de rencontre pour des jeunes venant de tous les pays de l\u2019Union (concept cr\u00e9\u00e9 par l\u2019\u00e9cole en 1992),<\/li><li>Participation au projet EPAS (European Parliament Ambassador School),<\/li><li>Participation \u00e0 la semaine Nieuws in de Klas autour de la presse flamande,<\/li><li>Pi\u00e8ce de th\u00e9\u00e2tre jou\u00e9e par des anglophones, etc.<\/li><\/ul>\n<!-- \/wp:list --><\/div><\/div>\n<!-- \/wp:media-text -->\n\n<!-- wp:heading -->\n<h2>Les partenaires de nos projets<\/h2>\n<!-- \/wp:heading -->\n\n<!-- wp:gallery {\"imageCrop\":false,\"linkTo\":\"file\"} -->\n<figure class=\"wp-block-gallery has-nested-images columns-default\"><!-- wp:image {\"id\":7085,\"sizeSlug\":\"thumbnail\",\"linkDestination\":\"custom\"} -->\n<figure class=\"wp-block-image size-thumbnail\"><a href=\"https:\/\/www.cambridgeenglish.org\/fr\/exams-and-tests\/first\/\" target=\"_blank\" rel=\"noopener\"><img loading=\"lazy\" decoding=\"async\" width=\"290\" height=\"290\" src=\"https:\/\/www.sukain.be\/secondaire\/wp-content\/uploads\/2022\/03\/Logo-B2-first-anciennement-FCE-examen-de-Cambridge-passe-par-les-6G-dans-le-cadre-de-loption-langues-1-290x290.png\" alt=\"\" class=\"wp-image-7085\" srcset=\"https:\/\/www.sukain.be\/secondaire\/wp-content\/uploads\/2022\/03\/Logo-B2-first-anciennement-FCE-examen-de-Cambridge-passe-par-les-6G-dans-le-cadre-de-loption-langues-1-290x290.png 290w, https:\/\/www.sukain.be\/secondaire\/wp-content\/uploads\/2022\/03\/Logo-B2-first-anciennement-FCE-examen-de-Cambridge-passe-par-les-6G-dans-le-cadre-de-loption-langues-1-300x300.png 300w, https:\/\/www.sukain.be\/secondaire\/wp-content\/uploads\/2022\/03\/Logo-B2-first-anciennement-FCE-examen-de-Cambridge-passe-par-les-6G-dans-le-cadre-de-loption-langues-1-1024x1024.png 1024w, https:\/\/www.sukain.be\/secondaire\/wp-content\/uploads\/2022\/03\/Logo-B2-first-anciennement-FCE-examen-de-Cambridge-passe-par-les-6G-dans-le-cadre-de-loption-langues-1-768x768.png 768w, https:\/\/www.sukain.be\/secondaire\/wp-content\/uploads\/2022\/03\/Logo-B2-first-anciennement-FCE-examen-de-Cambridge-passe-par-les-6G-dans-le-cadre-de-loption-langues-1-230x230.png 230w, https:\/\/www.sukain.be\/secondaire\/wp-content\/uploads\/2022\/03\/Logo-B2-first-anciennement-FCE-examen-de-Cambridge-passe-par-les-6G-dans-le-cadre-de-loption-langues-1-365x365.png 365w, https:\/\/www.sukain.be\/secondaire\/wp-content\/uploads\/2022\/03\/Logo-B2-first-anciennement-FCE-examen-de-Cambridge-passe-par-les-6G-dans-le-cadre-de-loption-langues-1.png 1200w\" sizes=\"(max-width: 290px) 100vw, 290px\" \/><\/a><\/figure>\n<!-- \/wp:image -->\n\n<!-- wp:image {\"id\":7086,\"sizeSlug\":\"thumbnail\",\"linkDestination\":\"custom\"} -->\n<figure class=\"wp-block-image size-thumbnail\"><a href=\"https:\/\/www.wijzijnmia.be\/nl\/home\" target=\"_blank\" rel=\"noopener\"><img loading=\"lazy\" decoding=\"async\" width=\"290\" height=\"290\" src=\"https:\/\/www.sukain.be\/secondaire\/wp-content\/uploads\/2022\/03\/Logo-de-lecole-MIA-a-Bruges-partenaire-dun-echange-linguistique-en-5-et-6-GT-290x290.jpg\" alt=\"\" class=\"wp-image-7086\" srcset=\"https:\/\/www.sukain.be\/secondaire\/wp-content\/uploads\/2022\/03\/Logo-de-lecole-MIA-a-Bruges-partenaire-dun-echange-linguistique-en-5-et-6-GT-290x290.jpg 290w, https:\/\/www.sukain.be\/secondaire\/wp-content\/uploads\/2022\/03\/Logo-de-lecole-MIA-a-Bruges-partenaire-dun-echange-linguistique-en-5-et-6-GT-230x230.jpg 230w, https:\/\/www.sukain.be\/secondaire\/wp-content\/uploads\/2022\/03\/Logo-de-lecole-MIA-a-Bruges-partenaire-dun-echange-linguistique-en-5-et-6-GT-365x365.jpg 365w\" sizes=\"(max-width: 290px) 100vw, 290px\" \/><\/a><\/figure>\n<!-- \/wp:image -->\n\n<!-- wp:image {\"id\":7087,\"sizeSlug\":\"large\",\"linkDestination\":\"custom\"} -->\n<figure class=\"wp-block-image size-large\"><a href=\"https:\/\/www.nieuwsindeklas.be\/\" target=\"_blank\" rel=\"noopener\"><img loading=\"lazy\" decoding=\"async\" width=\"386\" height=\"402\" src=\"https:\/\/www.sukain.be\/secondaire\/wp-content\/uploads\/2022\/03\/Logo-de-Nieuws-in-de-Klas-projet-auquel-participent-les-5G-neerlandais-.png\" alt=\"\" class=\"wp-image-7087\" srcset=\"https:\/\/www.sukain.be\/secondaire\/wp-content\/uploads\/2022\/03\/Logo-de-Nieuws-in-de-Klas-projet-auquel-participent-les-5G-neerlandais-.png 386w, https:\/\/www.sukain.be\/secondaire\/wp-content\/uploads\/2022\/03\/Logo-de-Nieuws-in-de-Klas-projet-auquel-participent-les-5G-neerlandais--288x300.png 288w\" sizes=\"(max-width: 386px) 100vw, 386px\" \/><\/a><\/figure>\n<!-- \/wp:image --><\/figure>\n<!-- \/wp:gallery -->\n\n<!-- wp:heading -->\n<h2 id=\"block-79618528-a74e-4c06-8382-4fa4a9531f9d\">Les d\u00e9bouch\u00e9s de ta formation<\/h2>\n<!-- \/wp:heading -->\n\n<!-- wp:paragraph -->\n<p id=\"block-bb2bd060-7466-4987-9a1f-0c957bab29e3\">L\u2019option Langues, outre les objectifs d\u00e9j\u00e0 \u00e9voqu\u00e9s, te permet d\u2019aborder des \u00e9tudes sup\u00e9rieures visant \u00e0 obtenir\u2005<strong>par exemple<\/strong>:<\/p>\n<!-- \/wp:paragraph -->\n\n<!-- wp:list -->\n<ul id=\"block-e4130ce9-d203-4378-b300-c4e7c0d4ac46\"><li>un <strong>master <\/strong>en<ul><li>Langues et litt\u00e9ratures modernes germaniques<\/li><li>Traduction\/interpr\u00e9tation<\/li><\/ul><\/li><li>un dipl\u00f4me de <strong>bachelier&nbsp;<\/strong><ul><li>Assistant de direction &#8211; Langues et gestion<\/li><li>Section normale secondaire &#8211; Langues germaniques (r\u00e9gendat en langues germaniques)<\/li><li>Tourisme<\/li><\/ul><\/li><\/ul>\n<!-- \/wp:list -->\n\n<!-- wp:paragraph -->\n<p id=\"block-477c67c5-370d-495c-abb1-bda9920efdb9\">Pour d\u2019autres orientations (\u00e9conomie, sciences, informatique, communication\u2026), la connaissance des langues est devenue un <strong>incontournable<\/strong>. Pense \u00e0 ton avenir, pense aux langues&nbsp;!<br>Par ailleurs, cette option reste assez large et te permet de ne pas t\u2019enfermer dans un choix d\u00e9finitif si tu n\u2019es pas encore s\u00fbr de ton orientation.<\/p>\n<!-- \/wp:paragraph -->\n\n<!-- wp:heading -->\n<h2 id=\"block-a675b5f9-7dd5-4fe6-b5de-c8278edf8bc5\">La grille horaire de l&rsquo;option au 3\u00e8me degr\u00e9<\/h2>\n<!-- \/wp:heading -->\n\n<!-- wp:paragraph -->\n<p id=\"block-25a7d31f-7bd5-44d9-8adf-1724b1c7532c\">D\u00e8s la 3\u00e8me ann\u00e9e, tu peux combiner les langues dans diff\u00e9rentes options:<\/p>\n<!-- \/wp:paragraph -->\n\n<!-- wp:table {\"hasFixedLayout\":true,\"className\":\"is-style-stripes\"} -->\n<figure class=\"wp-block-table is-style-stripes\"><table class=\"has-fixed-layout\"><thead><tr><th>Branches<\/th><th class=\"has-text-align-center\" data-align=\"center\">Math-Sciences-Langues<\/th><th class=\"has-text-align-center\" data-align=\"center\">Sciences-Langues<\/th><th class=\"has-text-align-center\" data-align=\"center\">Sciences sociales-Langues<\/th><th class=\"has-text-align-center\" data-align=\"center\">Litt\u00e9raire-Langues<\/th><\/tr><\/thead><tbody><tr><td>Education physique<\/td><td class=\"has-text-align-center\" data-align=\"center\">2<\/td><td class=\"has-text-align-center\" data-align=\"center\">2<\/td><td class=\"has-text-align-center\" data-align=\"center\">2<\/td><td class=\"has-text-align-center\" data-align=\"center\">2<\/td><\/tr><tr><td>G\u00e9ographie<\/td><td class=\"has-text-align-center\" data-align=\"center\">2<\/td><td class=\"has-text-align-center\" data-align=\"center\">2<\/td><td class=\"has-text-align-center\" data-align=\"center\">2<\/td><td class=\"has-text-align-center\" data-align=\"center\">2<\/td><\/tr><tr><td>Histoire<\/td><td class=\"has-text-align-center\" data-align=\"center\">2<\/td><td class=\"has-text-align-center\" data-align=\"center\">2<\/td><td class=\"has-text-align-center\" data-align=\"center\">2<\/td><td class=\"has-text-align-center\" data-align=\"center\">4<\/td><\/tr><tr><td>Fran\u00e7ais<\/td><td class=\"has-text-align-center\" data-align=\"center\">4<\/td><td class=\"has-text-align-center\" data-align=\"center\">4<\/td><td class=\"has-text-align-center\" data-align=\"center\">4<\/td><td class=\"has-text-align-center\" data-align=\"center\">4+2<\/td><\/tr><tr><td>Religion<\/td><td class=\"has-text-align-center\" data-align=\"center\">2<\/td><td class=\"has-text-align-center\" data-align=\"center\">2<\/td><td class=\"has-text-align-center\" data-align=\"center\">2<\/td><td class=\"has-text-align-center\" data-align=\"center\">2<\/td><\/tr><tr><td>Math\u00e9matiques<\/td><td class=\"has-text-align-center\" data-align=\"center\">6<\/td><td class=\"has-text-align-center\" data-align=\"center\">4<\/td><td class=\"has-text-align-center\" data-align=\"center\">4<\/td><td class=\"has-text-align-center\" data-align=\"center\">2\/4<\/td><\/tr><tr><td>Sciences:<\/td><td class=\"has-text-align-center\" data-align=\"center\"><\/td><td class=\"has-text-align-center\" data-align=\"center\"><\/td><td class=\"has-text-align-center\" data-align=\"center\"><\/td><td class=\"has-text-align-center\" data-align=\"center\"><\/td><\/tr><tr><td>&#8211; Physique<\/td><td class=\"has-text-align-center\" data-align=\"center\">2<\/td><td class=\"has-text-align-center\" data-align=\"center\">2<\/td><td class=\"has-text-align-center\" data-align=\"center\">1<\/td><td class=\"has-text-align-center\" data-align=\"center\">1<\/td><\/tr><tr><td>&#8211; Chimie<\/td><td class=\"has-text-align-center\" data-align=\"center\">2<\/td><td class=\"has-text-align-center\" data-align=\"center\">2<\/td><td class=\"has-text-align-center\" data-align=\"center\">1<\/td><td class=\"has-text-align-center\" data-align=\"center\">1<\/td><\/tr><tr><td>&#8211; Biologie<\/td><td class=\"has-text-align-center\" data-align=\"center\">2<\/td><td class=\"has-text-align-center\" data-align=\"center\">2<\/td><td class=\"has-text-align-center\" data-align=\"center\">1<\/td><td class=\"has-text-align-center\" data-align=\"center\">1<\/td><\/tr><tr><td>Langue 1 (n\u00e9erlandais ou anglais)<\/td><td class=\"has-text-align-center\" data-align=\"center\">4<\/td><td class=\"has-text-align-center\" data-align=\"center\">4<\/td><td class=\"has-text-align-center\" data-align=\"center\">4<\/td><td class=\"has-text-align-center\" data-align=\"center\">4<\/td><\/tr><tr><td>Langue 2 (anglais ou n\u00e9erlandais)<\/td><td class=\"has-text-align-center\" data-align=\"center\">4<\/td><td class=\"has-text-align-center\" data-align=\"center\">4<\/td><td class=\"has-text-align-center\" data-align=\"center\">4<\/td><td class=\"has-text-align-center\" data-align=\"center\">4<\/td><\/tr><tr><td>Sciences sociales<\/td><td class=\"has-text-align-center\" data-align=\"center\">0<\/td><td class=\"has-text-align-center\" data-align=\"center\">0<\/td><td class=\"has-text-align-center\" data-align=\"center\">4<\/td><td class=\"has-text-align-center\" data-align=\"center\">0<\/td><\/tr><tr><td>Info<\/td><td class=\"has-text-align-center\" data-align=\"center\">0\/1<\/td><td class=\"has-text-align-center\" data-align=\"center\">0\/1<\/td><td class=\"has-text-align-center\" data-align=\"center\">0<\/td><td class=\"has-text-align-center\" data-align=\"center\">0\/1<\/td><\/tr><tr><td>Sport<\/td><td class=\"has-text-align-center\" data-align=\"center\">0\/1<\/td><td class=\"has-text-align-center\" data-align=\"center\">0\/1<\/td><td class=\"has-text-align-center\" data-align=\"center\">0<\/td><td class=\"has-text-align-center\" data-align=\"center\">0\/1<\/td><\/tr><tr><td>Histoire de l&rsquo;art<\/td><td class=\"has-text-align-center\" data-align=\"center\">0<\/td><td class=\"has-text-align-center\" data-align=\"center\">0<\/td><td class=\"has-text-align-center\" data-align=\"center\">0<\/td><td class=\"has-text-align-center\" data-align=\"center\">1<\/td><\/tr><tr><td>\ufeff<\/td><td class=\"has-text-align-center\" data-align=\"center\">32-34<\/td><td class=\"has-text-align-center\" data-align=\"center\">30-32<\/td><td class=\"has-text-align-center\" data-align=\"center\">31<\/td><td class=\"has-text-align-center\" data-align=\"center\">30-32<\/td><\/tr><\/tbody><\/table><\/figure>\n<!-- \/wp:table -->\n\n<!-- wp:heading -->\n<h2 id=\"block-cfca2ffa-57e3-4afb-b87b-6149c4689f24\">Ce qu\u2019en pensent les anciens<\/h2>\n<!-- \/wp:heading -->\n\n<!-- wp:quote {\"className\":\"is-style-default\"} -->\n<blockquote class=\"wp-block-quote is-style-default\"><p><em>\u00ab&nbsp;Mon professeur a su m&rsquo;apprendre \u00e0 ne pas baisser les bras et surtout m&rsquo;a appris \u00e0 aimer parler une autre langue\u2026 Le concept de l&rsquo;\u00e9cole est de permettre aux \u00e9l\u00e8ves de s&rsquo;\u00e9panouir un maximum, de les mettre sur le terrain (participation \u00e0 la f\u00eate des langues \u00e0 Bruxelles, cr\u00e9ation de reportages en sciences sociales, voyage en Europe: dans mon cas la Gr\u00e8ce\u2026)&nbsp;\u00bb.<\/em><\/p><cite>A S, bacheli\u00e8re en tourisme<\/cite><\/blockquote>\n<!-- \/wp:quote -->\n\n<!-- wp:quote {\"className\":\"is-style-default\"} -->\n<blockquote class=\"wp-block-quote is-style-default\"><p>\u00ab<em>&nbsp;Tout d\u2019abord, j\u2019ai toujours eu un penchant pour les langues \u00e9trang\u00e8res. Mes professeurs de langues m\u2019avaient dit de foncer dans cette optique. Mon choix est aussi venu de mon d\u00e9sir d\u2019ouverture \u00e0 l\u2019ext\u00e9rieur,&nbsp;vers d\u2019autres cultures, mentalit\u00e9s, civilisations,\u2026 Il est apparu lors de mes six ann\u00e9es \u00e0 la Sainte-Union de Kain. Je suis parti \u00e0 Moscou en \u00e9change d\u2019\u00e9tudiants, j\u2019ai particip\u00e9 aux f\u00eates des langues \u00e0 Bruxelles\u2026 Cette envie de vouloir d\u00e9couvrir s\u2019est ensuite d\u00e9velopp\u00e9e \u00e0 l\u2019universit\u00e9.\u00bb<\/em><\/p><cite>L D, master en langues et litt\u00e9ratures germaniques et master compl\u00e9mentaire en journalisme<\/cite><\/blockquote>\n<!-- \/wp:quote -->\n\n<!-- wp:quote {\"className\":\"is-style-default\"} -->\n<blockquote class=\"wp-block-quote is-style-default\"><p>&nbsp;<em>\u00ab&nbsp;L&rsquo;option sciences-langues offre une palette de cours vari\u00e9s permettant de perfectionner ses connaissances dans plusieurs langues europ\u00e9ennes (ce qui est une n\u00e9cessit\u00e9 pour tous aujourd&rsquo;hui) tout en choisissant de poursuivre une formation scientifique de base solide. \u00c0 l&rsquo;issue de la rh\u00e9to, cette option s&rsquo;ouvre sur de multiples possibilit\u00e9s: soit se lancer dans un parcours scientifique, m\u00e9dical ou param\u00e9dical tout en \u00e9tant assur\u00e9 d&rsquo;un bon bagage linguistique qui restera un atout pr\u00e9cieux, soit opter pour une formation plut\u00f4t linguistique ou litt\u00e9raire (traduction, secr\u00e9tariat, langues modernes) o\u00f9 il sera toujours judicieux de faire preuve d&rsquo;une bonne culture g\u00e9n\u00e9rale.&nbsp;\u00bb<\/em><\/p><cite>M D, licenci\u00e9e en traduction, assistante administrative, service du courrier du Pr\u00e9sident de la Commission europ\u00e9enne<\/cite><\/blockquote>\n<!-- \/wp:quote -->\n\n<!-- wp:quote {\"className\":\"is-style-default\"} -->\n<blockquote class=\"wp-block-quote is-style-default\"><p>&nbsp;<em>\u00ab&nbsp;J\u2019ai fait mes secondaires \u00e0 la Sainte-Union de Kain en maths-sciences-langues. J\u2019ai choisi cette option pour les ouvertures qu\u2019elle m\u2019offrait car je ne savais pas du tout quoi faire par la suite.&nbsp;\u00bb&nbsp;<\/em><\/p><cite>A M, bacheli\u00e8re en tourisme et master in business administration<\/cite><\/blockquote>\n<!-- \/wp:quote -->\n\n<!-- wp:quote {\"className\":\"is-style-default\"} -->\n<blockquote class=\"wp-block-quote is-style-default\"><p><em>\u00ab&nbsp;Les langues : un livre ouvert sur la communication internationale.\u00bb<\/em><\/p><cite>C C, master en langues et litt\u00e9ratures germaniques<\/cite><\/blockquote>\n<!-- \/wp:quote -->\n\n<div style=\"text-align: center;\"><a class=\"like-elementor-bt\" href=\"https:\/\/www.sukain.be\/secondaire\/nos-formations\/\">Retourner vers les offres d&rsquo;enseignement<\/a><\/div>\t\t\t\t\t\t<\/div>\n\t\t\t\t<\/div>\n\t\t\t\t\t<\/div>\n\t\t<\/div>\n\t\t\t\t\t\t\t<\/div>\n\t\t<\/section>\n\t\t\t\t<section class=\"elementor-section elementor-top-section elementor-element elementor-element-b7ed635 elementor-section-boxed elementor-section-height-default elementor-section-height-default\" data-id=\"b7ed635\" data-element_type=\"section\">\n\t\t\t\t\t\t<div class=\"elementor-container elementor-column-gap-default\">\n\t\t\t\t\t<div class=\"elementor-column elementor-col-100 elementor-top-column elementor-element elementor-element-90b4542\" data-id=\"90b4542\" data-element_type=\"column\">\n\t\t\t<div class=\"elementor-widget-wrap elementor-element-populated\">\n\t\t\t\t\t\t\t\t<div class=\"elementor-element elementor-element-d1feede elementor-align-center elementor-widget elementor-widget-button\" data-id=\"d1feede\" data-element_type=\"widget\" data-widget_type=\"button.default\">\n\t\t\t\t<div class=\"elementor-widget-container\">\n\t\t\t\t\t<div class=\"elementor-button-wrapper\">\n\t\t\t<a href=\"https:\/\/drive.google.com\/file\/d\/1z8wXHFoCKGLRO2w0sCL2F7c8RlBFl214\/view?usp=drive_link\" target=\"_blank\" class=\"elementor-button-link elementor-button elementor-size-sm\" role=\"button\">\n\t\t\t\t\t\t<span class=\"elementor-button-content-wrapper\">\n\t\t\t\t\t\t\t<span class=\"elementor-button-icon elementor-align-icon-left\">\n\t\t\t\t<i aria-hidden=\"true\" class=\"fas fa-file-pdf\"><\/i>\t\t\t<\/span>\n\t\t\t\t\t\t<span class=\"elementor-button-text\">T\u00e9l\u00e9charger le fascicule de pr\u00e9sentation<\/span>\n\t\t<\/span>\n\t\t\t\t\t<\/a>\n\t\t<\/div>\n\t\t\t\t<\/div>\n\t\t\t\t<\/div>\n\t\t\t\t\t<\/div>\n\t\t<\/div>\n\t\t\t\t\t\t\t<\/div>\n\t\t<\/section>\n\t\t\t\t\t\t\t<\/div>\n\t\t","protected":false},"excerpt":{"rendered":"<p>Les langues\u2005: un atout pour ton avenir&nbsp;et une porte ouverte sur le monde\u2005! Pourquoi les langues&nbsp;? Les langues (maternelles et \u00e9trang\u00e8res) servent avant tout \u00e0 communiquer. Avec elles, tu entres donc de plain-pied dans la vie: les nouvelles dans les<\/p>\n","protected":false},"author":96,"featured_media":0,"parent":0,"menu_order":0,"comment_status":"closed","ping_status":"closed","template":"","meta":{"footnotes":""},"folder":[],"yoast_head":"<!-- This site is optimized with the Yoast SEO plugin v20.0 - https:\/\/yoast.com\/wordpress\/plugins\/seo\/ -->\n<title>G\u00e9n\u00e9ral Option Langues - 5e et 6e - \u00c9cole secondaire de la Sainte-Union de Kain (Tournai)<\/title>\n<meta name=\"robots\" content=\"index, follow, max-snippet:-1, max-image-preview:large, max-video-preview:-1\" \/>\n<link rel=\"canonical\" href=\"https:\/\/www.sukain.be\/secondaire\/5eme-et-6eme-general-option-langues\/\" \/>\n<meta property=\"og:locale\" content=\"fr_FR\" \/>\n<meta property=\"og:type\" content=\"article\" \/>\n<meta property=\"og:title\" content=\"G\u00e9n\u00e9ral Option Langues - 5e et 6e - \u00c9cole secondaire de la Sainte-Union de Kain (Tournai)\" \/>\n<meta property=\"og:description\" content=\"Les langues\u2005: un atout pour ton avenir&nbsp;et une porte ouverte sur le monde\u2005! Pourquoi les langues&nbsp;? Les langues (maternelles et \u00e9trang\u00e8res) servent avant tout \u00e0 communiquer. Avec elles, tu entres donc de plain-pied dans la vie: les nouvelles dans les\" \/>\n<meta property=\"og:url\" content=\"https:\/\/www.sukain.be\/secondaire\/5eme-et-6eme-general-option-langues\/\" \/>\n<meta property=\"og:site_name\" content=\"\u00c9cole secondaire de la Sainte-Union de Kain (Tournai)\" \/>\n<meta property=\"article:modified_time\" content=\"2026-02-10T12:16:12+00:00\" \/>\n<meta property=\"og:image\" content=\"http:\/\/www.sukain.be\/secondaire\/wp-content\/uploads\/2021\/06\/Langues2.jpg\" \/>\n<meta name=\"twitter:label1\" content=\"Dur\u00e9e de lecture estim\u00e9e\" \/>\n\t<meta name=\"twitter:data1\" content=\"7 minutes\" \/>\n<script type=\"application\/ld+json\" class=\"yoast-schema-graph\">{\"@context\":\"https:\/\/schema.org\",\"@graph\":[{\"@type\":\"WebPage\",\"@id\":\"https:\/\/www.sukain.be\/secondaire\/5eme-et-6eme-general-option-langues\/\",\"url\":\"https:\/\/www.sukain.be\/secondaire\/5eme-et-6eme-general-option-langues\/\",\"name\":\"G\u00e9n\u00e9ral Option Langues - 5e et 6e - \u00c9cole secondaire de la Sainte-Union de Kain (Tournai)\",\"isPartOf\":{\"@id\":\"https:\/\/www.sukain.be\/secondaire\/#website\"},\"datePublished\":\"2021-06-29T19:25:26+00:00\",\"dateModified\":\"2026-02-10T12:16:12+00:00\",\"breadcrumb\":{\"@id\":\"https:\/\/www.sukain.be\/secondaire\/5eme-et-6eme-general-option-langues\/#breadcrumb\"},\"inLanguage\":\"fr-FR\",\"potentialAction\":[{\"@type\":\"ReadAction\",\"target\":[\"https:\/\/www.sukain.be\/secondaire\/5eme-et-6eme-general-option-langues\/\"]}]},{\"@type\":\"BreadcrumbList\",\"@id\":\"https:\/\/www.sukain.be\/secondaire\/5eme-et-6eme-general-option-langues\/#breadcrumb\",\"itemListElement\":[{\"@type\":\"ListItem\",\"position\":1,\"name\":\"Accueil\",\"item\":\"https:\/\/www.sukain.be\/secondaire\/\"},{\"@type\":\"ListItem\",\"position\":2,\"name\":\"G\u00e9n\u00e9ral Option Langues &#8211; 5e et 6e\"}]},{\"@type\":\"WebSite\",\"@id\":\"https:\/\/www.sukain.be\/secondaire\/#website\",\"url\":\"https:\/\/www.sukain.be\/secondaire\/\",\"name\":\"\u00c9cole secondaire de la Sainte-Union de Kain (Tournai)\",\"description\":\"Ton avenir entre tes mains\",\"potentialAction\":[{\"@type\":\"SearchAction\",\"target\":{\"@type\":\"EntryPoint\",\"urlTemplate\":\"https:\/\/www.sukain.be\/secondaire\/?s={search_term_string}\"},\"query-input\":\"required name=search_term_string\"}],\"inLanguage\":\"fr-FR\"}]}<\/script>\n<!-- \/ Yoast SEO plugin. -->","yoast_head_json":{"title":"G\u00e9n\u00e9ral Option Langues - 5e et 6e - \u00c9cole secondaire de la Sainte-Union de Kain (Tournai)","robots":{"index":"index","follow":"follow","max-snippet":"max-snippet:-1","max-image-preview":"max-image-preview:large","max-video-preview":"max-video-preview:-1"},"canonical":"https:\/\/www.sukain.be\/secondaire\/5eme-et-6eme-general-option-langues\/","og_locale":"fr_FR","og_type":"article","og_title":"G\u00e9n\u00e9ral Option Langues - 5e et 6e - \u00c9cole secondaire de la Sainte-Union de Kain (Tournai)","og_description":"Les langues\u2005: un atout pour ton avenir&nbsp;et une porte ouverte sur le monde\u2005! Pourquoi les langues&nbsp;? Les langues (maternelles et \u00e9trang\u00e8res) servent avant tout \u00e0 communiquer. Avec elles, tu entres donc de plain-pied dans la vie: les nouvelles dans les","og_url":"https:\/\/www.sukain.be\/secondaire\/5eme-et-6eme-general-option-langues\/","og_site_name":"\u00c9cole secondaire de la Sainte-Union de Kain (Tournai)","article_modified_time":"2026-02-10T12:16:12+00:00","og_image":[{"url":"http:\/\/www.sukain.be\/secondaire\/wp-content\/uploads\/2021\/06\/Langues2.jpg"}],"twitter_misc":{"Dur\u00e9e de lecture estim\u00e9e":"7 minutes"},"schema":{"@context":"https:\/\/schema.org","@graph":[{"@type":"WebPage","@id":"https:\/\/www.sukain.be\/secondaire\/5eme-et-6eme-general-option-langues\/","url":"https:\/\/www.sukain.be\/secondaire\/5eme-et-6eme-general-option-langues\/","name":"G\u00e9n\u00e9ral Option Langues - 5e et 6e - \u00c9cole secondaire de la Sainte-Union de Kain (Tournai)","isPartOf":{"@id":"https:\/\/www.sukain.be\/secondaire\/#website"},"datePublished":"2021-06-29T19:25:26+00:00","dateModified":"2026-02-10T12:16:12+00:00","breadcrumb":{"@id":"https:\/\/www.sukain.be\/secondaire\/5eme-et-6eme-general-option-langues\/#breadcrumb"},"inLanguage":"fr-FR","potentialAction":[{"@type":"ReadAction","target":["https:\/\/www.sukain.be\/secondaire\/5eme-et-6eme-general-option-langues\/"]}]},{"@type":"BreadcrumbList","@id":"https:\/\/www.sukain.be\/secondaire\/5eme-et-6eme-general-option-langues\/#breadcrumb","itemListElement":[{"@type":"ListItem","position":1,"name":"Accueil","item":"https:\/\/www.sukain.be\/secondaire\/"},{"@type":"ListItem","position":2,"name":"G\u00e9n\u00e9ral Option Langues &#8211; 5e et 6e"}]},{"@type":"WebSite","@id":"https:\/\/www.sukain.be\/secondaire\/#website","url":"https:\/\/www.sukain.be\/secondaire\/","name":"\u00c9cole secondaire de la Sainte-Union de Kain (Tournai)","description":"Ton avenir entre tes mains","potentialAction":[{"@type":"SearchAction","target":{"@type":"EntryPoint","urlTemplate":"https:\/\/www.sukain.be\/secondaire\/?s={search_term_string}"},"query-input":"required name=search_term_string"}],"inLanguage":"fr-FR"}]}},"_links":{"self":[{"href":"https:\/\/www.sukain.be\/secondaire\/wp-json\/wp\/v2\/pages\/6230"}],"collection":[{"href":"https:\/\/www.sukain.be\/secondaire\/wp-json\/wp\/v2\/pages"}],"about":[{"href":"https:\/\/www.sukain.be\/secondaire\/wp-json\/wp\/v2\/types\/page"}],"author":[{"embeddable":true,"href":"https:\/\/www.sukain.be\/secondaire\/wp-json\/wp\/v2\/users\/96"}],"replies":[{"embeddable":true,"href":"https:\/\/www.sukain.be\/secondaire\/wp-json\/wp\/v2\/comments?post=6230"}],"version-history":[{"count":9,"href":"https:\/\/www.sukain.be\/secondaire\/wp-json\/wp\/v2\/pages\/6230\/revisions"}],"predecessor-version":[{"id":8649,"href":"https:\/\/www.sukain.be\/secondaire\/wp-json\/wp\/v2\/pages\/6230\/revisions\/8649"}],"wp:attachment":[{"href":"https:\/\/www.sukain.be\/secondaire\/wp-json\/wp\/v2\/media?parent=6230"}],"wp:term":[{"taxonomy":"folder","embeddable":true,"href":"https:\/\/www.sukain.be\/secondaire\/wp-json\/wp\/v2\/folder?post=6230"}],"curies":[{"name":"wp","href":"https:\/\/api.w.org\/{rel}","templated":true}]}}