{"id":29,"date":"2014-01-09T21:36:51","date_gmt":"2014-01-09T20:36:51","guid":{"rendered":"http:\/\/www.sukain.com\/secondaire\/?page_id=29"},"modified":"2026-02-10T14:09:49","modified_gmt":"2026-02-10T12:09:49","slug":"le-premier-degre-general","status":"publish","type":"page","link":"https:\/\/www.sukain.be\/secondaire\/notre-offre-d_enseignement\/le-premier-degre-general\/","title":{"rendered":"Le premier degr\u00e9"},"content":{"rendered":"\t\t<div data-elementor-type=\"wp-page\" data-elementor-id=\"29\" class=\"elementor elementor-29\">\n\t\t\t\t\t\t\t\t\t<section class=\"elementor-section elementor-top-section elementor-element elementor-element-530939a elementor-section-boxed elementor-section-height-default elementor-section-height-default\" data-id=\"530939a\" data-element_type=\"section\">\n\t\t\t\t\t\t<div class=\"elementor-container elementor-column-gap-default\">\n\t\t\t\t\t<div class=\"elementor-column elementor-col-100 elementor-top-column elementor-element elementor-element-0520bfc\" data-id=\"0520bfc\" data-element_type=\"column\">\n\t\t\t<div class=\"elementor-widget-wrap elementor-element-populated\">\n\t\t\t\t\t\t\t\t<div class=\"elementor-element elementor-element-f238f5d elementor-widget elementor-widget-text-editor\" data-id=\"f238f5d\" data-element_type=\"widget\" data-widget_type=\"text-editor.default\">\n\t\t\t\t<div class=\"elementor-widget-container\">\n\t\t\t\t\t\t\t<h2 style=\"text-align: right;\">&#8230; ton arriv\u00e9e en secondaire !<\/h2>\t\t\t\t\t\t<\/div>\n\t\t\t\t<\/div>\n\t\t\t\t\t<\/div>\n\t\t<\/div>\n\t\t\t\t\t\t\t<\/div>\n\t\t<\/section>\n\t\t\t\t<section class=\"elementor-section elementor-top-section elementor-element elementor-element-7bccefc9 elementor-section-boxed elementor-section-height-default elementor-section-height-default\" data-id=\"7bccefc9\" data-element_type=\"section\">\n\t\t\t\t\t\t<div class=\"elementor-container elementor-column-gap-default\">\n\t\t\t\t\t<div class=\"elementor-column elementor-col-100 elementor-top-column elementor-element elementor-element-6574e8e2\" data-id=\"6574e8e2\" data-element_type=\"column\">\n\t\t\t<div class=\"elementor-widget-wrap elementor-element-populated\">\n\t\t\t\t\t\t\t\t<div class=\"elementor-element elementor-element-b738906 elementor-aspect-ratio-169 elementor-widget elementor-widget-video\" data-id=\"b738906\" data-element_type=\"widget\" data-settings=\"{&quot;youtube_url&quot;:&quot;https:\\\/\\\/www.youtube.com\\\/watch?v=5cmD3UB-IGo&amp;feature=youtu.be&quot;,&quot;video_type&quot;:&quot;youtube&quot;,&quot;controls&quot;:&quot;yes&quot;,&quot;aspect_ratio&quot;:&quot;169&quot;}\" data-widget_type=\"video.default\">\n\t\t\t\t<div class=\"elementor-widget-container\">\n\t\t\t\t\t<div class=\"elementor-wrapper elementor-fit-aspect-ratio elementor-open-inline\">\n\t\t\t<div class=\"elementor-video\"><\/div>\t\t<\/div>\n\t\t\t\t<\/div>\n\t\t\t\t<\/div>\n\t\t\t\t<div class=\"elementor-element elementor-element-569b31b6 elementor-widget elementor-widget-text-editor\" data-id=\"569b31b6\" data-element_type=\"widget\" data-widget_type=\"text-editor.default\">\n\t\t\t\t<div class=\"elementor-widget-container\">\n\t\t\t\t\t\t\t<h2 style=\"text-align: center;\">La Sainte-Union de Kain t&rsquo;offre un panel d&rsquo;activit\u00e9s en premi\u00e8re et deuxi\u00e8me ann\u00e9e<\/h2><p><span style=\"font-size: 18px;\">Une \u00e9quipe de professeurs chevronn\u00e9s t&rsquo;accueillent pour ton entr\u00e9e en premi\u00e8re<\/span><\/p><p>Les deux ann\u00e9es du \u00ab\u00a0Fondement\u00a0\u00bb<\/p><p><span style=\"color: #99cc00;\"><em><strong>Le premier degr\u00e9 vise un triple objectif<\/strong> <\/em>:<\/span><\/p><ul style=\"list-style-type: disc;\"><li>Te donner quelque soit ton orientation ult\u00e9rieure, une bonne formation de base dans les mati\u00e8res essentielles ;<\/li><li>Te permettre d&rsquo;acqu\u00e9rir une m\u00e9thode de travail et t&rsquo;apprendre \u00e0 g\u00e9rer ton temps, facteurs indispensables pour ta r\u00e9ussite ;<\/li><li>T&rsquo;observer pour t&rsquo;aider dans ton orientation.<\/li><\/ul><p><span style=\"color: #99cc00;\"><em><strong>Les conditions favorables \u00e0 ta r\u00e9ussite au premier degr\u00e9<\/strong><\/em> :<\/span><\/p><ul><li>Le climat d&rsquo;\u00e9cole qui te s\u00e9curise, te donne confiance, te motive par une journ\u00e9e d&rsquo;accueil, un encadrement \u00e0 \u00e9chelle humaine, le titulariat et par de fr\u00e9quents contacts avec tes parents.<\/li><li>Une p\u00e9dagogie qui respecte ton rythme de travail et qui vise \u00e0 d\u00e9velopper des comportements facilitant ton int\u00e9gration dans la soci\u00e9t\u00e9;<\/li><li>Au-del\u00e0 de la formation commune, des activit\u00e9s au choix qui t&rsquo;aident \u00e0 d\u00e9couvrir et \u00e0 tester tes aptitudes dans diff\u00e9rents domaines: activit\u00e9s linguistiques, sportives, informatique, expression manuelle, biotechnique, recherche scientifique, socio-\u00e9conomie, activit\u00e9 sociale, cuisine-salle.<\/li><li>Des activit\u00e9s de rem\u00e9diation qui te permettent, si cela est n\u00e9cessaire, de surmonter les difficult\u00e9s et de combler tes lacunes.<\/li><li>Si tu le d\u00e9sires, la possibilit\u00e9 t&rsquo;est offerte de suivre, apr\u00e8s 16h00, une \u00e9tude dirig\u00e9e o\u00f9 des enseignants t&rsquo;aident \u00e0 g\u00e9rer ton travail.<\/li><li>Si tu ne ma\u00eetrises pas les objectifs de base, tu peux combler tes lacunes en refaisant une ann\u00e9e, soit en fin de 1\u00e8re (1S); soit en fin de 2\u00e8me (2S).<\/li><\/ul>\t\t\t\t\t\t<\/div>\n\t\t\t\t<\/div>\n\t\t\t\t\t<\/div>\n\t\t<\/div>\n\t\t\t\t\t\t\t<\/div>\n\t\t<\/section>\n\t\t\t\t<section class=\"elementor-section elementor-top-section elementor-element elementor-element-5544fe3 elementor-section-boxed elementor-section-height-default elementor-section-height-default\" data-id=\"5544fe3\" data-element_type=\"section\">\n\t\t\t\t\t\t<div class=\"elementor-container elementor-column-gap-default\">\n\t\t\t\t\t<div class=\"elementor-column elementor-col-100 elementor-top-column elementor-element elementor-element-87d0219\" data-id=\"87d0219\" data-element_type=\"column\">\n\t\t\t<div class=\"elementor-widget-wrap elementor-element-populated\">\n\t\t\t\t\t\t\t\t<div class=\"elementor-element elementor-element-e561cb5 elementor-align-center elementor-widget elementor-widget-button\" data-id=\"e561cb5\" data-element_type=\"widget\" data-widget_type=\"button.default\">\n\t\t\t\t<div class=\"elementor-widget-container\">\n\t\t\t\t\t<div class=\"elementor-button-wrapper\">\n\t\t\t<a href=\"https:\/\/www.sukain.be\/secondaire\/nos-formations\/\" class=\"elementor-button-link elementor-button elementor-size-sm\" role=\"button\">\n\t\t\t\t\t\t<span class=\"elementor-button-content-wrapper\">\n\t\t\t\t\t\t<span class=\"elementor-button-text\">Retourner vers les offres d'enseignement<\/span>\n\t\t<\/span>\n\t\t\t\t\t<\/a>\n\t\t<\/div>\n\t\t\t\t<\/div>\n\t\t\t\t<\/div>\n\t\t\t\t\t<\/div>\n\t\t<\/div>\n\t\t\t\t\t\t\t<\/div>\n\t\t<\/section>\n\t\t\t\t\t\t\t<\/div>\n\t\t","protected":false},"excerpt":{"rendered":"<p>&#8230; ton arriv\u00e9e en secondaire ! https:\/\/www.youtube.com\/watch?v=5cmD3UB-IGo&#038;feature=youtu.be La Sainte-Union de Kain t&rsquo;offre un panel d&rsquo;activit\u00e9s en premi\u00e8re et deuxi\u00e8me ann\u00e9e Une \u00e9quipe de professeurs chevronn\u00e9s t&rsquo;accueillent pour ton entr\u00e9e en premi\u00e8re Les deux ann\u00e9es du \u00ab\u00a0Fondement\u00a0\u00bb Le premier degr\u00e9 vise<\/p>\n","protected":false},"author":3,"featured_media":0,"parent":10,"menu_order":200,"comment_status":"closed","ping_status":"open","template":"","meta":{"footnotes":""},"folder":[],"yoast_head":"<!-- This site is optimized with the Yoast SEO plugin v20.0 - https:\/\/yoast.com\/wordpress\/plugins\/seo\/ -->\n<title>Le premier degr\u00e9 - \u00c9cole secondaire de la Sainte-Union de Kain (Tournai)<\/title>\n<meta name=\"robots\" content=\"index, follow, max-snippet:-1, max-image-preview:large, max-video-preview:-1\" \/>\n<link rel=\"canonical\" href=\"https:\/\/www.sukain.be\/secondaire\/notre-offre-d_enseignement\/le-premier-degre-general\/\" \/>\n<meta property=\"og:locale\" content=\"fr_FR\" \/>\n<meta property=\"og:type\" content=\"article\" \/>\n<meta property=\"og:title\" content=\"Le premier degr\u00e9 - \u00c9cole secondaire de la Sainte-Union de Kain (Tournai)\" \/>\n<meta property=\"og:description\" content=\"&#8230; ton arriv\u00e9e en secondaire ! https:\/\/www.youtube.com\/watch?v=5cmD3UB-IGo&#038;feature=youtu.be La Sainte-Union de Kain t&rsquo;offre un panel d&rsquo;activit\u00e9s en premi\u00e8re et deuxi\u00e8me ann\u00e9e Une \u00e9quipe de professeurs chevronn\u00e9s t&rsquo;accueillent pour ton entr\u00e9e en premi\u00e8re Les deux ann\u00e9es du \u00ab\u00a0Fondement\u00a0\u00bb Le premier degr\u00e9 vise\" \/>\n<meta property=\"og:url\" content=\"https:\/\/www.sukain.be\/secondaire\/notre-offre-d_enseignement\/le-premier-degre-general\/\" \/>\n<meta property=\"og:site_name\" content=\"\u00c9cole secondaire de la Sainte-Union de Kain (Tournai)\" \/>\n<meta property=\"article:modified_time\" content=\"2026-02-10T12:09:49+00:00\" \/>\n<meta name=\"twitter:label1\" content=\"Dur\u00e9e de lecture estim\u00e9e\" \/>\n\t<meta name=\"twitter:data1\" content=\"2 minutes\" \/>\n<script type=\"application\/ld+json\" class=\"yoast-schema-graph\">{\"@context\":\"https:\/\/schema.org\",\"@graph\":[{\"@type\":\"WebPage\",\"@id\":\"https:\/\/www.sukain.be\/secondaire\/notre-offre-d_enseignement\/le-premier-degre-general\/\",\"url\":\"https:\/\/www.sukain.be\/secondaire\/notre-offre-d_enseignement\/le-premier-degre-general\/\",\"name\":\"Le premier degr\u00e9 - \u00c9cole secondaire de la Sainte-Union de Kain (Tournai)\",\"isPartOf\":{\"@id\":\"https:\/\/www.sukain.be\/secondaire\/#website\"},\"datePublished\":\"2014-01-09T20:36:51+00:00\",\"dateModified\":\"2026-02-10T12:09:49+00:00\",\"breadcrumb\":{\"@id\":\"https:\/\/www.sukain.be\/secondaire\/notre-offre-d_enseignement\/le-premier-degre-general\/#breadcrumb\"},\"inLanguage\":\"fr-FR\",\"potentialAction\":[{\"@type\":\"ReadAction\",\"target\":[\"https:\/\/www.sukain.be\/secondaire\/notre-offre-d_enseignement\/le-premier-degre-general\/\"]}]},{\"@type\":\"BreadcrumbList\",\"@id\":\"https:\/\/www.sukain.be\/secondaire\/notre-offre-d_enseignement\/le-premier-degre-general\/#breadcrumb\",\"itemListElement\":[{\"@type\":\"ListItem\",\"position\":1,\"name\":\"Accueil\",\"item\":\"https:\/\/www.sukain.be\/secondaire\/\"},{\"@type\":\"ListItem\",\"position\":2,\"name\":\"Notre offre d&rsquo;enseignement\",\"item\":\"https:\/\/www.sukain.be\/secondaire\/notre-offre-d_enseignement\/\"},{\"@type\":\"ListItem\",\"position\":3,\"name\":\"Le premier degr\u00e9\"}]},{\"@type\":\"WebSite\",\"@id\":\"https:\/\/www.sukain.be\/secondaire\/#website\",\"url\":\"https:\/\/www.sukain.be\/secondaire\/\",\"name\":\"\u00c9cole secondaire de la Sainte-Union de Kain (Tournai)\",\"description\":\"Ton avenir entre tes mains\",\"potentialAction\":[{\"@type\":\"SearchAction\",\"target\":{\"@type\":\"EntryPoint\",\"urlTemplate\":\"https:\/\/www.sukain.be\/secondaire\/?s={search_term_string}\"},\"query-input\":\"required name=search_term_string\"}],\"inLanguage\":\"fr-FR\"}]}<\/script>\n<!-- \/ Yoast SEO plugin. -->","yoast_head_json":{"title":"Le premier degr\u00e9 - \u00c9cole secondaire de la Sainte-Union de Kain (Tournai)","robots":{"index":"index","follow":"follow","max-snippet":"max-snippet:-1","max-image-preview":"max-image-preview:large","max-video-preview":"max-video-preview:-1"},"canonical":"https:\/\/www.sukain.be\/secondaire\/notre-offre-d_enseignement\/le-premier-degre-general\/","og_locale":"fr_FR","og_type":"article","og_title":"Le premier degr\u00e9 - \u00c9cole secondaire de la Sainte-Union de Kain (Tournai)","og_description":"&#8230; ton arriv\u00e9e en secondaire ! https:\/\/www.youtube.com\/watch?v=5cmD3UB-IGo&#038;feature=youtu.be La Sainte-Union de Kain t&rsquo;offre un panel d&rsquo;activit\u00e9s en premi\u00e8re et deuxi\u00e8me ann\u00e9e Une \u00e9quipe de professeurs chevronn\u00e9s t&rsquo;accueillent pour ton entr\u00e9e en premi\u00e8re Les deux ann\u00e9es du \u00ab\u00a0Fondement\u00a0\u00bb Le premier degr\u00e9 vise","og_url":"https:\/\/www.sukain.be\/secondaire\/notre-offre-d_enseignement\/le-premier-degre-general\/","og_site_name":"\u00c9cole secondaire de la Sainte-Union de Kain (Tournai)","article_modified_time":"2026-02-10T12:09:49+00:00","twitter_misc":{"Dur\u00e9e de lecture estim\u00e9e":"2 minutes"},"schema":{"@context":"https:\/\/schema.org","@graph":[{"@type":"WebPage","@id":"https:\/\/www.sukain.be\/secondaire\/notre-offre-d_enseignement\/le-premier-degre-general\/","url":"https:\/\/www.sukain.be\/secondaire\/notre-offre-d_enseignement\/le-premier-degre-general\/","name":"Le premier degr\u00e9 - \u00c9cole secondaire de la Sainte-Union de Kain (Tournai)","isPartOf":{"@id":"https:\/\/www.sukain.be\/secondaire\/#website"},"datePublished":"2014-01-09T20:36:51+00:00","dateModified":"2026-02-10T12:09:49+00:00","breadcrumb":{"@id":"https:\/\/www.sukain.be\/secondaire\/notre-offre-d_enseignement\/le-premier-degre-general\/#breadcrumb"},"inLanguage":"fr-FR","potentialAction":[{"@type":"ReadAction","target":["https:\/\/www.sukain.be\/secondaire\/notre-offre-d_enseignement\/le-premier-degre-general\/"]}]},{"@type":"BreadcrumbList","@id":"https:\/\/www.sukain.be\/secondaire\/notre-offre-d_enseignement\/le-premier-degre-general\/#breadcrumb","itemListElement":[{"@type":"ListItem","position":1,"name":"Accueil","item":"https:\/\/www.sukain.be\/secondaire\/"},{"@type":"ListItem","position":2,"name":"Notre offre d&rsquo;enseignement","item":"https:\/\/www.sukain.be\/secondaire\/notre-offre-d_enseignement\/"},{"@type":"ListItem","position":3,"name":"Le premier degr\u00e9"}]},{"@type":"WebSite","@id":"https:\/\/www.sukain.be\/secondaire\/#website","url":"https:\/\/www.sukain.be\/secondaire\/","name":"\u00c9cole secondaire de la Sainte-Union de Kain (Tournai)","description":"Ton avenir entre tes mains","potentialAction":[{"@type":"SearchAction","target":{"@type":"EntryPoint","urlTemplate":"https:\/\/www.sukain.be\/secondaire\/?s={search_term_string}"},"query-input":"required name=search_term_string"}],"inLanguage":"fr-FR"}]}},"_links":{"self":[{"href":"https:\/\/www.sukain.be\/secondaire\/wp-json\/wp\/v2\/pages\/29"}],"collection":[{"href":"https:\/\/www.sukain.be\/secondaire\/wp-json\/wp\/v2\/pages"}],"about":[{"href":"https:\/\/www.sukain.be\/secondaire\/wp-json\/wp\/v2\/types\/page"}],"author":[{"embeddable":true,"href":"https:\/\/www.sukain.be\/secondaire\/wp-json\/wp\/v2\/users\/3"}],"replies":[{"embeddable":true,"href":"https:\/\/www.sukain.be\/secondaire\/wp-json\/wp\/v2\/comments?post=29"}],"version-history":[{"count":15,"href":"https:\/\/www.sukain.be\/secondaire\/wp-json\/wp\/v2\/pages\/29\/revisions"}],"predecessor-version":[{"id":8625,"href":"https:\/\/www.sukain.be\/secondaire\/wp-json\/wp\/v2\/pages\/29\/revisions\/8625"}],"up":[{"embeddable":true,"href":"https:\/\/www.sukain.be\/secondaire\/wp-json\/wp\/v2\/pages\/10"}],"wp:attachment":[{"href":"https:\/\/www.sukain.be\/secondaire\/wp-json\/wp\/v2\/media?parent=29"}],"wp:term":[{"taxonomy":"folder","embeddable":true,"href":"https:\/\/www.sukain.be\/secondaire\/wp-json\/wp\/v2\/folder?post=29"}],"curies":[{"name":"wp","href":"https:\/\/api.w.org\/{rel}","templated":true}]}}