{"id":222,"date":"2014-01-21T14:29:15","date_gmt":"2014-01-21T13:29:15","guid":{"rendered":"http:\/\/www.sukain.com\/secondaire\/?page_id=222"},"modified":"2026-02-10T14:11:20","modified_gmt":"2026-02-10T12:11:20","slug":"general","status":"publish","type":"page","link":"https:\/\/www.sukain.be\/secondaire\/notre-offre-d_enseignement\/le-premier-degre-general\/general\/","title":{"rendered":"G\u00e9n\u00e9ral &#8211; 1re et 2e ann\u00e9e"},"content":{"rendered":"\t\t<div data-elementor-type=\"wp-page\" data-elementor-id=\"222\" class=\"elementor elementor-222\">\n\t\t\t\t\t\t\t\t\t<section class=\"elementor-section elementor-top-section elementor-element elementor-element-7d555b8 elementor-section-boxed elementor-section-height-default elementor-section-height-default\" data-id=\"7d555b8\" data-element_type=\"section\">\n\t\t\t\t\t\t<div class=\"elementor-container elementor-column-gap-default\">\n\t\t\t\t\t<div class=\"elementor-column elementor-col-100 elementor-top-column elementor-element elementor-element-d8d5c24\" data-id=\"d8d5c24\" data-element_type=\"column\">\n\t\t\t<div class=\"elementor-widget-wrap elementor-element-populated\">\n\t\t\t\t\t\t\t\t<div class=\"elementor-element elementor-element-246c490 elementor-tabs-alignment-center elementor-tabs-view-horizontal elementor-widget elementor-widget-tabs\" data-id=\"246c490\" data-element_type=\"widget\" data-widget_type=\"tabs.default\">\n\t\t\t\t<div class=\"elementor-widget-container\">\n\t\t\t\t\t<div class=\"elementor-tabs\">\n\t\t\t<div class=\"elementor-tabs-wrapper\" role=\"tablist\" >\n\t\t\t\t\t\t\t\t\t<div id=\"elementor-tab-title-3811\" class=\"elementor-tab-title elementor-tab-desktop-title\" aria-selected=\"true\" data-tab=\"1\" role=\"tab\" tabindex=\"0\" aria-controls=\"elementor-tab-content-3811\" aria-expanded=\"false\">La premi\u00e8re ann\u00e9e commune<\/div>\n\t\t\t\t\t\t\t\t\t<div id=\"elementor-tab-title-3812\" class=\"elementor-tab-title elementor-tab-desktop-title\" aria-selected=\"false\" data-tab=\"2\" role=\"tab\" tabindex=\"-1\" aria-controls=\"elementor-tab-content-3812\" aria-expanded=\"false\">La deuxi\u00e8me ann\u00e9e commune<\/div>\n\t\t\t\t\t\t\t<\/div>\n\t\t\t<div class=\"elementor-tabs-content-wrapper\" role=\"tablist\" aria-orientation=\"vertical\">\n\t\t\t\t\t\t\t\t\t<div class=\"elementor-tab-title elementor-tab-mobile-title\" aria-selected=\"true\" data-tab=\"1\" role=\"tab\" tabindex=\"0\" aria-controls=\"elementor-tab-content-3811\" aria-expanded=\"false\">La premi\u00e8re ann\u00e9e commune<\/div>\n\t\t\t\t\t<div id=\"elementor-tab-content-3811\" class=\"elementor-tab-content elementor-clearfix\" data-tab=\"1\" role=\"tabpanel\" aria-labelledby=\"elementor-tab-title-3811\" tabindex=\"0\" hidden=\"false\"><p><!-- \/wp:heading --><!-- wp:heading --><\/p>\n<h2>Les projets<\/h2>\n<p><!-- \/wp:heading --><!-- wp:paragraph --><\/p>\n<p><strong>Sachant que tout ne s\u2019apprend pas assis derri\u00e8re un bureau<\/strong>&#8230;\u00a0 en relation avec tes cours, tu auras l\u2019occasion de quitter l\u2019\u00e9cole pour :<\/p>\n<p><!-- \/wp:paragraph --><!-- wp:list --><\/p>\n<ul>\n<li>visiter Tournai et Louvain-la-Neuve autrement<\/li>\n<li>t\u2019initier \u00e0 de nombreux sports au stade Roi Baudouin \u00e0 Bruxelles.<\/li>\n<li>participer \u00e0 des activit\u00e9s culturelles<\/li>\n<li>participer \u00e0 des activit\u00e9s sportives<\/li>\n<li>vivre les sciences sur le terrain&#8230;<\/li>\n<\/ul>\n<p><!-- \/wp:list --><!-- wp:paragraph --><\/p>\n<p>En janvier est organis\u00e9e une semaine pour apprendre \u00e0 te nourrir correctement avec un petit d\u00e9jeuner \u00e9quilibr\u00e9&#8230;<\/p>\n<p><!-- \/wp:paragraph --><!-- wp:heading --><\/p>\n<h2>\u00a0Pour ton \u00e9panouissement&#8230;<\/h2>\n<p><!-- \/wp:heading --><!-- wp:paragraph --><\/p>\n<p>Tu as 2 heures d\u2019informatique par semaine et tu peux choisir une activit\u00e9 compl\u00e9mentaire entre les \u00a04 suivantes :\u00a0 <strong>sport, langues, activit\u00e9s artistiques ou sciences<\/strong>. Si tu as des difficult\u00e9s scolaires, tu peux assister \u00e0 des \u00e9tudes dirig\u00e9es anim\u00e9es par des professeurs de math\u00e9matiques, de fran\u00e7ais ou de langues<strong> tous les lundis, \u00a0mardis et jeudis de 15h30 \u00e0 16h20<\/strong>. C\u2019est le moment pour toi de poser tes questions et de travailler individuellement avec les professeurs. Tes progr\u00e8s seront visibles gr\u00e2ce \u00e0 ton investissement \u00e0 domicile, ton travail r\u00e9gulier et tes efforts.<\/p>\n<p><!-- \/wp:paragraph --><!-- wp:heading {\"level\":3,\"align\":\"center\"} --><\/p>\n<h3><strong><span style=\"text-decoration: underline;\">Voyage \u00e0 Louvain-la-Neuve pour les \u00e9l\u00e8ves de 1re accompagn\u00e9s des 4e TS<\/span><\/strong><\/h3>\n<p><!-- \/wp:heading --><!-- wp:paragraph --><\/p>\n<p>Connaissez-vous le centre ADEPS du Blocry \u00e0 Louvain-la-Neuve?<\/p>\n<p><!-- \/wp:paragraph --><!-- wp:paragraph --><\/p>\n<p>Les \u00e9l\u00e8ves de 1re ont eu la chance de s&rsquo;y rendre pour un s\u00e9jour sportif et culturel du lundi 17\/10 au vendredi 21\/10. Avec les 4e Techniques Sociales, ils ont visit\u00e9 le mus\u00e9e Herg\u00e9 et particip\u00e9 \u00e0 un grand jeu dans la ville sur le th\u00e8me de la bande dessin\u00e9e. C&rsquo;\u00e9tait enrichissant et amusant !<\/p>\n<p><!-- \/wp:paragraph --><!-- wp:paragraph --><\/p>\n<p>Louvain-la-Neuve est une ville moderne qui accueille des milliers d&rsquo;\u00e9tudiants dispers\u00e9s dans les \u00e9coles et les universit\u00e9s. Les premi\u00e8res ont pu observer des paysages-rues diversifi\u00e9s tels des rues commer\u00e7antes, des mus\u00e9es, une immense gare, un centre sportif, l&rsquo;\u00e9glise Saint-Fran\u00e7ois d&rsquo;Assise et un grand lac.<\/p>\n<p><!-- \/wp:paragraph --><!-- wp:paragraph --><\/p>\n<p>C&rsquo;est une belle ville, accueillante, que l&rsquo;on visite avec bonheur. Les \u00e9l\u00e8ves sont revenus enchant\u00e9s de leur voyage.<\/p>\n<p><!-- \/wp:paragraph --><!-- wp:paragraph --><\/p>\n<p>Voici d&rsquo;ailleurs ci-dessous quelques extraits de leurs avis sur le s\u00e9jour.<\/p>\n<p><!-- \/wp:paragraph --><!-- wp:image {\"align\":\"center\",\"id\":3032,\"width\":460,\"height\":350,\"linkDestination\":\"custom\"} --><\/p>\n<div class=\"wp-block-image\">\n<figure class=\"aligncenter is-resized\"><a href=\"https:\/\/www.sukain.be\/secondaire\/wp-content\/uploads\/2017\/04\/lln-1-et-4-TS.jpg\"><img loading=\"lazy\" decoding=\"async\" class=\"wp-image-3032\" src=\"https:\/\/www.sukain.be\/secondaire\/wp-content\/uploads\/2017\/04\/lln-1-et-4-TS-300x225.jpg\" alt=\"lln 1 et 4 TS\" width=\"460\" height=\"350\" \/><\/a><\/figure>\n<\/div>\n<p><!-- \/wp:image --><!-- wp:paragraph --><\/p>\n<p>\u00ab\u00a0Dans l&rsquo;ensemble, le s\u00e9jour \u00e0 Louvain-la-Neuve \u00e9tait agr\u00e9able, sportif et int\u00e9ressant. J&rsquo;ai particuli\u00e8rement appr\u00e9ci\u00e9 les activit\u00e9s sportives telles que le badminton, le VTT et le tir \u00e0 l&rsquo;arc. (&#8230;)\u00a0\u00bb<\/p>\n<p><!-- \/wp:paragraph --><!-- wp:paragraph {\"align\":\"right\"} --><\/p>\n<p class=\"has-text-align-right\"><em>L\u00e9a<\/em><\/p>\n<p><!-- \/wp:paragraph --><!-- wp:paragraph --><\/p>\n<p>\u00ab\u00a0Le voyage \u00e0 LLN s&rsquo;est bien pass\u00e9; je l&rsquo;ai trouv\u00e9 enrichissant mais un peu fatigant ! J&rsquo;ai beaucoup aim\u00e9 les veill\u00e9es avec les 4e Techniques Sociales, surtout la soir\u00e9e des Jeux Olympiques. (&#8230;)\u00a0\u00bb<\/p>\n<p><!-- \/wp:paragraph --><!-- wp:paragraph {\"align\":\"right\"} --><\/p>\n<p class=\"has-text-align-right\"><em>L\u00e9on<\/em><\/p>\n<p><!-- \/wp:paragraph --><!-- wp:paragraph --><\/p>\n<p>\u00ab\u00a0J&rsquo;ai trouv\u00e9 le s\u00e9jour agr\u00e9able car les 4e ont \u00e9t\u00e9 formidables avec nous. J&rsquo;ai surtout appr\u00e9ci\u00e9 la boum surprise organis\u00e9e par les plus grands. (&#8230;)\u00a0\u00bb<\/p>\n<p><!-- \/wp:paragraph --><!-- wp:paragraph {\"align\":\"right\"} --><\/p>\n<p class=\"has-text-align-right\"><em>Colyne<\/em><\/p>\n<p><!-- \/wp:paragraph --><!-- wp:paragraph --><\/p>\n<p>\u00ab\u00a0Lors de mon s\u00e9jour \u00e0 LLN, j&rsquo;ai particuli\u00e8rement appr\u00e9ci\u00e9 la visite du mus\u00e9e Herg\u00e9 et les veill\u00e9es bien anim\u00e9es. Les Jeux Olympiques nous ont permis de nous d\u00e9passer. (&#8230;)\u00a0\u00bb<\/p>\n<p><!-- \/wp:paragraph --><!-- wp:paragraph {\"align\":\"right\"} --><\/p>\n<p class=\"has-text-align-right\"><em>Florian<\/em><\/p>\n<p><!-- \/wp:paragraph --><!-- wp:paragraph --><\/p>\n<p>\u00ab\u00a0Notre s\u00e9jour \u00e9tait tr\u00e8s agr\u00e9able et instructif. J&rsquo;ai d\u00e9couvert des sports que je n&rsquo;avais jamais pratiqu\u00e9s: le tir \u00e0 l&rsquo;arc, le king ball, l&rsquo;escalade &#8230;\u00a0\u00bb<\/p>\n<p><!-- \/wp:paragraph --><!-- wp:paragraph {\"align\":\"right\"} --><\/p>\n<p class=\"has-text-align-right\"><em>Jennifer<\/em><\/p>\n<p><!-- \/wp:paragraph --><!-- wp:paragraph --><\/p>\n<p>\u00ab\u00a0Mon meilleur souvenir \u00e0 Louvain-la-Neuve, c&rsquo;est la boum car les \u00e9l\u00e8ves de 4e ont mis de l&rsquo;ambiance. M\u00eame les professeurs ont dans\u00e9 avec nous ! C&rsquo;\u00e9tait vraiment sympa !\u00a0\u00bb<\/p>\n<p><!-- \/wp:paragraph --><!-- wp:paragraph {\"align\":\"right\"} --><\/p>\n<p class=\"has-text-align-right\"><em>Lou<\/em><\/p>\n<p><!-- \/wp:paragraph --><!-- wp:paragraph --><\/p>\n<p>\u00ab\u00a0Nous remercions nos professeurs, nos moniteurs sportifs et les \u00e9l\u00e8ves de 4e Techniques Sociales pour ce s\u00e9jour formidable !\u00a0\u00bb<\/p>\n<p><!-- \/wp:paragraph --><!-- wp:paragraph --><\/p>\n<p>Bravo et encore merci \u00e0 tous !<\/p>\n<p><!-- \/wp:paragraph --><!-- wp:paragraph {\"align\":\"right\"} --><\/p>\n<p class=\"has-text-align-right\"><em>Les \u00e9l\u00e8ves de premi\u00e8re<\/em><\/p>\n<p><!-- \/wp:paragraph --><!-- wp:image {\"align\":\"center\",\"id\":3033,\"width\":460,\"linkDestination\":\"custom\"} --><\/p>\n<div class=\"wp-block-image\">\n<figure class=\"aligncenter is-resized\"><a href=\"https:\/\/www.sukain.be\/secondaire\/wp-content\/uploads\/2017\/04\/lln-2.jpg\"><img decoding=\"async\" class=\"wp-image-3033\" src=\"https:\/\/www.sukain.be\/secondaire\/wp-content\/uploads\/2017\/04\/lln-2-300x225.jpg\" alt=\"lln 2\" width=\"460\" srcset=\"https:\/\/www.sukain.be\/secondaire\/wp-content\/uploads\/2017\/04\/lln-2-300x225.jpg 300w, https:\/\/www.sukain.be\/secondaire\/wp-content\/uploads\/2017\/04\/lln-2.jpg 525w\" sizes=\"(max-width: 300px) 100vw, 300px\" \/><\/a><\/figure>\n<\/div>\n<p><!-- \/wp:image --><!-- wp:shortcode --><\/p>\n<p><h2 id=\"tablepress-2-name\" class=\"tablepress-table-name tablepress-table-name-id-2\">Grille horaire de 1\u00e8re ann\u00e9e commune<\/h2>\n\n<table id=\"tablepress-2\" class=\"tablepress tablepress-id-2\" aria-labelledby=\"tablepress-2-name\">\n<tbody class=\"row-hover\">\n<tr class=\"row-1\">\n\t<td colspan=\"2\" class=\"column-1\"><b>Formation commune<\/b><\/td>\n<\/tr>\n<tr class=\"row-2\">\n\t<td class=\"column-1\">Religion Catholique<\/td><td class=\"column-2\">2h<\/td>\n<\/tr>\n<tr class=\"row-3\">\n\t<td class=\"column-1\">Fran\u00e7ais<\/td><td class=\"column-2\">6h<\/td>\n<\/tr>\n<tr class=\"row-4\">\n\t<td class=\"column-1\">Math\u00e9matiques<\/td><td class=\"column-2\">4h<\/td>\n<\/tr>\n<tr class=\"row-5\">\n\t<td class=\"column-1\">\u00c9tude du milieu<\/td><td class=\"column-2\">4h<\/td>\n<\/tr>\n<tr class=\"row-6\">\n\t<td class=\"column-1\">\u00c9ducation physique<\/td><td class=\"column-2\">3h<\/td>\n<\/tr>\n<tr class=\"row-7\">\n\t<td class=\"column-1\">Langue Moderne<\/td><td class=\"column-2\">4h<\/td>\n<\/tr>\n<tr class=\"row-8\">\n\t<td class=\"column-1\">Sciences<\/td><td class=\"column-2\">3h<\/td>\n<\/tr>\n<tr class=\"row-9\">\n\t<td class=\"column-1\">Education par la technologie<\/td><td class=\"column-2\"><center>1<\/td>\n<\/tr>\n<tr class=\"row-10\">\n\t<td class=\"column-1\">Education musicale<\/td><td class=\"column-2\"><center>1<\/td>\n<\/tr>\n<tr class=\"row-11\">\n\t<td class=\"column-1\"><b>Activit\u00e9s compl\u00e9mentaires (1 module au choix)<\/b><\/td><td class=\"column-2\"><\/td>\n<\/tr>\n<tr class=\"row-12\">\n\t<td class=\"column-1\"><center>Module 1<\/td><td class=\"column-2\"><\/td>\n<\/tr>\n<tr class=\"row-13\">\n\t<td class=\"column-1\">Langues<\/td><td class=\"column-2\"><center>2<\/td>\n<\/tr>\n<tr class=\"row-14\">\n\t<td class=\"column-1\">Informatique<\/td><td class=\"column-2\"><center>2<\/td>\n<\/tr>\n<tr class=\"row-15\">\n\t<td class=\"column-1\"><center>Module 2<\/td><td class=\"column-2\"><\/td>\n<\/tr>\n<tr class=\"row-16\">\n\t<td class=\"column-1\">Sciences<\/td><td class=\"column-2\"><center>2<\/td>\n<\/tr>\n<tr class=\"row-17\">\n\t<td class=\"column-1\">Informatique<\/td><td class=\"column-2\"><center>2<\/td>\n<\/tr>\n<tr class=\"row-18\">\n\t<td class=\"column-1\"><center>Module 3<\/td><td class=\"column-2\"><\/td>\n<\/tr>\n<tr class=\"row-19\">\n\t<td class=\"column-1\">Activit\u00e9s artistiques<\/td><td class=\"column-2\"><center>2<\/td>\n<\/tr>\n<tr class=\"row-20\">\n\t<td class=\"column-1\">Informatique<\/td><td class=\"column-2\"><center>2<\/td>\n<\/tr>\n<tr class=\"row-21\">\n\t<td class=\"column-1\"><center>Module 4<\/td><td class=\"column-2\"><\/td>\n<\/tr>\n<tr class=\"row-22\">\n\t<td class=\"column-1\">Sport<\/td><td class=\"column-2\"><center>2<\/td>\n<\/tr>\n<tr class=\"row-23\">\n\t<td class=\"column-1\">Informatique<\/td><td class=\"column-2\"><center>2<\/td>\n<\/tr>\n<\/tbody>\n<\/table>\n<!-- #tablepress-2 from cache --><\/p>\n<p><!-- \/wp:shortcode --><!-- wp:paragraph --><\/p>\n<p>\u00a0<\/p><\/div>\n\t\t\t\t\t\t\t\t\t<div class=\"elementor-tab-title elementor-tab-mobile-title\" aria-selected=\"false\" data-tab=\"2\" role=\"tab\" tabindex=\"-1\" aria-controls=\"elementor-tab-content-3812\" aria-expanded=\"false\">La deuxi\u00e8me ann\u00e9e commune<\/div>\n\t\t\t\t\t<div id=\"elementor-tab-content-3812\" class=\"elementor-tab-content elementor-clearfix\" data-tab=\"2\" role=\"tabpanel\" aria-labelledby=\"elementor-tab-title-3812\" tabindex=\"0\" hidden=\"hidden\"><p><!-- \/wp:heading --><!-- wp:heading --><\/p>\n<h2>Ton arriv\u00e9e en 2e ann\u00e9e<\/h2>\n<p><!-- \/wp:heading --><!-- wp:paragraph --><\/p>\n<p>La&nbsp; premi\u00e8re&nbsp; semaine&nbsp; de&nbsp; septembre&nbsp; est consacr\u00e9e&nbsp; \u00e0&nbsp; l\u2019accueil&nbsp; de&nbsp; chacun&nbsp; par&nbsp; les titulaires et certains professeurs. D\u00e8s la mi-septembre,&nbsp; une&nbsp; r\u00e9union&nbsp; est&nbsp; pr\u00e9vue&nbsp; pour que&nbsp; tes&nbsp; parents&nbsp; puissent&nbsp; rencontrer toute l\u2019\u00e9quipe \u00e9ducative et la direction. Pour ton \u00e9panouissement, en plus de ta grille horaire, tu as le choix entre 2 activit\u00e9s compl\u00e9mentaires:<\/p>\n<p><!-- \/wp:paragraph --><!-- wp:list --><\/p>\n<ul>\n<li>sciences<\/li>\n<li>informatique<\/li>\n<li>actualit\u00e9s<\/li>\n<li>sport<\/li>\n<li>art culinaire<\/li>\n<li>langues<\/li>\n<\/ul>\n<p><!-- \/wp:list --><!-- wp:paragraph --><\/p>\n<p>Si tu as besoin <strong>d\u2019aide suppl\u00e9mentaire<\/strong>, tu peux participer \u00e0 des <strong>rem\u00e9diations<\/strong> en math\u00e9matiques, en fran\u00e7ais et en langues, le lundi, le mardi ou le jeudi de 15h30 \u00e0 16h20. \u00c0 l\u2019issue de ta 2e , tu participeras \u00e0 des examens et aux \u00e9preuves de la F\u00e9d\u00e9ration Wallonie-Bruxelles afin d\u2019obtenir ton <strong>CE1D<\/strong>. Au besoin, une <strong>2e S<\/strong> est possible pour finir ton degr\u00e9 avec succ\u00e8s.<\/p>\n<p><!-- \/wp:paragraph --><!-- wp:heading --><\/p>\n<h2>Des activit\u00e9s ext\u00e9rieures&#8230;<\/h2>\n<p><!-- \/wp:heading --><!-- wp:paragraph --><\/p>\n<p>Un des projets importants en 2e&nbsp; est une semaine \u00e0 la montagne. Tu auras l\u2019occasion d\u2019y vivre des apprentissages dans un autre contexte. Au programme aussi durant le degr\u00e9 : des sorties au th\u00e9\u00e2tre, au cin\u00e9ma, une d\u00e9couverte des champignons&nbsp; des bois, d\u2019autres&nbsp; activit\u00e9s&nbsp; culturelles,&nbsp; scientifiques\u2026 En janvier encore est organis\u00e9e une semaine pour apprendre \u00e0 te nourrir correctement avec un petit d\u00e9jeuner \u00e9quilibr\u00e9&#8230;<\/p>\n<p><!-- \/wp:paragraph --><!-- wp:heading --><\/p>\n<h2>T\u00e9l\u00e9charger le fascicule de pr\u00e9sentation<\/h2>\n<p><!-- \/wp:heading --><!-- wp:paragraph --><\/p>\n<p><a href=\"https:\/\/www.sukain.be\/secondaire\/wp-content\/uploads\/2020\/05\/fascicule-1er-degr\u00e9-21-01-2020.pdf\">fascicule 1er degr\u00e9 21 01 2020<\/a><\/p><\/div>\n\t\t\t\t\t\t\t<\/div>\n\t\t<\/div>\n\t\t\t\t<\/div>\n\t\t\t\t<\/div>\n\t\t\t\t\t<\/div>\n\t\t<\/div>\n\t\t\t\t\t\t\t<\/div>\n\t\t<\/section>\n\t\t\t\t<section class=\"elementor-section elementor-top-section elementor-element elementor-element-311b322 elementor-section-boxed elementor-section-height-default elementor-section-height-default\" data-id=\"311b322\" data-element_type=\"section\">\n\t\t\t\t\t\t<div class=\"elementor-container elementor-column-gap-default\">\n\t\t\t\t\t<div class=\"elementor-column elementor-col-100 elementor-top-column elementor-element elementor-element-d185d0e\" data-id=\"d185d0e\" data-element_type=\"column\">\n\t\t\t<div class=\"elementor-widget-wrap elementor-element-populated\">\n\t\t\t\t\t\t\t\t<div class=\"elementor-element elementor-element-1ea34c6 elementor-align-center elementor-widget elementor-widget-button\" data-id=\"1ea34c6\" data-element_type=\"widget\" data-widget_type=\"button.default\">\n\t\t\t\t<div class=\"elementor-widget-container\">\n\t\t\t\t\t<div class=\"elementor-button-wrapper\">\n\t\t\t<a href=\"https:\/\/drive.google.com\/file\/d\/1htCS55cMW7D8tNFVZSy35LooTfwqMUmc\/view?usp=drive_link\" target=\"_blank\" class=\"elementor-button-link elementor-button elementor-size-sm\" role=\"button\">\n\t\t\t\t\t\t<span class=\"elementor-button-content-wrapper\">\n\t\t\t\t\t\t\t<span class=\"elementor-button-icon elementor-align-icon-left\">\n\t\t\t\t<i aria-hidden=\"true\" class=\"fas fa-file-pdf\"><\/i>\t\t\t<\/span>\n\t\t\t\t\t\t<span class=\"elementor-button-text\">T\u00e9l\u00e9charger le fascicule de pr\u00e9sentation<\/span>\n\t\t<\/span>\n\t\t\t\t\t<\/a>\n\t\t<\/div>\n\t\t\t\t<\/div>\n\t\t\t\t<\/div>\n\t\t\t\t<div class=\"elementor-element elementor-element-3161dba elementor-align-center elementor-widget elementor-widget-button\" data-id=\"3161dba\" data-element_type=\"widget\" data-widget_type=\"button.default\">\n\t\t\t\t<div class=\"elementor-widget-container\">\n\t\t\t\t\t<div class=\"elementor-button-wrapper\">\n\t\t\t<a href=\"https:\/\/www.sukain.be\/secondaire\/nos-formations\/\" class=\"elementor-button-link elementor-button elementor-size-sm\" role=\"button\">\n\t\t\t\t\t\t<span class=\"elementor-button-content-wrapper\">\n\t\t\t\t\t\t<span class=\"elementor-button-text\">Retourner vers les offres d'enseignement<\/span>\n\t\t<\/span>\n\t\t\t\t\t<\/a>\n\t\t<\/div>\n\t\t\t\t<\/div>\n\t\t\t\t<\/div>\n\t\t\t\t\t<\/div>\n\t\t<\/div>\n\t\t\t\t\t\t\t<\/div>\n\t\t<\/section>\n\t\t\t\t\t\t\t<\/div>\n\t\t","protected":false},"excerpt":{"rendered":"<p>La premi\u00e8re ann\u00e9e commune La deuxi\u00e8me ann\u00e9e commune La premi\u00e8re ann\u00e9e commune Les projets Sachant que tout ne s\u2019apprend pas assis derri\u00e8re un bureau&#8230;\u00a0 en relation avec tes cours, tu auras l\u2019occasion de quitter l\u2019\u00e9cole pour : visiter Tournai et<\/p>\n","protected":false},"author":3,"featured_media":0,"parent":29,"menu_order":100,"comment_status":"closed","ping_status":"open","template":"","meta":{"footnotes":""},"folder":[],"yoast_head":"<!-- This site is optimized with the Yoast SEO plugin v20.0 - https:\/\/yoast.com\/wordpress\/plugins\/seo\/ -->\n<title>G\u00e9n\u00e9ral - 1re et 2e ann\u00e9e - \u00c9cole secondaire de la Sainte-Union de Kain (Tournai)<\/title>\n<meta name=\"robots\" content=\"index, follow, max-snippet:-1, max-image-preview:large, max-video-preview:-1\" \/>\n<link rel=\"canonical\" href=\"https:\/\/www.sukain.be\/secondaire\/notre-offre-d_enseignement\/le-premier-degre-general\/general\/\" \/>\n<meta property=\"og:locale\" content=\"fr_FR\" \/>\n<meta property=\"og:type\" content=\"article\" \/>\n<meta property=\"og:title\" content=\"G\u00e9n\u00e9ral - 1re et 2e ann\u00e9e - \u00c9cole secondaire de la Sainte-Union de Kain (Tournai)\" \/>\n<meta property=\"og:description\" content=\"La premi\u00e8re ann\u00e9e commune La deuxi\u00e8me ann\u00e9e commune La premi\u00e8re ann\u00e9e commune Les projets Sachant que tout ne s\u2019apprend pas assis derri\u00e8re un bureau&#8230;\u00a0 en relation avec tes cours, tu auras l\u2019occasion de quitter l\u2019\u00e9cole pour : visiter Tournai et\" \/>\n<meta property=\"og:url\" content=\"https:\/\/www.sukain.be\/secondaire\/notre-offre-d_enseignement\/le-premier-degre-general\/general\/\" \/>\n<meta property=\"og:site_name\" content=\"\u00c9cole secondaire de la Sainte-Union de Kain (Tournai)\" \/>\n<meta property=\"article:modified_time\" content=\"2026-02-10T12:11:20+00:00\" \/>\n<meta property=\"og:image\" content=\"http:\/\/www.sukain.be\/secondaire\/wp-content\/uploads\/2017\/04\/lln-1-et-4-TS-300x225.jpg\" \/>\n<meta name=\"twitter:label1\" content=\"Dur\u00e9e de lecture estim\u00e9e\" \/>\n\t<meta name=\"twitter:data1\" content=\"5 minutes\" \/>\n<script type=\"application\/ld+json\" class=\"yoast-schema-graph\">{\"@context\":\"https:\/\/schema.org\",\"@graph\":[{\"@type\":\"WebPage\",\"@id\":\"https:\/\/www.sukain.be\/secondaire\/notre-offre-d_enseignement\/le-premier-degre-general\/general\/\",\"url\":\"https:\/\/www.sukain.be\/secondaire\/notre-offre-d_enseignement\/le-premier-degre-general\/general\/\",\"name\":\"G\u00e9n\u00e9ral - 1re et 2e ann\u00e9e - \u00c9cole secondaire de la Sainte-Union de Kain (Tournai)\",\"isPartOf\":{\"@id\":\"https:\/\/www.sukain.be\/secondaire\/#website\"},\"datePublished\":\"2014-01-21T13:29:15+00:00\",\"dateModified\":\"2026-02-10T12:11:20+00:00\",\"breadcrumb\":{\"@id\":\"https:\/\/www.sukain.be\/secondaire\/notre-offre-d_enseignement\/le-premier-degre-general\/general\/#breadcrumb\"},\"inLanguage\":\"fr-FR\",\"potentialAction\":[{\"@type\":\"ReadAction\",\"target\":[\"https:\/\/www.sukain.be\/secondaire\/notre-offre-d_enseignement\/le-premier-degre-general\/general\/\"]}]},{\"@type\":\"BreadcrumbList\",\"@id\":\"https:\/\/www.sukain.be\/secondaire\/notre-offre-d_enseignement\/le-premier-degre-general\/general\/#breadcrumb\",\"itemListElement\":[{\"@type\":\"ListItem\",\"position\":1,\"name\":\"Accueil\",\"item\":\"https:\/\/www.sukain.be\/secondaire\/\"},{\"@type\":\"ListItem\",\"position\":2,\"name\":\"Notre offre d&rsquo;enseignement\",\"item\":\"https:\/\/www.sukain.be\/secondaire\/notre-offre-d_enseignement\/\"},{\"@type\":\"ListItem\",\"position\":3,\"name\":\"Le premier degr\u00e9\",\"item\":\"https:\/\/www.sukain.be\/secondaire\/notre-offre-d_enseignement\/le-premier-degre-general\/\"},{\"@type\":\"ListItem\",\"position\":4,\"name\":\"G\u00e9n\u00e9ral &#8211; 1re et 2e ann\u00e9e\"}]},{\"@type\":\"WebSite\",\"@id\":\"https:\/\/www.sukain.be\/secondaire\/#website\",\"url\":\"https:\/\/www.sukain.be\/secondaire\/\",\"name\":\"\u00c9cole secondaire de la Sainte-Union de Kain (Tournai)\",\"description\":\"Ton avenir entre tes mains\",\"potentialAction\":[{\"@type\":\"SearchAction\",\"target\":{\"@type\":\"EntryPoint\",\"urlTemplate\":\"https:\/\/www.sukain.be\/secondaire\/?s={search_term_string}\"},\"query-input\":\"required name=search_term_string\"}],\"inLanguage\":\"fr-FR\"}]}<\/script>\n<!-- \/ Yoast SEO plugin. -->","yoast_head_json":{"title":"G\u00e9n\u00e9ral - 1re et 2e ann\u00e9e - \u00c9cole secondaire de la Sainte-Union de Kain (Tournai)","robots":{"index":"index","follow":"follow","max-snippet":"max-snippet:-1","max-image-preview":"max-image-preview:large","max-video-preview":"max-video-preview:-1"},"canonical":"https:\/\/www.sukain.be\/secondaire\/notre-offre-d_enseignement\/le-premier-degre-general\/general\/","og_locale":"fr_FR","og_type":"article","og_title":"G\u00e9n\u00e9ral - 1re et 2e ann\u00e9e - \u00c9cole secondaire de la Sainte-Union de Kain (Tournai)","og_description":"La premi\u00e8re ann\u00e9e commune La deuxi\u00e8me ann\u00e9e commune La premi\u00e8re ann\u00e9e commune Les projets Sachant que tout ne s\u2019apprend pas assis derri\u00e8re un bureau&#8230;\u00a0 en relation avec tes cours, tu auras l\u2019occasion de quitter l\u2019\u00e9cole pour : visiter Tournai et","og_url":"https:\/\/www.sukain.be\/secondaire\/notre-offre-d_enseignement\/le-premier-degre-general\/general\/","og_site_name":"\u00c9cole secondaire de la Sainte-Union de Kain (Tournai)","article_modified_time":"2026-02-10T12:11:20+00:00","og_image":[{"url":"http:\/\/www.sukain.be\/secondaire\/wp-content\/uploads\/2017\/04\/lln-1-et-4-TS-300x225.jpg"}],"twitter_misc":{"Dur\u00e9e de lecture estim\u00e9e":"5 minutes"},"schema":{"@context":"https:\/\/schema.org","@graph":[{"@type":"WebPage","@id":"https:\/\/www.sukain.be\/secondaire\/notre-offre-d_enseignement\/le-premier-degre-general\/general\/","url":"https:\/\/www.sukain.be\/secondaire\/notre-offre-d_enseignement\/le-premier-degre-general\/general\/","name":"G\u00e9n\u00e9ral - 1re et 2e ann\u00e9e - \u00c9cole secondaire de la Sainte-Union de Kain (Tournai)","isPartOf":{"@id":"https:\/\/www.sukain.be\/secondaire\/#website"},"datePublished":"2014-01-21T13:29:15+00:00","dateModified":"2026-02-10T12:11:20+00:00","breadcrumb":{"@id":"https:\/\/www.sukain.be\/secondaire\/notre-offre-d_enseignement\/le-premier-degre-general\/general\/#breadcrumb"},"inLanguage":"fr-FR","potentialAction":[{"@type":"ReadAction","target":["https:\/\/www.sukain.be\/secondaire\/notre-offre-d_enseignement\/le-premier-degre-general\/general\/"]}]},{"@type":"BreadcrumbList","@id":"https:\/\/www.sukain.be\/secondaire\/notre-offre-d_enseignement\/le-premier-degre-general\/general\/#breadcrumb","itemListElement":[{"@type":"ListItem","position":1,"name":"Accueil","item":"https:\/\/www.sukain.be\/secondaire\/"},{"@type":"ListItem","position":2,"name":"Notre offre d&rsquo;enseignement","item":"https:\/\/www.sukain.be\/secondaire\/notre-offre-d_enseignement\/"},{"@type":"ListItem","position":3,"name":"Le premier degr\u00e9","item":"https:\/\/www.sukain.be\/secondaire\/notre-offre-d_enseignement\/le-premier-degre-general\/"},{"@type":"ListItem","position":4,"name":"G\u00e9n\u00e9ral &#8211; 1re et 2e ann\u00e9e"}]},{"@type":"WebSite","@id":"https:\/\/www.sukain.be\/secondaire\/#website","url":"https:\/\/www.sukain.be\/secondaire\/","name":"\u00c9cole secondaire de la Sainte-Union de Kain (Tournai)","description":"Ton avenir entre tes mains","potentialAction":[{"@type":"SearchAction","target":{"@type":"EntryPoint","urlTemplate":"https:\/\/www.sukain.be\/secondaire\/?s={search_term_string}"},"query-input":"required name=search_term_string"}],"inLanguage":"fr-FR"}]}},"_links":{"self":[{"href":"https:\/\/www.sukain.be\/secondaire\/wp-json\/wp\/v2\/pages\/222"}],"collection":[{"href":"https:\/\/www.sukain.be\/secondaire\/wp-json\/wp\/v2\/pages"}],"about":[{"href":"https:\/\/www.sukain.be\/secondaire\/wp-json\/wp\/v2\/types\/page"}],"author":[{"embeddable":true,"href":"https:\/\/www.sukain.be\/secondaire\/wp-json\/wp\/v2\/users\/3"}],"replies":[{"embeddable":true,"href":"https:\/\/www.sukain.be\/secondaire\/wp-json\/wp\/v2\/comments?post=222"}],"version-history":[{"count":21,"href":"https:\/\/www.sukain.be\/secondaire\/wp-json\/wp\/v2\/pages\/222\/revisions"}],"predecessor-version":[{"id":8628,"href":"https:\/\/www.sukain.be\/secondaire\/wp-json\/wp\/v2\/pages\/222\/revisions\/8628"}],"up":[{"embeddable":true,"href":"https:\/\/www.sukain.be\/secondaire\/wp-json\/wp\/v2\/pages\/29"}],"wp:attachment":[{"href":"https:\/\/www.sukain.be\/secondaire\/wp-json\/wp\/v2\/media?parent=222"}],"wp:term":[{"taxonomy":"folder","embeddable":true,"href":"https:\/\/www.sukain.be\/secondaire\/wp-json\/wp\/v2\/folder?post=222"}],"curies":[{"name":"wp","href":"https:\/\/api.w.org\/{rel}","templated":true}]}}