{"id":127,"date":"2014-01-15T16:29:13","date_gmt":"2014-01-15T15:29:13","guid":{"rendered":"http:\/\/www.sukain.com\/secondaire\/?page_id=127"},"modified":"2026-02-10T14:08:49","modified_gmt":"2026-02-10T12:08:49","slug":"general","status":"publish","type":"page","link":"https:\/\/www.sukain.be\/secondaire\/notre-offre-d_enseignement\/le-troisieme-degre-general\/general\/","title":{"rendered":"G\u00e9n\u00e9ral"},"content":{"rendered":"\t\t<div data-elementor-type=\"wp-page\" data-elementor-id=\"127\" class=\"elementor elementor-127\">\n\t\t\t\t\t\t\t\t\t<section class=\"elementor-section elementor-top-section elementor-element elementor-element-403a57de elementor-section-boxed elementor-section-height-default elementor-section-height-default\" data-id=\"403a57de\" data-element_type=\"section\">\n\t\t\t\t\t\t<div class=\"elementor-container elementor-column-gap-default\">\n\t\t\t\t\t<div class=\"elementor-column elementor-col-100 elementor-top-column elementor-element elementor-element-4a5aec58\" data-id=\"4a5aec58\" data-element_type=\"column\">\n\t\t\t<div class=\"elementor-widget-wrap elementor-element-populated\">\n\t\t\t\t\t\t\t\t<div class=\"elementor-element elementor-element-5b458e4f elementor-widget elementor-widget-text-editor\" data-id=\"5b458e4f\" data-element_type=\"widget\" data-widget_type=\"text-editor.default\">\n\t\t\t\t<div class=\"elementor-widget-container\">\n\t\t\t\t\t\t\t<p style=\"text-align: left;\"><strong><a href=\"#fascicules\">Acc\u00e8s direct aux fascicules des sections et grille horaire<\/a><\/strong><\/p><h2 style=\"text-align: center;\"><strong>Les 6e G au printemps des sciences<\/strong><\/h2><p style=\"text-align: justify;\">Dans le cadre de cet \u00e9v\u00e8nement, l\u2019Universit\u00e9 de Mons-Hainaut propose une journ\u00e9e Math- Sciences \u00e0 laquelle les \u00e9l\u00e8ves de rh\u00e9to sont invit\u00e9s. Sur le th\u00e8me de l\u2019alimentation, les \u00e9l\u00e8ves peuvent ainsi approfondir l\u2019un ou l\u2019autre point du programme, s\u2019ouvrir \u00e0 de nouvelles perspectives ou encore d\u00e9couvrir la recherche d\u2019aujourd\u2019hui.<\/p><p style=\"text-align: justify;\">Toutes ces activit\u00e9s sont pr\u00e9sent\u00e9es par des chercheurs passionn\u00e9s et passionnants dans les auditoires du Campus des Sciences et de la M\u00e9decine. Au menu de ce printemps, quatre conf\u00e9rences et une visite de labo. Une belle occasion d\u2019appr\u00e9hender positivement le mode de fonctionnement des \u00e9tudes universitaires. Et sur le temps de midi, nos \u00e9l\u00e8ves ont pu retrouver les anciens de l\u2019\u00e9cole qui fr\u00e9quentent l\u2019UMH pour \u00e9changer quelques conseils et anecdotes de la vie universitaire.<\/p><p style=\"text-align: right;\">AD<\/p><p><a href=\"https:\/\/www.sukain.be\/secondaire\/wp-content\/uploads\/2017\/03\/printemps-des-sciences.jpg\"><img loading=\"lazy\" decoding=\"async\" class=\"size-medium wp-image-2991 aligncenter\" src=\"https:\/\/www.sukain.be\/secondaire\/wp-content\/uploads\/2017\/03\/printemps-des-sciences-300x225.jpg\" alt=\"printemps des sciences\" width=\"300\" height=\"225\" srcset=\"https:\/\/www.sukain.be\/secondaire\/wp-content\/uploads\/2017\/03\/printemps-des-sciences-300x225.jpg 300w, https:\/\/www.sukain.be\/secondaire\/wp-content\/uploads\/2017\/03\/printemps-des-sciences.jpg 525w\" sizes=\"(max-width: 300px) 100vw, 300px\" \/><\/a><\/p><p><div class=\"su-spoiler su-spoiler-style-fancy su-spoiler-icon-plus\" data-scroll-offset=\"0\" data-anchor-in-url=\"no\"><div class=\"su-spoiler-title\" tabindex=\"0\" role=\"button\"><span class=\"su-spoiler-icon\"><\/span>Belle r\u00e9ussite aux examens internationaux d&rsquo;anglais pour quatre \u00e9l\u00e8ves de 6e G<\/div><div class=\"su-spoiler-content su-u-clearfix su-u-trim\"><\/p><p style=\"margin: 0in; font-family: Calibri; font-size: 13.75pt; text-align: justify;\"><em>C<\/em><span style=\"font-family: arial,helvetica,sans-serif; font-size: 10pt;\"><em>ambridge English<\/em>, d\u00e9partement de l\u2019universit\u00e9 de Cambridge, propose des examens et tests d\u2019anglais pour prouver votre niveau.<\/span><\/p><p style=\"margin: 0in; font-family: Calibri; font-size: 13.75pt; text-align: justify;\"><span style=\"font-family: arial,helvetica,sans-serif; font-size: 10pt;\">Ces examens sont universellement reconnus et utilis\u00e9s par les \u00e9coles, les universit\u00e9s et les employeurs des secteurs priv\u00e9 et public du monde entier.<\/span><\/p><p style=\"margin: 0in; font-family: Calibri; font-size: 13.75pt; text-align: justify;\"><strong><span style=\"font-family: arial,helvetica,sans-serif; font-size: 10pt;\">Le First Certificate in English (FCE)<\/span><\/strong><\/p><p style=\"margin: 0in; font-family: Calibri; font-size: 13.75pt; text-align: justify;\"><span style=\"font-family: arial,helvetica,sans-serif; font-size: 10pt;\">&#8211; <strong>niveau B2:<\/strong> est un examen d\u2019anglais de grand renom international. Il est souvent connu sous le nom du passeport d\u2019ind\u00e9pendance, souvent demand\u00e9 en recrutement comme une preuve d\u2019habilit\u00e9 \u00e0 communiquer dans des situations famili\u00e8res telles que sociale et professionnelle.<\/span><\/p><p style=\"margin: 0in; font-family: Calibri; font-size: 13.75pt; text-align: justify;\"><span style=\"font-family: arial,helvetica,sans-serif; font-size: 10pt;\"><strong>J\u00e9r\u00e9my Van Der Linden<\/strong> a r\u00e9ussi cet examen. F\u00e9licitations \u00e0 lui.<\/span><\/p><h5 style=\"margin: 0in; font-family: Calibri; font-size: 13.75pt;\">\u00a0<\/h5><h5 style=\"margin: 0in; font-family: Calibri; font-size: 13.75pt;\"><strong><em><span style=\"font-family: arial,helvetica,sans-serif; font-size: 10pt;\">Preuve d\u2019excellence<\/span><\/em><\/strong><\/h5><h5 style=\"margin: 0in; font-family: Calibri; font-size: 13.75pt;\">\u00a0<\/h5><p style=\"margin: 0in; font-family: Calibri; font-size: 13.75pt; text-align: justify;\"><span style=\"font-family: arial,helvetica,sans-serif; font-size: 10pt;\">Le fait de r\u00e9ussir le <strong>Cambridge English Advanced (CAE)<\/strong> certifie une forte comp\u00e9tence en anglais, correspondant au <strong>niveau C1<\/strong> du CECRL (Cadre europ\u00e9en commun de r\u00e9f\u00e9rence pour les langues) . Pourquoi le Cambridge English Advanced (CAE) est-il une preuve d\u2019excellence ?<\/span><\/p><p style=\"margin: 0in; font-family: Calibri; font-size: 13.75pt; text-align: justify;\"><span style=\"font-family: arial,helvetica,sans-serif; font-size: 10pt;\">Une reconnaissance mondiale comme preuve de grande performance.<\/span><\/p><p style=\"margin: 0in; font-family: Calibri; font-size: 13.75pt; text-align: justify;\"><span style=\"font-family: arial,helvetica,sans-serif; font-size: 10pt;\">Plus de 4 000 \u00e9tablissements d\u2019enseignement, entreprises et organisations gouvernementales \u00e0 travers le monde acceptent le Cambridge English Advanced (CAE) comme preuve d\u2019un niveau \u00e9lev\u00e9 d\u2019anglais.<\/span><\/p><p style=\"margin: 0in; font-family: Calibri; font-size: 13.75pt; text-align: justify;\"><span style=\"font-family: arial,helvetica,sans-serif; font-size: 10pt;\"><strong>Charlotte Moreau, Nadja Peel et Ilias Yahia-Cherif<\/strong> ont r\u00e9ussi cet examen. F\u00e9licitations \u00e0 eux.<\/span><\/p><p style=\"margin: 0in; font-family: Calibri; font-size: 11.25pt; text-align: right;\">Source: <a href=\"http:\/\/www.cambridgeenglish.org\">www.cambridgeenglish.org<\/a><\/p><p><a href=\"https:\/\/www.sukain.be\/secondaire\/wp-content\/uploads\/2017\/03\/Cambridge-English.jpg\"><img loading=\"lazy\" decoding=\"async\" class=\"size-medium wp-image-2994 aligncenter\" src=\"https:\/\/www.sukain.be\/secondaire\/wp-content\/uploads\/2017\/03\/Cambridge-English-300x200.jpg\" alt=\"SAMSUNG CSC\" width=\"300\" height=\"200\" srcset=\"https:\/\/www.sukain.be\/secondaire\/wp-content\/uploads\/2017\/03\/Cambridge-English-300x200.jpg 300w, https:\/\/www.sukain.be\/secondaire\/wp-content\/uploads\/2017\/03\/Cambridge-English.jpg 591w\" sizes=\"(max-width: 300px) 100vw, 300px\" \/><\/a><\/p><p style=\"margin: 0in; font-family: Calibri; font-size: 11.25pt; text-align: left;\"><\/div><\/div><\/p><h2 style=\"margin: 0in; font-family: Calibri; font-size: 13.75pt; text-align: center;\"><span style=\"text-decoration: underline; font-family: arial,helvetica,sans-serif; font-size: 12pt;\">Remise du prix de n\u00e9erlandais du Rotary Club<\/span><\/h2><p><div class=\"su-row\"><\/p><p><span style=\"font-size: 10pt; font-family: arial, helvetica, sans-serif;\"><div class=\"su-column su-column-size-1-2\"><div class=\"su-column-inner su-u-clearfix su-u-trim\"><\/span> <em><span style=\"font-family: arial,helvetica,sans-serif; font-size: 10pt;\">C&rsquo;est avec grand plaisir et beaucoup de satisfaction que j&rsquo;ai re\u00e7u le prix de langue du Rotary Club. Mon professeur et moi avons \u00e9t\u00e9 convi\u00e9s par les membres du Rotary au restaurant l&rsquo;Oustau du Vert Galant \u00e0 Froyennes. Chacun des laur\u00e9ats y a re\u00e7u son dipl\u00f4me ainsi qu&rsquo;une coquette somme d&rsquo;argent. <\/span><\/em><\/p><p><em><span style=\"font-family: arial,helvetica,sans-serif; font-size: 10pt;\">Nous avons rencontr\u00e9 les laur\u00e9ats des \u00e9coles du Tournaisis et d&rsquo;Ostende. Apr\u00e8s quoi, une visite guid\u00e9e d&rsquo;une entreprise r\u00e9gionale, en l&rsquo;occurrence la CCB, \u00e9tait organis\u00e9e. Une journ\u00e9e tr\u00e8s int\u00e9ressante d&rsquo;un point de vue linguistique mais aussi scientifique&#8230; Vraiment tr\u00e8s enrichissante.<\/span><\/em><\/p><p style=\"margin: 0in; font-family: Calibri; font-size: 13.75pt; text-align: justify;\"><span style=\"font-family: arial,helvetica,sans-serif; font-size: 10pt;\"><\/div><\/div> <\/span><\/p><p style=\"margin: 0in; font-family: Calibri; font-size: 13.75pt; text-align: justify;\"><span style=\"font-family: arial,helvetica,sans-serif; font-size: 10pt;\"><div class=\"su-column su-column-size-1-2\"><div class=\"su-column-inner su-u-clearfix su-u-trim\"> <\/span><em><span style=\"font-family: arial, helvetica, sans-serif; font-size: 10pt;\">Je voudrais par ailleurs souligner l&rsquo;importance des r\u00e9compenses attribu\u00e9es dans quelque domaine que ce soit. Cette r\u00e9compense est pour moi gratifiante et motivante. Elle r\u00e9compense un travail assidu tout au long de l&rsquo;ann\u00e9e scolaire et me donne envie d&rsquo;\u00e9largir mon p\u00e9rim\u00e8tre d&rsquo;apprentissage des langues.<\/span><\/em><\/p><p style=\"margin: 0in; font-family: Calibri; font-size: 13.75pt; text-align: justify;\"><em><span style=\"font-family: arial,helvetica,sans-serif; font-size: 10pt;\">Je voudrais par cette occasion remercier le Rotary Club ainsi que mon professeur de <\/span><span style=\"font-family: arial,helvetica,sans-serif; font-size: 10pt;\">n\u00e9erlandais, M. Vanwijnsberghe, qui m&rsquo;a accompagn\u00e9e tout au long de mes secondaires sup\u00e9rieures et gr\u00e2ce \u00e0 qui j&rsquo;ai eu l&rsquo;opportunit\u00e9 de recevoir ce dipl\u00f4me.<\/span><\/em><\/p><p style=\"margin: 0in; font-family: Calibri; font-size: 11.25pt; text-align: right;\">AL Adam<\/p><p style=\"margin: 0in; font-family: Calibri; font-size: 11.25pt;\"><span style=\"font-family: arial,helvetica,sans-serif; font-size: 10pt;\"><\/div><\/div><\/span> <a href=\"https:\/\/www.sukain.be\/secondaire\/wp-content\/uploads\/2017\/03\/image-rotary-rectifi\u00e9e.jpg\"><img loading=\"lazy\" decoding=\"async\" class=\"size-medium wp-image-2968 aligncenter\" src=\"https:\/\/www.sukain.be\/secondaire\/wp-content\/uploads\/2017\/03\/image-rotary-rectifi\u00e9e-147x300.jpg\" alt=\"image rotary rectifi\u00e9e\" width=\"147\" height=\"300\" srcset=\"https:\/\/www.sukain.be\/secondaire\/wp-content\/uploads\/2017\/03\/image-rotary-rectifi\u00e9e-147x300.jpg 147w, https:\/\/www.sukain.be\/secondaire\/wp-content\/uploads\/2017\/03\/image-rotary-rectifi\u00e9e.jpg 309w\" sizes=\"(max-width: 147px) 100vw, 147px\" \/><\/a><br \/><span style=\"font-family: arial,helvetica,sans-serif; font-size: 10pt;\"> <\/div><\/span><\/p><p style=\"margin: 0in; font-family: Calibri;\"><span style=\"font-family: arial,helvetica,sans-serif; font-size: 10pt;\"><div class=\"su-spoiler su-spoiler-style-fancy su-spoiler-icon-plus\" data-scroll-offset=\"0\" data-anchor-in-url=\"no\"><div class=\"su-spoiler-title\" tabindex=\"0\" role=\"button\"><span class=\"su-spoiler-icon\"><\/span>Film: The Unknown guest in the haunted school<\/div><div class=\"su-spoiler-content su-u-clearfix su-u-trim\"><\/span><\/p><p style=\"margin: 0in; font-family: Calibri; font-size: 13.75pt; text-align: justify;\"><span style=\"font-family: arial,helvetica,sans-serif; font-size: 10pt;\">Quel plaisir de pouvoir toucher du doigt le monde du cin\u00e9ma ! Devant ou derri\u00e8re la cam\u00e9ra, quelques \u00e9l\u00e8ves de 5e et 6e g\u00e9n\u00e9ral ont relev\u00e9 le d\u00e9fi : m\u00e9moriser des r\u00e9pliques, en anglais de surcro\u00eet, et se glisser dans la peau d\u2019un personnage pour les acteurs, jongler avec les t\u00e2ches de cam\u00e9raman, r\u00e9alisateur et monteur pour notre homme-orchestre. Tous ont consacr\u00e9 cinq mercredis apr\u00e8s-midi pour le tournage dans des conditions climatiques parfois glaciales. Quant au r\u00e9alisateur-monteur, il ne compte plus les heures pass\u00e9es \u00e0 ce travail minutieux, mais \u00f4 combien passionnant.<\/span><\/p><p style=\"margin: 0in; font-family: Calibri; font-size: 13.75pt; text-align: justify;\"><span style=\"font-family: arial,helvetica,sans-serif; font-size: 10pt;\">Le r\u00e9sultat est \u00e0 la hauteur de leurs esp\u00e9rances si l\u2019on en croit les nombreux retours \u00e9logieux.<\/span><\/p><p style=\"margin: 0in; font-family: Calibri; font-size: 11.25pt; text-align: right;\"><span style=\"font-family: arial,helvetica,sans-serif; font-size: 10pt;\">PL<\/span><\/p><p style=\"margin: 0in; font-family: Calibri; font-size: 11.25pt; text-align: left;\"><a href=\"https:\/\/www.sukain.be\/secondaire\/wp-content\/uploads\/2017\/03\/the-unknown-guest.jpg\"><img loading=\"lazy\" decoding=\"async\" class=\"size-medium wp-image-2996 aligncenter\" src=\"https:\/\/www.sukain.be\/secondaire\/wp-content\/uploads\/2017\/03\/the-unknown-guest-212x300.jpg\" alt=\"affiche the unknown guest in the haunted school\" width=\"212\" height=\"300\" srcset=\"https:\/\/www.sukain.be\/secondaire\/wp-content\/uploads\/2017\/03\/the-unknown-guest-212x300.jpg 212w, https:\/\/www.sukain.be\/secondaire\/wp-content\/uploads\/2017\/03\/the-unknown-guest.jpg 394w\" sizes=\"(max-width: 212px) 100vw, 212px\" \/><\/a><\/p><p style=\"margin: 0in; font-family: Calibri; font-size: 11.25pt; text-align: left;\"><\/div><\/div><\/p><p style=\"text-align: left;\"><span style=\"font-family: arial,helvetica,sans-serif; font-size: 10pt;\"><div class=\"su-spoiler su-spoiler-style-fancy su-spoiler-icon-plus\" data-scroll-offset=\"0\" data-anchor-in-url=\"no\"><div class=\"su-spoiler-title\" tabindex=\"0\" role=\"button\"><span class=\"su-spoiler-icon\"><\/span>Concours de critiques cin\u00e9matographiques<\/div><div class=\"su-spoiler-content su-u-clearfix su-u-trim\"><\/span><\/p><p style=\"text-align: justify;\"><span style=\"font-family: arial,helvetica,sans-serif; font-size: 10pt;\">Cette ann\u00e9e, les rh\u00e9tos ont particip\u00e9 au concours CLIP CLAP li\u00e9 au festival RAMDAM.<\/span><\/p><p><span style=\"font-family: arial,helvetica,sans-serif; font-size: 10pt;\">En voici le principe. \u00c0 10 heures, dans une salle d\u2019Imagix, les \u00e9tudiants d\u00e9couvrent le film choisi secr\u00e8tement par l\u2019\u00e9quipe organisatrice. En m\u00eame temps que les Tournaisiens, les Courtaisiens et les Lillois planchent sur le m\u00eame sujet. Il s\u2019agit en l\u2019occurrence d\u2019une \u0153uvre du jeune r\u00e9alisateur belge Guillaume Senez : Keeper. Ce titre est polys\u00e9mique puisque le jeune h\u00e9ros doit concilier sa future carri\u00e8re de gardien de football et une paternit\u00e9 bien encombrante. Ce sujet tr\u00e8s contemporain et une belle performance d\u2019acteurs ont visiblement inspir\u00e9 nos \u00e9l\u00e8ves qui ont profit\u00e9 de cet exercice pour utiliser la comp\u00e9tence argumentative de leur programme de fran\u00e7ais.<\/span><\/p><p><span style=\"font-family: arial,helvetica,sans-serif; font-size: 10pt;\">\u00c0 la clef, point de r\u00e9compense&#8230; mais cela ne nous emp\u00eachera pas de r\u00e9cidiver l\u2019ann\u00e9e prochaine.<\/span><\/p><p style=\"text-align: right;\"><span style=\"font-family: arial,helvetica,sans-serif; font-size: 10pt;\">JM M<\/span><\/p><p style=\"text-align: left;\"><a href=\"https:\/\/www.sukain.be\/secondaire\/wp-content\/uploads\/2017\/03\/ramdam-rect.jpg\"><img loading=\"lazy\" decoding=\"async\" class=\"size-medium wp-image-2981 aligncenter\" src=\"https:\/\/www.sukain.be\/secondaire\/wp-content\/uploads\/2017\/03\/ramdam-rect-300x132.jpg\" alt=\"ramdam-2016-encartpresse-120x50-print\" width=\"300\" height=\"132\" srcset=\"https:\/\/www.sukain.be\/secondaire\/wp-content\/uploads\/2017\/03\/ramdam-rect-300x132.jpg 300w, https:\/\/www.sukain.be\/secondaire\/wp-content\/uploads\/2017\/03\/ramdam-rect.jpg 700w\" sizes=\"(max-width: 300px) 100vw, 300px\" \/><\/a><\/div><\/div><\/p><h2 style=\"text-align: center;\"><strong>Retraite des 6e G \u00e0 Libramont<\/strong><\/h2><p style=\"text-align: justify;\">Retraite&#8230; on pense tout de suite \u00e0 un arr\u00eat d\u2019activit\u00e9. Impensable pour des jeunes!<br \/>Et pourtant, c\u2019est ce que les \u00e9l\u00e8ves de 6e G ont v\u00e9cu \u00e0 Libramont de fa\u00e7on intense, int\u00e9rieure, interpellante.<\/p><p>Partir au milieu des bois, couper son gsm, ne plus vivre au rythme de sa musique: les en aurait-on cru capables?<br \/>Non, car on sait bien que les jeunes sont perfus\u00e9s aux technologies!<br \/>Mais ils l\u2019ont fait et ils se sont merveilleusement \u00e9merveill\u00e9s des silences, des rencontres improbables, des d\u00e9paysements d\u00e9stabilisants.<\/p><p>Cette retraite leur a permis de mieux se conna\u00eetre, pour certains de se re-conna\u00eetre. Et s\u2019il est un message \u00e0 retenir de ce s\u00e9jour, c\u2019est peut-\u00eatre celui-ci: garder un espace de silence dans sa vie, c\u2019est laisser la possibilit\u00e9 \u00e0 d\u2019autres voix de s\u2019exprimer.<\/p><p style=\"text-align: right;\">BD<\/p><p style=\"text-align: left;\"><div class=\"su-row\"> <div class=\"su-column su-column-size-1-2\"><div class=\"su-column-inner su-u-clearfix su-u-trim\"><\/p><p><a href=\"https:\/\/www.sukain.be\/secondaire\/wp-content\/uploads\/2017\/03\/retraite-1-rect.jpg\"><img loading=\"lazy\" decoding=\"async\" class=\"alignnone size-medium wp-image-2984\" src=\"https:\/\/www.sukain.be\/secondaire\/wp-content\/uploads\/2017\/03\/retraite-1-rect-225x300.jpg\" alt=\"retraite 1 rect\" width=\"225\" height=\"300\" srcset=\"https:\/\/www.sukain.be\/secondaire\/wp-content\/uploads\/2017\/03\/retraite-1-rect-225x300.jpg 225w, https:\/\/www.sukain.be\/secondaire\/wp-content\/uploads\/2017\/03\/retraite-1-rect.jpg 394w\" sizes=\"(max-width: 225px) 100vw, 225px\" \/><\/a><\/p><p><\/div><\/div> <div class=\"su-column su-column-size-1-2\"><div class=\"su-column-inner su-u-clearfix su-u-trim\"><br \/><a href=\"https:\/\/www.sukain.be\/secondaire\/wp-content\/uploads\/2017\/03\/retraite-2-rect.jpg\"><img loading=\"lazy\" decoding=\"async\" class=\"alignnone size-medium wp-image-2985\" src=\"https:\/\/www.sukain.be\/secondaire\/wp-content\/uploads\/2017\/03\/retraite-2-rect-300x225.jpg\" alt=\"retraite 2 rect\" width=\"300\" height=\"225\" srcset=\"https:\/\/www.sukain.be\/secondaire\/wp-content\/uploads\/2017\/03\/retraite-2-rect-300x225.jpg 300w, https:\/\/www.sukain.be\/secondaire\/wp-content\/uploads\/2017\/03\/retraite-2-rect.jpg 525w\" sizes=\"(max-width: 300px) 100vw, 300px\" \/><\/a><\/p><p style=\"text-align: left;\"><\/div><\/div><\/p><p style=\"text-align: left;\"><\/div><\/p><div class=\"wp-block-file\">\u00a0<\/div><p><!-- \/wp:file --><\/p>\t\t\t\t\t\t<\/div>\n\t\t\t\t<\/div>\n\t\t\t\t\t<\/div>\n\t\t<\/div>\n\t\t\t\t\t\t\t<\/div>\n\t\t<\/section>\n\t\t\t\t\t\t\t<\/div>\n\t\t","protected":false},"excerpt":{"rendered":"<p>Acc\u00e8s direct aux fascicules des sections et grille horaire Les 6e G au printemps des sciences Dans le cadre de cet \u00e9v\u00e8nement, l\u2019Universit\u00e9 de Mons-Hainaut propose une journ\u00e9e Math- Sciences \u00e0 laquelle les \u00e9l\u00e8ves de rh\u00e9to sont invit\u00e9s. Sur le<\/p>\n","protected":false},"author":3,"featured_media":0,"parent":33,"menu_order":100,"comment_status":"closed","ping_status":"open","template":"","meta":{"footnotes":""},"folder":[],"yoast_head":"<!-- This site is optimized with the Yoast SEO plugin v20.0 - https:\/\/yoast.com\/wordpress\/plugins\/seo\/ -->\n<title>G\u00e9n\u00e9ral - \u00c9cole secondaire de la Sainte-Union de Kain (Tournai)<\/title>\n<meta name=\"robots\" content=\"index, follow, max-snippet:-1, max-image-preview:large, max-video-preview:-1\" \/>\n<link rel=\"canonical\" href=\"https:\/\/www.sukain.be\/secondaire\/notre-offre-d_enseignement\/le-troisieme-degre-general\/general\/\" \/>\n<meta property=\"og:locale\" content=\"fr_FR\" \/>\n<meta property=\"og:type\" content=\"article\" \/>\n<meta property=\"og:title\" content=\"G\u00e9n\u00e9ral - \u00c9cole secondaire de la Sainte-Union de Kain (Tournai)\" \/>\n<meta property=\"og:description\" content=\"Acc\u00e8s direct aux fascicules des sections et grille horaire Les 6e G au printemps des sciences Dans le cadre de cet \u00e9v\u00e8nement, l\u2019Universit\u00e9 de Mons-Hainaut propose une journ\u00e9e Math- Sciences \u00e0 laquelle les \u00e9l\u00e8ves de rh\u00e9to sont invit\u00e9s. Sur le\" \/>\n<meta property=\"og:url\" content=\"https:\/\/www.sukain.be\/secondaire\/notre-offre-d_enseignement\/le-troisieme-degre-general\/general\/\" \/>\n<meta property=\"og:site_name\" content=\"\u00c9cole secondaire de la Sainte-Union de Kain (Tournai)\" \/>\n<meta property=\"article:modified_time\" content=\"2026-02-10T12:08:49+00:00\" \/>\n<meta property=\"og:image\" content=\"http:\/\/www.sukain.be\/secondaire\/wp-content\/uploads\/2017\/03\/printemps-des-sciences-300x225.jpg\" \/>\n<meta name=\"twitter:label1\" content=\"Dur\u00e9e de lecture estim\u00e9e\" \/>\n\t<meta name=\"twitter:data1\" content=\"7 minutes\" \/>\n<script type=\"application\/ld+json\" class=\"yoast-schema-graph\">{\"@context\":\"https:\/\/schema.org\",\"@graph\":[{\"@type\":\"WebPage\",\"@id\":\"https:\/\/www.sukain.be\/secondaire\/notre-offre-d_enseignement\/le-troisieme-degre-general\/general\/\",\"url\":\"https:\/\/www.sukain.be\/secondaire\/notre-offre-d_enseignement\/le-troisieme-degre-general\/general\/\",\"name\":\"G\u00e9n\u00e9ral - \u00c9cole secondaire de la Sainte-Union de Kain (Tournai)\",\"isPartOf\":{\"@id\":\"https:\/\/www.sukain.be\/secondaire\/#website\"},\"datePublished\":\"2014-01-15T15:29:13+00:00\",\"dateModified\":\"2026-02-10T12:08:49+00:00\",\"breadcrumb\":{\"@id\":\"https:\/\/www.sukain.be\/secondaire\/notre-offre-d_enseignement\/le-troisieme-degre-general\/general\/#breadcrumb\"},\"inLanguage\":\"fr-FR\",\"potentialAction\":[{\"@type\":\"ReadAction\",\"target\":[\"https:\/\/www.sukain.be\/secondaire\/notre-offre-d_enseignement\/le-troisieme-degre-general\/general\/\"]}]},{\"@type\":\"BreadcrumbList\",\"@id\":\"https:\/\/www.sukain.be\/secondaire\/notre-offre-d_enseignement\/le-troisieme-degre-general\/general\/#breadcrumb\",\"itemListElement\":[{\"@type\":\"ListItem\",\"position\":1,\"name\":\"Accueil\",\"item\":\"https:\/\/www.sukain.be\/secondaire\/\"},{\"@type\":\"ListItem\",\"position\":2,\"name\":\"Notre offre d&rsquo;enseignement\",\"item\":\"https:\/\/www.sukain.be\/secondaire\/notre-offre-d_enseignement\/\"},{\"@type\":\"ListItem\",\"position\":3,\"name\":\"Le troisi\u00e8me degr\u00e9\",\"item\":\"https:\/\/www.sukain.be\/secondaire\/notre-offre-d_enseignement\/le-troisieme-degre-general\/\"},{\"@type\":\"ListItem\",\"position\":4,\"name\":\"G\u00e9n\u00e9ral\"}]},{\"@type\":\"WebSite\",\"@id\":\"https:\/\/www.sukain.be\/secondaire\/#website\",\"url\":\"https:\/\/www.sukain.be\/secondaire\/\",\"name\":\"\u00c9cole secondaire de la Sainte-Union de Kain (Tournai)\",\"description\":\"Ton avenir entre tes mains\",\"potentialAction\":[{\"@type\":\"SearchAction\",\"target\":{\"@type\":\"EntryPoint\",\"urlTemplate\":\"https:\/\/www.sukain.be\/secondaire\/?s={search_term_string}\"},\"query-input\":\"required name=search_term_string\"}],\"inLanguage\":\"fr-FR\"}]}<\/script>\n<!-- \/ Yoast SEO plugin. -->","yoast_head_json":{"title":"G\u00e9n\u00e9ral - \u00c9cole secondaire de la Sainte-Union de Kain (Tournai)","robots":{"index":"index","follow":"follow","max-snippet":"max-snippet:-1","max-image-preview":"max-image-preview:large","max-video-preview":"max-video-preview:-1"},"canonical":"https:\/\/www.sukain.be\/secondaire\/notre-offre-d_enseignement\/le-troisieme-degre-general\/general\/","og_locale":"fr_FR","og_type":"article","og_title":"G\u00e9n\u00e9ral - \u00c9cole secondaire de la Sainte-Union de Kain (Tournai)","og_description":"Acc\u00e8s direct aux fascicules des sections et grille horaire Les 6e G au printemps des sciences Dans le cadre de cet \u00e9v\u00e8nement, l\u2019Universit\u00e9 de Mons-Hainaut propose une journ\u00e9e Math- Sciences \u00e0 laquelle les \u00e9l\u00e8ves de rh\u00e9to sont invit\u00e9s. Sur le","og_url":"https:\/\/www.sukain.be\/secondaire\/notre-offre-d_enseignement\/le-troisieme-degre-general\/general\/","og_site_name":"\u00c9cole secondaire de la Sainte-Union de Kain (Tournai)","article_modified_time":"2026-02-10T12:08:49+00:00","og_image":[{"url":"http:\/\/www.sukain.be\/secondaire\/wp-content\/uploads\/2017\/03\/printemps-des-sciences-300x225.jpg"}],"twitter_misc":{"Dur\u00e9e de lecture estim\u00e9e":"7 minutes"},"schema":{"@context":"https:\/\/schema.org","@graph":[{"@type":"WebPage","@id":"https:\/\/www.sukain.be\/secondaire\/notre-offre-d_enseignement\/le-troisieme-degre-general\/general\/","url":"https:\/\/www.sukain.be\/secondaire\/notre-offre-d_enseignement\/le-troisieme-degre-general\/general\/","name":"G\u00e9n\u00e9ral - \u00c9cole secondaire de la Sainte-Union de Kain (Tournai)","isPartOf":{"@id":"https:\/\/www.sukain.be\/secondaire\/#website"},"datePublished":"2014-01-15T15:29:13+00:00","dateModified":"2026-02-10T12:08:49+00:00","breadcrumb":{"@id":"https:\/\/www.sukain.be\/secondaire\/notre-offre-d_enseignement\/le-troisieme-degre-general\/general\/#breadcrumb"},"inLanguage":"fr-FR","potentialAction":[{"@type":"ReadAction","target":["https:\/\/www.sukain.be\/secondaire\/notre-offre-d_enseignement\/le-troisieme-degre-general\/general\/"]}]},{"@type":"BreadcrumbList","@id":"https:\/\/www.sukain.be\/secondaire\/notre-offre-d_enseignement\/le-troisieme-degre-general\/general\/#breadcrumb","itemListElement":[{"@type":"ListItem","position":1,"name":"Accueil","item":"https:\/\/www.sukain.be\/secondaire\/"},{"@type":"ListItem","position":2,"name":"Notre offre d&rsquo;enseignement","item":"https:\/\/www.sukain.be\/secondaire\/notre-offre-d_enseignement\/"},{"@type":"ListItem","position":3,"name":"Le troisi\u00e8me degr\u00e9","item":"https:\/\/www.sukain.be\/secondaire\/notre-offre-d_enseignement\/le-troisieme-degre-general\/"},{"@type":"ListItem","position":4,"name":"G\u00e9n\u00e9ral"}]},{"@type":"WebSite","@id":"https:\/\/www.sukain.be\/secondaire\/#website","url":"https:\/\/www.sukain.be\/secondaire\/","name":"\u00c9cole secondaire de la Sainte-Union de Kain (Tournai)","description":"Ton avenir entre tes mains","potentialAction":[{"@type":"SearchAction","target":{"@type":"EntryPoint","urlTemplate":"https:\/\/www.sukain.be\/secondaire\/?s={search_term_string}"},"query-input":"required name=search_term_string"}],"inLanguage":"fr-FR"}]}},"_links":{"self":[{"href":"https:\/\/www.sukain.be\/secondaire\/wp-json\/wp\/v2\/pages\/127"}],"collection":[{"href":"https:\/\/www.sukain.be\/secondaire\/wp-json\/wp\/v2\/pages"}],"about":[{"href":"https:\/\/www.sukain.be\/secondaire\/wp-json\/wp\/v2\/types\/page"}],"author":[{"embeddable":true,"href":"https:\/\/www.sukain.be\/secondaire\/wp-json\/wp\/v2\/users\/3"}],"replies":[{"embeddable":true,"href":"https:\/\/www.sukain.be\/secondaire\/wp-json\/wp\/v2\/comments?post=127"}],"version-history":[{"count":30,"href":"https:\/\/www.sukain.be\/secondaire\/wp-json\/wp\/v2\/pages\/127\/revisions"}],"predecessor-version":[{"id":8619,"href":"https:\/\/www.sukain.be\/secondaire\/wp-json\/wp\/v2\/pages\/127\/revisions\/8619"}],"up":[{"embeddable":true,"href":"https:\/\/www.sukain.be\/secondaire\/wp-json\/wp\/v2\/pages\/33"}],"wp:attachment":[{"href":"https:\/\/www.sukain.be\/secondaire\/wp-json\/wp\/v2\/media?parent=127"}],"wp:term":[{"taxonomy":"folder","embeddable":true,"href":"https:\/\/www.sukain.be\/secondaire\/wp-json\/wp\/v2\/folder?post=127"}],"curies":[{"name":"wp","href":"https:\/\/api.w.org\/{rel}","templated":true}]}}