{"version":"1.0","provider_name":"\u00c9cole secondaire de la Sainte-Union de Kain (Tournai)","provider_url":"https:\/\/www.sukain.be\/secondaire","author_name":"V. Dewasme","author_url":"https:\/\/www.sukain.be\/secondaire\/author\/v-dewasme\/","title":"La pr\u00e9vention contre le d\u00e9crochage scolaire - \u00c9cole secondaire de la Sainte-Union de Kain (Tournai)","type":"rich","width":600,"height":338,"html":"<blockquote class=\"wp-embedded-content\" data-secret=\"Lmh6Umawhe\"><a href=\"https:\/\/www.sukain.be\/secondaire\/vie-a-l-ecole\/le-sas-decoute\/\">La pr\u00e9vention contre le d\u00e9crochage scolaire<\/a><\/blockquote><iframe sandbox=\"allow-scripts\" security=\"restricted\" src=\"https:\/\/www.sukain.be\/secondaire\/vie-a-l-ecole\/le-sas-decoute\/embed\/#?secret=Lmh6Umawhe\" width=\"600\" height=\"338\" title=\"\u00ab\u00a0La pr\u00e9vention contre le d\u00e9crochage scolaire\u00a0\u00bb &#8212; \u00c9cole secondaire de la Sainte-Union de Kain (Tournai)\" data-secret=\"Lmh6Umawhe\" frameborder=\"0\" marginwidth=\"0\" marginheight=\"0\" scrolling=\"no\" class=\"wp-embedded-content\"><\/iframe><script type=\"text\/javascript\">\n\/* <![CDATA[ *\/\n\/*! This file is auto-generated *\/\n!function(d,l){\"use strict\";l.querySelector&&d.addEventListener&&\"undefined\"!=typeof URL&&(d.wp=d.wp||{},d.wp.receiveEmbedMessage||(d.wp.receiveEmbedMessage=function(e){var t=e.data;if((t||t.secret||t.message||t.value)&&!\/[^a-zA-Z0-9]\/.test(t.secret)){for(var s,r,n,a=l.querySelectorAll('iframe[data-secret=\"'+t.secret+'\"]'),o=l.querySelectorAll('blockquote[data-secret=\"'+t.secret+'\"]'),c=new RegExp(\"^https?:$\",\"i\"),i=0;i<o.length;i++)o[i].style.display=\"none\";for(i=0;i<a.length;i++)s=a[i],e.source===s.contentWindow&&(s.removeAttribute(\"style\"),\"height\"===t.message?(1e3<(r=parseInt(t.value,10))?r=1e3:~~r<200&&(r=200),s.height=r):\"link\"===t.message&&(r=new URL(s.getAttribute(\"src\")),n=new URL(t.value),c.test(n.protocol))&&n.host===r.host&&l.activeElement===s&&(d.top.location.href=t.value))}},d.addEventListener(\"message\",d.wp.receiveEmbedMessage,!1),l.addEventListener(\"DOMContentLoaded\",function(){for(var e,t,s=l.querySelectorAll(\"iframe.wp-embedded-content\"),r=0;r<s.length;r++)(t=(e=s[r]).getAttribute(\"data-secret\"))||(t=Math.random().toString(36).substring(2,12),e.src+=\"#?secret=\"+t,e.setAttribute(\"data-secret\",t)),e.contentWindow.postMessage({message:\"ready\",secret:t},\"*\")},!1)))}(window,document);\n\/* ]]> *\/\n<\/script>\n","description":"Ce lieu d\u2019\u00e9coute est mis \u00e0 la disposition de tous les \u00e9l\u00e8ves au sein de l\u2019\u00e9tablissement. L\u2019\u00e9ducateur responsable de ce poste accompagne les jeunes dans les difficult\u00e9s qu\u2019ils peuvent rencontrer qu\u2019elles soient de l\u2019ordre personnel et\/ou scolaire. En effet, durant"}