{"version":"1.0","provider_name":"\u00c9cole secondaire de la Sainte-Union de Kain (Tournai)","provider_url":"https:\/\/www.sukain.be\/secondaire","author_name":"Florence Vandevondele","author_url":"https:\/\/www.sukain.be\/secondaire\/author\/florence\/","title":"Transition Sciences sociales et \u00e9ducatives - 3e et 4e - \u00c9cole secondaire de la Sainte-Union de Kain (Tournai)","type":"rich","width":600,"height":338,"html":"<blockquote class=\"wp-embedded-content\" data-secret=\"ScoRgm4cp3\"><a href=\"https:\/\/www.sukain.be\/secondaire\/transition-sciences-sociales-et-educatives-3e-et-4e\/\">Transition Sciences sociales et \u00e9ducatives &#8211; 3e et 4e<\/a><\/blockquote><iframe sandbox=\"allow-scripts\" security=\"restricted\" src=\"https:\/\/www.sukain.be\/secondaire\/transition-sciences-sociales-et-educatives-3e-et-4e\/embed\/#?secret=ScoRgm4cp3\" width=\"600\" height=\"338\" title=\"\u00ab\u00a0Transition Sciences sociales et \u00e9ducatives &#8211; 3e et 4e\u00a0\u00bb &#8212; \u00c9cole secondaire de la Sainte-Union de Kain (Tournai)\" data-secret=\"ScoRgm4cp3\" frameborder=\"0\" marginwidth=\"0\" marginheight=\"0\" scrolling=\"no\" class=\"wp-embedded-content\"><\/iframe><script type=\"text\/javascript\">\n\/* <![CDATA[ *\/\n\/*! This file is auto-generated *\/\n!function(d,l){\"use strict\";l.querySelector&&d.addEventListener&&\"undefined\"!=typeof URL&&(d.wp=d.wp||{},d.wp.receiveEmbedMessage||(d.wp.receiveEmbedMessage=function(e){var t=e.data;if((t||t.secret||t.message||t.value)&&!\/[^a-zA-Z0-9]\/.test(t.secret)){for(var s,r,n,a=l.querySelectorAll('iframe[data-secret=\"'+t.secret+'\"]'),o=l.querySelectorAll('blockquote[data-secret=\"'+t.secret+'\"]'),c=new RegExp(\"^https?:$\",\"i\"),i=0;i<o.length;i++)o[i].style.display=\"none\";for(i=0;i<a.length;i++)s=a[i],e.source===s.contentWindow&&(s.removeAttribute(\"style\"),\"height\"===t.message?(1e3<(r=parseInt(t.value,10))?r=1e3:~~r<200&&(r=200),s.height=r):\"link\"===t.message&&(r=new URL(s.getAttribute(\"src\")),n=new URL(t.value),c.test(n.protocol))&&n.host===r.host&&l.activeElement===s&&(d.top.location.href=t.value))}},d.addEventListener(\"message\",d.wp.receiveEmbedMessage,!1),l.addEventListener(\"DOMContentLoaded\",function(){for(var e,t,s=l.querySelectorAll(\"iframe.wp-embedded-content\"),r=0;r<s.length;r++)(t=(e=s[r]).getAttribute(\"data-secret\"))||(t=Math.random().toString(36).substring(2,12),e.src+=\"#?secret=\"+t,e.setAttribute(\"data-secret\",t)),e.contentWindow.postMessage({message:\"ready\",secret:t},\"*\")},!1)))}(window,document);\n\/* ]]> *\/\n<\/script>\n","description":"\"Je suis moi-m\u00eame la mati\u00e8re de mon livre.\" - Montaigne Pourquoi les sciences sociales et \u00e9ducatives? L\u2019option s\u2019adresse \u00e0 un public h\u00e9t\u00e9rog\u00e8ne. Elle se veut un lieu de maturation pour toi qui es motiv\u00e9.e ou qui cherches encore ta route","thumbnail_url":"https:\/\/www.sukain.be\/secondaire\/wp-content\/uploads\/2022\/02\/TR-Sc-Soc-et-Ed-4.jpg"}