{"version":"1.0","provider_name":"\u00c9cole secondaire de la Sainte-Union de Kain (Tournai)","provider_url":"https:\/\/www.sukain.be\/secondaire","author_name":"Florence Vandevondele","author_url":"https:\/\/www.sukain.be\/secondaire\/author\/florence\/","title":"Transition option audiovisuel - 5e et 6e - \u00c9cole secondaire de la Sainte-Union de Kain (Tournai)","type":"rich","width":600,"height":338,"html":"<blockquote class=\"wp-embedded-content\" data-secret=\"IS6eQlcinS\"><a href=\"https:\/\/www.sukain.be\/secondaire\/transition-option-audiovisuel-5e-et-6e\/\">Transition option audiovisuel &#8211; 5e et 6e<\/a><\/blockquote><iframe sandbox=\"allow-scripts\" security=\"restricted\" src=\"https:\/\/www.sukain.be\/secondaire\/transition-option-audiovisuel-5e-et-6e\/embed\/#?secret=IS6eQlcinS\" width=\"600\" height=\"338\" title=\"\u00ab\u00a0Transition option audiovisuel &#8211; 5e et 6e\u00a0\u00bb &#8212; \u00c9cole secondaire de la Sainte-Union de Kain (Tournai)\" data-secret=\"IS6eQlcinS\" frameborder=\"0\" marginwidth=\"0\" marginheight=\"0\" scrolling=\"no\" class=\"wp-embedded-content\"><\/iframe><script type=\"text\/javascript\">\n\/* <![CDATA[ *\/\n\/*! This file is auto-generated *\/\n!function(d,l){\"use strict\";l.querySelector&&d.addEventListener&&\"undefined\"!=typeof URL&&(d.wp=d.wp||{},d.wp.receiveEmbedMessage||(d.wp.receiveEmbedMessage=function(e){var t=e.data;if((t||t.secret||t.message||t.value)&&!\/[^a-zA-Z0-9]\/.test(t.secret)){for(var s,r,n,a=l.querySelectorAll('iframe[data-secret=\"'+t.secret+'\"]'),o=l.querySelectorAll('blockquote[data-secret=\"'+t.secret+'\"]'),c=new RegExp(\"^https?:$\",\"i\"),i=0;i<o.length;i++)o[i].style.display=\"none\";for(i=0;i<a.length;i++)s=a[i],e.source===s.contentWindow&&(s.removeAttribute(\"style\"),\"height\"===t.message?(1e3<(r=parseInt(t.value,10))?r=1e3:~~r<200&&(r=200),s.height=r):\"link\"===t.message&&(r=new URL(s.getAttribute(\"src\")),n=new URL(t.value),c.test(n.protocol))&&n.host===r.host&&l.activeElement===s&&(d.top.location.href=t.value))}},d.addEventListener(\"message\",d.wp.receiveEmbedMessage,!1),l.addEventListener(\"DOMContentLoaded\",function(){for(var e,t,s=l.querySelectorAll(\"iframe.wp-embedded-content\"),r=0;r<s.length;r++)(t=(e=s[r]).getAttribute(\"data-secret\"))||(t=Math.random().toString(36).substring(2,12),e.src+=\"#?secret=\"+t,e.setAttribute(\"data-secret\",t)),e.contentWindow.postMessage({message:\"ready\",secret:t},\"*\")},!1)))}(window,document);\n\/* ]]> *\/\n<\/script>\n","description":"Cette formation poursuit un double objectif : l\u2019apprentissage de diff\u00e9rentes techniques de cr\u00e9ation artistiquela ma\u00eetrise des techniques num\u00e9riques.Le d\u00e9veloppement des connaissances artistiques passe par la\u00a0conception et la r\u00e9alisation de diff\u00e9rents travaux.\u00a0Les cr\u00e9ations et productions pourront \u00eatre utilis\u00e9es \u00e0 des fins\u00a0diverses : artistiques, d\u00e9coratives, industrielles, publicitaires et\u00a0commerciales (messages publicitaires, \u00e9dition, affiches, revues, \u2026).","thumbnail_url":"https:\/\/www.sukain.be\/secondaire\/wp-content\/uploads\/2022\/06\/Image12-1.jpg"}